{"id":173,"date":"2019-03-25T18:15:59","date_gmt":"2019-03-25T17:15:59","guid":{"rendered":"https:\/\/www.calvin-thomas.com\/au-pair\/?page_id=173"},"modified":"2020-02-06T17:47:10","modified_gmt":"2020-02-06T16:47:10","slug":"prise-en-charge-complete","status":"publish","type":"page","link":"https:\/\/www.calvin-thomas.com\/au-pair\/informations-pratiques\/prise-en-charge-complete\/","title":{"rendered":"Une prise en charge compl\u00e8te"},"content":{"rendered":"\n<div style=\"height:50px\" aria-hidden=\"true\" class=\"wp-block-spacer\"><\/div>\n\n\n\n<div class=\"wp-block-columns has-2-columns column-centre is-layout-flex wp-container-core-columns-is-layout-1 wp-block-columns-is-layout-flex\">\n<div class=\"wp-block-column is-layout-flow wp-block-column-is-layout-flow\">\n<h2 class=\"wp-block-heading\">Un accompagnement personnalis\u00e9<br><\/h2>\n\n\n\n<p>Calvin-Thomas connait parfaitement les rouages et les composantes des s\u00e9jours Au Pair. De part sa structure \u00e0 taille humaine et compos\u00e9e d\u2019anciens participants, nous vous accompagnons pas \u00e0 pas dans votre projet.<\/p>\n<\/div>\n\n\n\n<div class=\"wp-block-column is-layout-flow wp-block-column-is-layout-flow\">\n<ul class=\"liste-menu\"><li><a href=\"#section1\">L&#8217;accompagnement avant le d\u00e9part<\/a><\/li><li><a href=\"#section2\">Le suivi durant le s\u00e9jour<\/a><\/li><\/ul>\n<\/div>\n<\/div>\n\n\n\n<div style=\"height:50px\" aria-hidden=\"true\" class=\"wp-block-spacer\"><\/div>\n\n\n<section class=\"section-bleuclair\"><\/p>\n\n\n\n<div class=\"wp-block-columns has-2-columns column-centre is-layout-flex wp-container-core-columns-is-layout-2 wp-block-columns-is-layout-flex\">\n<div class=\"wp-block-column is-layout-flow wp-block-column-is-layout-flow\">\n<p class=\"sub-title\"><strong>LE R\u00d4LE DE CHACUN<\/strong><\/p>\n\n\n\n<h3 class=\"wp-block-heading\" id=\"section1\">L&#8217;accompagnement avant le d\u00e9part<br><\/h3>\n<\/div>\n\n\n\n<div class=\"wp-block-column is-layout-flow wp-block-column-is-layout-flow\">\n<p><\/p>\n<\/div>\n<\/div>\n\n\n\n<div class=\"wp-block-columns has-2-columns column-centre centrer-hauteur is-layout-flex wp-container-core-columns-is-layout-3 wp-block-columns-is-layout-flex\">\n<div class=\"wp-block-column is-layout-flow wp-block-column-is-layout-flow\">\n<p><strong>Sp\u00e9cialiste des s\u00e9jours Au pair depuis 30 ans, Calvin-Thomas a commenc\u00e9 son activit\u00e9 avec le programme Au Pair USA en 1989 ! Depuis la cr\u00e9ation du programme nous avons accompagn\u00e9 plus de 7000 jeunes dans leur projet et s\u00e9jour Au Pair !<\/strong><\/p>\n\n\n\n<div style=\"height:30px\" aria-hidden=\"true\" class=\"wp-block-spacer\"><\/div>\n\n\n\n<h4 class=\"wp-block-heading\">S\u00c9LECTION ET  RECHERCHE DE FAMILLE<\/h4>\n\n\n\n<p>Suite \u00e0 un entretien, notre \u00e9quipe d&#8217;experts <strong>vous accompagne tout au long de votre projet<\/strong> et notamment lors de la <strong>constitution de votre dossier de candidature<\/strong>. Ce dossier est compos\u00e9 d\u2019un test d\u2019anglais (et \u00e9ventuellement d\u2019un test de personnalit\u00e9 pour les USA), de lettres de  r\u00e9f\u00e9rence, d&#8217;un dossier m\u00e9dical, d&#8217;un extrait de casier judiciaire, d&#8217;un collage photo, mais aussi souvent d\u2019une vid\u00e9o de pr\u00e9sentation, etc.<\/p>\n\n\n\n<p>Notre partenaire dans le pays d&#8217;accueil r\u00e9alise ensuite les <strong>recherches de familles d&#8217;accueil&nbsp;<\/strong>(ou plut\u00f4t la mise en relation avec des familles). Il fait le n\u00e9cessaire pour concr\u00e9tiser votre placement. <\/p>\n\n\n\n<p><strong>Il s\u2019assure aussi que ces familles remplissent toutes nos exigences au niveau notamment des conditions d\u2019accueil <\/strong>(v\u00e9rification de r\u00e9f\u00e9rences, visite de la maison, etc).<\/p>\n\n\n\n<div style=\"height:40px\" aria-hidden=\"true\" class=\"wp-block-spacer\"><\/div>\n<\/div>\n\n\n\n<div class=\"wp-block-column is-layout-flow wp-block-column-is-layout-flow\">\n<figure class=\"wp-block-image\"><img loading=\"lazy\" decoding=\"async\" width=\"530\" height=\"600\" src=\"https:\/\/www.calvin-thomas.com\/au-pair\/wp-content\/uploads\/\/sites\/6\/recherche-famille.jpg\" alt=\"accompagnement tout au long du projet de partir Au Pair \u00e0 l'\u00e9tranger\" class=\"wp-image-198\" srcset=\"https:\/\/www.calvin-thomas.com\/au-pair\/wp-content\/uploads\/\/sites\/6\/recherche-famille.jpg 530w, https:\/\/www.calvin-thomas.com\/au-pair\/wp-content\/uploads\/\/sites\/6\/recherche-famille-265x300.jpg 265w\" sizes=\"(max-width: 530px) 100vw, 530px\" \/><\/figure>\n<\/div>\n<\/div>\n\n\n\n<p style=\"text-align:center\" class=\"cadre-vert column-centre\"><strong>NOS PARTENAIRES SUR PLACE<\/strong><br><br>Nous avons nou\u00e9 de solides relations avec nos partenaires pr\u00e9sents sur place.<br><br>Pour les \u00c9tats-Unis, nous travaillons avec <strong>un organisme am\u00e9ricain pr\u00e9sentant plus de 30 ann\u00e9es d\u2019exp\u00e9rience<\/strong>. <br><br>En ce qui concerne l&#8217;Australie et la Nouvelle-Z\u00e9lande, nos partenaires sont <strong>sp\u00e9cialis\u00e9s dans la recherche de familles<\/strong> mais aussi dans la <strong>mise en place de cours de langue<\/strong>. Pour les programmes \u201cDemi-Pair\u201d, ils affichent respectivement <strong>5, 17 et 20 ans d&#8217;exp\u00e9rience<\/strong>. <\/p>\n\n\n\n<div style=\"height:30px\" aria-hidden=\"true\" class=\"wp-block-spacer\"><\/div>\n\n\n\n<div class=\"wp-block-columns has-2-columns column-centre centrer-hauteur is-layout-flex wp-container-core-columns-is-layout-4 wp-block-columns-is-layout-flex\">\n<div class=\"wp-block-column is-layout-flow wp-block-column-is-layout-flow\">\n<figure class=\"wp-block-image\"><img loading=\"lazy\" decoding=\"async\" width=\"530\" height=\"500\" src=\"https:\/\/www.calvin-thomas.com\/au-pair\/wp-content\/uploads\/\/sites\/6\/preparation-avant-depart.jpg\" alt=\"la pr\u00e9paration avant un d\u00e9part au pair\" class=\"wp-image-206\" srcset=\"https:\/\/www.calvin-thomas.com\/au-pair\/wp-content\/uploads\/\/sites\/6\/preparation-avant-depart.jpg 530w, https:\/\/www.calvin-thomas.com\/au-pair\/wp-content\/uploads\/\/sites\/6\/preparation-avant-depart-300x283.jpg 300w\" sizes=\"(max-width: 530px) 100vw, 530px\" \/><\/figure>\n<\/div>\n\n\n\n<div class=\"wp-block-column is-layout-flow wp-block-column-is-layout-flow\">\n<h4 class=\"wp-block-heading\">PR\u00c9PARATION AVANT LE D\u00c9PART<\/h4>\n\n\n\n<p>Avant le d\u00e9part, l&#8217;\u00e9quipe de Calvin-Thomas vous informe et vous aide \u00e0 mettre en place votre projet (courriers, conseils, manuel et r\u00e9union de pr\u00e9paration au d\u00e9part, aide \u00e0 l\u2019obtention du visa,  etc.).<\/p>\n\n\n\n<p>Dans le cadre du s\u00e9jour au Pair aux \u00c9tats-Unis, Calvin-Thomas se charge \u00e9galement de la r\u00e9servation des billets d\u2019avion.<\/p>\n<\/div>\n<\/div>\n\n\n\n<div style=\"height:50px\" aria-hidden=\"true\" class=\"wp-block-spacer\"><\/div>\n\n\n<p><\/section>\n\n\n<section class=\"section-gris\"><\/p>\n\n\n\n<div class=\"wp-block-columns has-2-columns column-centre is-layout-flex wp-container-core-columns-is-layout-5 wp-block-columns-is-layout-flex\">\n<div class=\"wp-block-column is-layout-flow wp-block-column-is-layout-flow\">\n<p><\/p>\n<\/div>\n\n\n\n<div class=\"wp-block-column is-layout-flow wp-block-column-is-layout-flow\">\n<p class=\"sub-title\"><strong>PARTEZ L\u2019ESPRIT TRANQUILLE<\/strong><\/p>\n\n\n\n<h3 class=\"wp-block-heading\" id=\"section2\">Le suivi pendant le s\u00e9jour<br><\/h3>\n\n\n\n<p><strong>Faire appel \u00e0 un organisme de placement au pair, c\u2019est la garantie d\u2019avoir un contact sur place et un rep\u00e8re en cas de probl\u00e8me. C\u2019est aussi bien souvent un contact sur lequel compter pour vous conseiller dans vos \u00e9ventuelles d\u00e9marches administratives une fois sur place ou pour rencontrer du monde.<\/strong><\/p>\n\n\n\n<div style=\"height:30px\" aria-hidden=\"true\" class=\"wp-block-spacer\"><\/div>\n<\/div>\n<\/div>\n\n\n\n<div class=\"wp-block-columns has-2-columns column-centre centrer-hauteur is-layout-flex wp-container-core-columns-is-layout-6 wp-block-columns-is-layout-flex\">\n<div class=\"wp-block-column is-layout-flow wp-block-column-is-layout-flow\">\n<figure class=\"wp-block-image\"><img loading=\"lazy\" decoding=\"async\" width=\"530\" height=\"650\" src=\"https:\/\/www.calvin-thomas.com\/au-pair\/wp-content\/uploads\/\/sites\/6\/accompagnement-pendant-sejour.jpg\" alt=\"prise en charge et accompagnement durant tout le programme au pair par un repr\u00e9sentant local\" class=\"wp-image-204\" srcset=\"https:\/\/www.calvin-thomas.com\/au-pair\/wp-content\/uploads\/\/sites\/6\/accompagnement-pendant-sejour.jpg 530w, https:\/\/www.calvin-thomas.com\/au-pair\/wp-content\/uploads\/\/sites\/6\/accompagnement-pendant-sejour-245x300.jpg 245w\" sizes=\"(max-width: 530px) 100vw, 530px\" \/><\/figure>\n<\/div>\n\n\n\n<div class=\"wp-block-column is-layout-flow wp-block-column-is-layout-flow\">\n<h4 class=\"wp-block-heading\"><strong>LE R\u00d4LE DU PARTENAIRE<\/strong><\/h4>\n\n\n\n<p><strong>Notre organisme local partenaire assure votre suivi sur place. Il met en place l&#8217;organisation de votre accueil \u00e0 l&#8217;a\u00e9roport d&#8217;arriv\u00e9e et veille au bon respect des termes du contrat entre vous et la famille d\u2019accueil tout au long de votre s\u00e9jour. <\/strong><\/p>\n\n\n\n<div style=\"height:20px\" aria-hidden=\"true\" class=\"wp-block-spacer\"><\/div>\n\n\n\n<p>Dans la semaine suivant votre arriv\u00e9e sur place, notre partenaire <strong>(par l\u2019interm\u00e9diaire notamment d\u2019un \u201cCounselor\u201d ou repr\u00e9sentant local en fonction du programme) <\/strong>prend contact avec vous afin de s\u2019assurer que tout se d\u00e9roule bien. Cette personne est ensuite susceptible d\u2019<strong>intervenir par la suite<\/strong> sur votre demande ou sur celle de la famille d\u2019accueil,  <strong>en cas de difficult\u00e9s <\/strong>(notamment en ce qui concerne le respect du contrat).<\/p>\n\n\n\n<p>Aux \u00c9tats-Unis, votre \u201cCounselor\u201d peut ponctuellement (et en fonction de la r\u00e9gion de placement) <strong>organiser des \u00e9v\u00e9nements ou des r\u00e9unions \u201cmonthly meeting\u201d.<\/strong> Ces r\u00e9unions de suivi \u00e0 laquelle vous \u00eates tenu de participer vous permettent de <strong>rencontrer d\u2019autres jeunes filles Au Pair<\/strong> (toutes nationalit\u00e9s confondues), de vous <strong>accompagner dans vos diverses d\u00e9marches administratives<\/strong> ou de<strong> r\u00e9pondre \u00e0 vos \u00e9ventuelles questions<\/strong>. Il vous oriente \u00e9galement dans la <strong>mise en place de vos cours<\/strong> ou vous informe des <strong>ressources disponibles <\/strong>dans votre communaut\u00e9.<\/p>\n\n\n\n<p>Dans le cadre des <strong>formules Demi Pair<\/strong>, la personne responsable de votre suivi est  <strong>disponible directement au sein de l\u2019\u00e9cole de langue<\/strong>. Vous ferez sa rencontre lors de votre premier jour de cours.<\/p>\n\n\n\n<div style=\"height:30px\" aria-hidden=\"true\" class=\"wp-block-spacer\"><\/div>\n<\/div>\n<\/div>\n\n\n\n<div class=\"wp-block-columns has-2-columns column-centre centrer-hauteur is-layout-flex wp-container-core-columns-is-layout-7 wp-block-columns-is-layout-flex\">\n<div class=\"wp-block-column is-layout-flow wp-block-column-is-layout-flow\">\n<h4 class=\"wp-block-heading\" id=\"section3\"><strong>UNE PR\u00c9PARATION SUR PLACE<\/strong><\/h4>\n\n\n\n<p><strong>Pour les \u00c9tats-Unis et l&#8217;Australie (formule Au Pair), un stage d\u2019int\u00e9gration \u00e0 l\u2019arriv\u00e9e dans le pays est inclus et offert. C\u2019est le moment cl\u00e9 de votre pr\u00e9paration. <\/strong><\/p>\n\n\n\n<div style=\"height:20px\" aria-hidden=\"true\" class=\"wp-block-spacer\"><\/div>\n\n\n\n<p>Cette formation porte sur la <strong>garde des enfants<\/strong>, sur les r\u00e8gles en mati\u00e8re de <strong>s\u00e9curit\u00e9<\/strong>, sur les gestes basiques relatifs aux <strong>premiers secours<\/strong>.<\/p>\n\n\n\n<p>Des notions majeures portant sur le <strong>d\u00e9veloppement et l\u2019\u00e9quilibre de l\u2019enfant <\/strong>sont \u00e9galement enseign\u00e9es, ainsi que des techniques favorisant des relations heureuses entre les enfants, leurs parents, et vous-m\u00eame. <\/p>\n\n\n\n<p>La formation pr\u00e9voit \u00e9galement de vous <strong>assister dans les d\u00e9marches administratives<\/strong> que vous aurez \u00e0 faire une fois sur place.<\/p>\n\n\n\n<p>Durant ce stage, <strong>vous rencontrez d\u2019autres particpants,<\/strong> vous faites vos premiers pas dans le pays d&#8217;accueil, et <strong>vous vous adaptez en douceur<\/strong> \u00e0 cette nouvelle culture.\u00a0 <\/p>\n\n\n\n<p>En fonction de votre date de d\u00e9part, un stage de pr\u00e9paration optionnel est \u00e9galement possible pour la formule Au Pair en Australie. Le stage de pr\u00e9paration en Australie dure 4 jours et 3 nuits (du mercredi au samedi \u2013 4 sessions pr\u00e9vues par an). Pendant ces 4 jours, les participants sont h\u00e9berg\u00e9s en dortoir au sein d\u2019une\u00a0auberge de jeunesse sur Sydney. Les petits d\u00e9jeuners sont inclus, ainsi que 2 repas (\u00ab\u00a0lunch\u00a0\u00bb et d\u00eener le deuxi\u00e8me jour). Le transfert a\u00e9roport pour vous rendre \u00e0 l\u2019h\u00f4tel est \u00e9galement pr\u00e9vu. Durant ce stage, les participants b\u00e9n\u00e9ficient d\u2019une assistance pour effectuer les d\u00e9marches telles que l\u2019ouverture d\u2019un compte en banque ou l\u2019obtention d\u2019une carte SIM et du WWCC (\u00ab\u00a0Work With Children Check\u00a0\u00bb) ainsi que du certificat de formation aux premiers secours.<\/p>\n\n\n\n<p>Durant le stage, vous avez l&#8217;opportunit\u00e9 de <strong>visiter la ville<\/strong> o\u00f9 se d\u00e9roule ce stage (New-York ou Sydney).<\/p>\n\n\n\n<div style=\"height:30px\" aria-hidden=\"true\" class=\"wp-block-spacer\"><\/div>\n<\/div>\n\n\n\n<div class=\"wp-block-column is-layout-flow wp-block-column-is-layout-flow\">\n<figure class=\"wp-block-image\"><img loading=\"lazy\" decoding=\"async\" width=\"530\" height=\"580\" src=\"https:\/\/www.calvin-thomas.com\/au-pair\/wp-content\/uploads\/\/sites\/6\/stage-integration.jpg\" alt=\"stage d'int\u00e9gration et de formation avant un s\u00e9jour au pir\" class=\"wp-image-202\" srcset=\"https:\/\/www.calvin-thomas.com\/au-pair\/wp-content\/uploads\/\/sites\/6\/stage-integration.jpg 530w, https:\/\/www.calvin-thomas.com\/au-pair\/wp-content\/uploads\/\/sites\/6\/stage-integration-274x300.jpg 274w\" sizes=\"(max-width: 530px) 100vw, 530px\" \/><\/figure>\n<\/div>\n<\/div>\n\n\n<p><\/section>\n\n\n\n<div style=\"height:30px\" aria-hidden=\"true\" class=\"wp-block-spacer\"><\/div>\n","protected":false},"excerpt":{"rendered":"<p>Un accompagnement personnalis\u00e9<\/p>\n<p>Calvin-Thomas connait parfaitement les rouages et les composantes des s\u00e9jours Au Pair. De part sa structure \u00e0 taille humaine et compos\u00e9e d\u2019anciens participants, nous vous accompagnons pas \u00e0 pas dans votre projet.<\/p>\n<ul class=\"liste-menu\">\n<li><a href=\"#section1\">L&#8217;accompagnement avant le d\u00e9part<\/a><\/li>\n<li><a href=\"#section2\">Le suivi durant le s\u00e9jour<\/a><\/li>\n<\/ul>\n<p> <a class=\"btn couleur large\" href=\"https:\/\/www.calvin-thomas.com\/au-pair\/informations-pratiques\/prise-en-charge-complete\/\">EN SAVOIR PLUS <\/a><\/p>\n","protected":false},"author":1,"featured_media":192,"parent":56,"menu_order":0,"comment_status":"closed","ping_status":"closed","template":"","meta":{"_uag_custom_page_level_css":"","wp_popup_display_lightbox":0,"wp_popup_suppress":"","wp_popup_trigger":"","wp_popup_trigger_amount":0,"wp_popup_disable_on_mobile":false},"uagb_featured_image_src":{"full":["https:\/\/www.calvin-thomas.com\/au-pair\/wp-content\/uploads\/\/sites\/6\/entete-prise-charge.jpg",1200,1200,false],"thumbnail":["https:\/\/www.calvin-thomas.com\/au-pair\/wp-content\/uploads\/\/sites\/6\/entete-prise-charge-150x150.jpg",150,150,true],"medium":["https:\/\/www.calvin-thomas.com\/au-pair\/wp-content\/uploads\/\/sites\/6\/entete-prise-charge-300x300.jpg",300,300,true],"medium_large":["https:\/\/www.calvin-thomas.com\/au-pair\/wp-content\/uploads\/\/sites\/6\/entete-prise-charge-768x768.jpg",640,640,true],"large":["https:\/\/www.calvin-thomas.com\/au-pair\/wp-content\/uploads\/\/sites\/6\/entete-prise-charge-1024x1024.jpg",640,640,true],"1536x1536":["https:\/\/www.calvin-thomas.com\/au-pair\/wp-content\/uploads\/\/sites\/6\/entete-prise-charge.jpg",1200,1200,false],"2048x2048":["https:\/\/www.calvin-thomas.com\/au-pair\/wp-content\/uploads\/\/sites\/6\/entete-prise-charge.jpg",1200,1200,false]},"uagb_author_info":{"display_name":"redac-calvinthomas","author_link":"https:\/\/www.calvin-thomas.com\/au-pair\/author\/redac-calvinthomas\/"},"uagb_comment_info":0,"uagb_excerpt":"Un accompagnement personnalis\u00e9 Calvin-Thomas connait parfaitement les rouages et les composantes des s\u00e9jours Au Pair. De part sa structure \u00e0 taille humaine et compos\u00e9e d\u2019anciens participants, nous vous accompagnons pas \u00e0 pas dans votre projet. L&#8217;accompagnement avant le d\u00e9partLe suivi durant le s\u00e9jour EN SAVOIR PLUS","_links":{"self":[{"href":"https:\/\/www.calvin-thomas.com\/au-pair\/wp-json\/wp\/v2\/pages\/173"}],"collection":[{"href":"https:\/\/www.calvin-thomas.com\/au-pair\/wp-json\/wp\/v2\/pages"}],"about":[{"href":"https:\/\/www.calvin-thomas.com\/au-pair\/wp-json\/wp\/v2\/types\/page"}],"author":[{"embeddable":true,"href":"https:\/\/www.calvin-thomas.com\/au-pair\/wp-json\/wp\/v2\/users\/1"}],"replies":[{"embeddable":true,"href":"https:\/\/www.calvin-thomas.com\/au-pair\/wp-json\/wp\/v2\/comments?post=173"}],"version-history":[{"count":0,"href":"https:\/\/www.calvin-thomas.com\/au-pair\/wp-json\/wp\/v2\/pages\/173\/revisions"}],"up":[{"embeddable":true,"href":"https:\/\/www.calvin-thomas.com\/au-pair\/wp-json\/wp\/v2\/pages\/56"}],"wp:featuredmedia":[{"embeddable":true,"href":"https:\/\/www.calvin-thomas.com\/au-pair\/wp-json\/wp\/v2\/media\/192"}],"wp:attachment":[{"href":"https:\/\/www.calvin-thomas.com\/au-pair\/wp-json\/wp\/v2\/media?parent=173"}],"curies":[{"name":"wp","href":"https:\/\/api.w.org\/{rel}","templated":true}]}}