{"id":65,"date":"2019-03-20T19:56:38","date_gmt":"2019-03-20T18:56:38","guid":{"rendered":"https:\/\/www.calvin-thomas.com\/au-pair\/?page_id=65"},"modified":"2025-10-13T09:09:20","modified_gmt":"2025-10-13T07:09:20","slug":"contacts-reunions-conseillers-au-pair","status":"publish","type":"page","link":"https:\/\/www.calvin-thomas.com\/au-pair\/informations-pratiques\/contacts-reunions-conseillers-au-pair\/","title":{"rendered":"Contactez-nous et rencontrons-nous"},"content":{"rendered":"\n<div style=\"height:50px\" aria-hidden=\"true\" class=\"wp-block-spacer\"><\/div>\n\n\n\n<div class=\"wp-block-columns has-2-columns column-centre is-layout-flex wp-container-core-columns-is-layout-1 wp-block-columns-is-layout-flex\">\n<div class=\"wp-block-column is-layout-flow wp-block-column-is-layout-flow\">\n<h2 class=\"wp-block-heading\">Des questions ?<\/h2>\n\n\n\n<p>Nos \u00e9quipes se tiennent \u00e0 votre disposition et sont \u00e0 votre \u00e9coute pour vous accompagner au mieux dans votre projet, aussi bien par t\u00e9l\u00e9phone, email qu&#8217;\u00e0 l\u2019occasion d\u2019une rencontre en r\u00e9gion. N\u2019h\u00e9sitez pas \u00e0 nous solliciter !<br><\/p>\n<\/div>\n\n\n\n<div class=\"wp-block-column is-layout-flow wp-block-column-is-layout-flow\">\n<ul class=\"liste-menu\">\n<li><a href=\"#section1\">Contacter le bureau national \u201cAu Pair\u201d Calvin-Thomas<\/a><\/li>\n\n\n\n<li><a href=\"#section2\">Contacter un conseiller pr\u00e8s de chez vous en France<\/a><\/li>\n\n\n\n<li><a href=\"#section3\">Participer \u00e0 une r\u00e9union d&#8217;information<\/a><\/li>\n<\/ul>\n<\/div>\n<\/div>\n\n\n\n<div style=\"height:50px\" aria-hidden=\"true\" class=\"wp-block-spacer\"><\/div>\n\n\n<section class=\"section-bleuclair\"><\/p>\n\n\n\n<div class=\"wp-block-columns has-2-columns column-centre is-layout-flex wp-container-core-columns-is-layout-2 wp-block-columns-is-layout-flex\">\n<div class=\"wp-block-column is-layout-flow wp-block-column-is-layout-flow\">\n<p class=\"sub-title\"><strong>Calvin-Thomas<\/strong><\/p>\n\n\n\n<h3 class=\"wp-block-heading\" id=\"section1\">Contacter le bureau national \u201cAu Pair\u201d Calvin-Thomas<br><\/h3>\n\n\n\n<p><strong>Claire, responsable du programme Au Pair, est \u00e0 votre disposition au :<\/strong><\/p>\n\n\n\n<p>T\u00e9l\u00e9phone : 04 42 91 31 01<br>Mail : claire(at)calvin-thomas.com<br><\/p>\n<\/div>\n\n\n\n<div class=\"wp-block-column is-layout-flow wp-block-column-is-layout-flow\">\n<p><\/p>\n<\/div>\n<\/div>\n\n\n\n<div style=\"height:50px\" aria-hidden=\"true\" class=\"wp-block-spacer\"><\/div>\n\n\n<p><\/section>\n\n\n<section class=\"section-gris\"><\/p>\n\n\n\n<div class=\"wp-block-columns has-2-columns column-centre is-layout-flex wp-container-core-columns-is-layout-3 wp-block-columns-is-layout-flex\">\n<div class=\"wp-block-column is-layout-flow wp-block-column-is-layout-flow\"><div class=\"wp-block-image\">\n<figure class=\"aligncenter\"><img loading=\"lazy\" decoding=\"async\" width=\"719\" height=\"539\" src=\"https:\/\/www.calvin-thomas.com\/au-pair\/wp-content\/uploads\/\/sites\/6\/calvin-thomas-france.jpg\" alt=\"contacts du r\u00e9seau des conseillers r\u00e9gionaux Au Pair en France\" class=\"wp-image-2032\" srcset=\"https:\/\/www.calvin-thomas.com\/au-pair\/wp-content\/uploads\/\/sites\/6\/calvin-thomas-france.jpg 719w, https:\/\/www.calvin-thomas.com\/au-pair\/wp-content\/uploads\/\/sites\/6\/calvin-thomas-france-300x225.jpg 300w\" sizes=\"(max-width: 719px) 100vw, 719px\" \/><\/figure><\/div><\/div>\n\n\n\n<div class=\"wp-block-column is-layout-flow wp-block-column-is-layout-flow\">\n<p class=\"sub-title\"><strong>R\u00e9seau Calvin-Thomas France<\/strong><\/p>\n\n\n\n<h3 class=\"wp-block-heading\" id=\"section2\">Contacter un conseiller pr\u00e8s de chez vous<br><\/h3>\n\n\n\n<p><strong>Vous trouverez, ci-dessous, la liste des conseillers au pair. N&#8217;h\u00e9sitez pas \u00e0 les contacter si vous n&#8217;avez pas trouv\u00e9 les r\u00e9ponses \u00e0 vos questions notamment si vous souhaitez des informations compl\u00e9mentaires sur le programme Au Pair.<\/strong><\/p>\n<\/div>\n<\/div>\n\n\n\n<div class=\"wp-block-columns has-2-columns column-centre is-layout-flex wp-container-core-columns-is-layout-4 wp-block-columns-is-layout-flex\">\n<div class=\"wp-block-column is-layout-flow wp-block-column-is-layout-flow\">\n<h4 class=\"wp-block-heading\"><strong>R\u00c9GION PAYS DE LA LOIRE<\/strong><\/h4>\n\n\n\n<p><strong>Lisa K.<\/strong> <br>T\u00e9l\u00e9phone : 06 17 50 77 49    <br>Mail : <a rel=\"noreferrer noopener\" href=\"mailto:lisa.calvin.thomas@gmail.com\" target=\"_blank\">lisa.calvin.thomas(at)gmail.com<\/a><\/p>\n\n\n\n<h4 class=\"wp-block-heading\"><strong>R\u00c9GION OUEST<\/strong><\/h4>\n\n\n\n<p><strong>Youenn F.<\/strong> <br>T\u00e9l\u00e9phone : 07 82 35 55 52    <br>Mail : <a rel=\"noreferrer noopener\" href=\"mailto:youenn.calvin.thomas@gmail.com\" target=\"_blank\">youenn.calvin.thomas(at)gmail.com<\/a><\/p>\n\n\n\n<p><strong>Anne-Sophie M.<\/strong><br>T\u00e9l\u00e9phone : 07 82 51 17 67<br>Mail : <a href=\"mailto:annesophie.calvinthomas@gmail.com\" target=\"_blank\" rel=\"noreferrer noopener\">annesophie.calvinthomas(at)gmail.com<\/a><\/p>\n\n\n\n<h4 class=\"wp-block-heading\"><strong>TOULOUSE &amp; MIDI-PYR\u00c9N\u00c9ES\ufeff<\/strong><\/h4>\n\n\n\n<p><strong>Milane P.<\/strong> <br>T\u00e9l\u00e9phone : 06 80 17 33 55  <br>Mail : <a rel=\"noreferrer noopener\" href=\"mailto:milane-philbert@hotmail.fr\" target=\"_blank\">milane-philbert(at)hotmail.fr<\/a><\/p>\n<\/div>\n\n\n\n<div class=\"wp-block-column is-layout-flow wp-block-column-is-layout-flow\">\n<h4 class=\"wp-block-heading\"><strong>LILLE &amp; R\u00c9GION NORD<\/strong> <\/h4>\n\n\n\n<p><strong>Camille V.<\/strong> <br>T\u00e9l\u00e9phone : 06 09 26 34 69 <br>Mail : <a href=\"mailto:camille.vandeville@gmail.com\" target=\"_blank\" rel=\"noopener\">camille.vandeville(at)mail.com<\/a><\/p>\n\n\n\n<h4 class=\"wp-block-heading\"><strong>LYON, VALENCE, GRENOBLE &amp; AUVERGNE-RH\u00d4NE-ALPES<\/strong><\/h4>\n\n\n\n<p><strong>Clotilde C.<\/strong><br>T\u00e9l\u00e9phone : 07 81 30 22 53 <br>Mail : <a rel=\"noopener\" href=\"mailto:clotilde.caillon@gmail.com\" target=\"_blank\">clotilde.caillon(at)gmail.com<\/a><\/p>\n\n\n\n<p><strong>Julie T.<\/strong><br>T\u00e9l\u00e9phone : 06 26 97 73 83 <br>Mail : <a rel=\"noopener\" href=\"mailto:julietillard.calvinthomas@gmail.com\" target=\"_blank\">julietillard.calvinthomas(at)gmail.com<\/a><\/p>\n<\/div>\n<\/div>\n\n\n<p><\/section>\n\n\n<section class=\"section-beige\"><\/p>\n\n\n\n<div class=\"wp-block-columns has-2-columns column-centre is-layout-flex wp-container-core-columns-is-layout-5 wp-block-columns-is-layout-flex\">\n<div class=\"wp-block-column is-layout-flow wp-block-column-is-layout-flow\">\n<p class=\"sub-title\"><strong>\u00c9V\u00c9NEMENTS<\/strong><\/p>\n\n\n\n<h3 class=\"wp-block-heading\" id=\"section3\">Participer \u00e0 une r\u00e9union d&#8217;information<br><\/h3>\n\n\n\n<p><strong>Les r\u00e9unions d&#8217;information des programmes \u201cAu Pair\u201d nous donnent la possibilit\u00e9 de vous pr\u00e9senter les s\u00e9jours de mani\u00e8re plus d\u00e9taill\u00e9e et plus personnelle.<br>Ces r\u00e9unions permettent de compl\u00e9ter l&#8217;information d\u00e9livr\u00e9e dans notre brochure et sur notre site internet. Calvin-Thomas est pr\u00e9sent \u00e9galement, de fa\u00e7on r\u00e9guli\u00e8re, sur des salons nationaux ou r\u00e9gionaux. <\/strong><\/p>\n<\/div>\n\n\n\n<div class=\"wp-block-column is-layout-flow wp-block-column-is-layout-flow\"><div class=\"wp-block-image\">\n<figure class=\"aligncenter\"><img loading=\"lazy\" decoding=\"async\" width=\"900\" height=\"600\" src=\"https:\/\/www.calvin-thomas.com\/au-pair\/wp-content\/uploads\/\/sites\/6\/reunion-information-au-pair.jpg\" alt=\"r\u00e9union d'information sur le programme Fille Au Pair \u00e0 l'\u00e9tranger\" class=\"wp-image-81\" srcset=\"https:\/\/www.calvin-thomas.com\/au-pair\/wp-content\/uploads\/\/sites\/6\/reunion-information-au-pair.jpg 900w, https:\/\/www.calvin-thomas.com\/au-pair\/wp-content\/uploads\/\/sites\/6\/reunion-information-au-pair-300x200.jpg 300w, https:\/\/www.calvin-thomas.com\/au-pair\/wp-content\/uploads\/\/sites\/6\/reunion-information-au-pair-768x512.jpg 768w\" sizes=\"(max-width: 900px) 100vw, 900px\" \/><\/figure><\/div><\/div>\n<\/div>\n\n\n\n<div class=\"wp-block-columns has-2-columns column-centre is-layout-flex wp-container-core-columns-is-layout-6 wp-block-columns-is-layout-flex\">\n<div class=\"wp-block-column is-layout-flow wp-block-column-is-layout-flow\">\n<h4 class=\"wp-block-heading\" id=\"mce_125\">Les r\u00e9unions d&#8217;information en visioconf\u00e9rence (sur Zoom)<\/h4>\n<\/div>\n\n\n\n<div class=\"wp-block-column is-layout-flow wp-block-column-is-layout-flow\">\n<p><\/p>\n<\/div>\n<\/div>\n\n\n\n<div class=\"wp-block-columns has-2-columns column-centre is-layout-flex wp-container-core-columns-is-layout-7 wp-block-columns-is-layout-flex\">\n<div class=\"wp-block-column is-layout-flow wp-block-column-is-layout-flow\">\n<h5 class=\"wp-block-heading cadre-blanc\">Webinaire de pr\u00e9sentation <br>\u201cLes s\u00e9jours au pair Australie et \u00c9tats-Unis\u201d<br>tous les mercredis, \u00e0 13h<\/h5>\n\n\n\n<p class=\"cadre-blanc\">&gt; <a href=\"https:\/\/us06web.zoom.us\/meeting\/register\/blpQRo1nS0-3DXTMzdpP_w\" target=\"_blank\" rel=\"noreferrer noopener\">Inscrivez-vous ici !<\/a><\/p>\n\n\n\n<div style=\"height:20px\" aria-hidden=\"true\" class=\"wp-block-spacer\"><\/div>\n<\/div>\n\n\n\n<div class=\"wp-block-column is-layout-flow wp-block-column-is-layout-flow\"><\/div>\n<\/div>\n\n\n\n<div style=\"height:80px\" aria-hidden=\"true\" class=\"wp-block-spacer\"><\/div>\n\n\n\n<p class=\"has-text-align-center column-centre cadre-marron\"><strong>\u00c0 NOTER :<\/strong><br>Pour des questions d&#8217;organisation, vous devez imp\u00e9rativement annoncer votre pr\u00e9sence aux r\u00e9unions Calvin-Thomas. Nous vous confirmerons alors l\u2019adresse du lieu de r\u00e9union.<\/p>\n\n\n\n<p class=\"has-text-align-center column-centre cadre-marron\"><strong>Contact &amp; inscriptions : <\/strong><br><strong>R\u00e9unions \u00e0 Paris &amp; Aix-en-Provence :<\/strong> Claire au 04 42 91 31 01<br><\/p>\n\n\n\n<div style=\"height:100px\" aria-hidden=\"true\" class=\"wp-block-spacer\"><\/div>\n\n\n\n<div class=\"wp-block-columns has-2-columns column-centre is-layout-flex wp-container-core-columns-is-layout-8 wp-block-columns-is-layout-flex\">\n<div class=\"wp-block-column is-layout-flow wp-block-column-is-layout-flow\">\n<h4 class=\"wp-block-heading\" id=\"mce_125\">Les salons nationaux et r\u00e9gionaux<\/h4>\n\n\n\n<h5 class=\"wp-block-heading cadre-blanc\">Samedi 17 f\u00e9vrier 2024<br><\/h5>\n\n\n\n<p class=\"cadre-blanc\">Salon de Vannes (56)<br><\/p>\n<\/div>\n\n\n\n<div class=\"wp-block-column is-layout-flow wp-block-column-is-layout-flow\">\n<div style=\"height:50px\" aria-hidden=\"true\" class=\"wp-block-spacer\"><\/div>\n<\/div>\n<\/div>\n\n\n<p><\/section>\n\n\n\n<div style=\"height:50px\" aria-hidden=\"true\" class=\"wp-block-spacer\"><\/div>\n","protected":false},"excerpt":{"rendered":"<p>Des questions ?<\/p>\n<p>Nos \u00e9quipes se tiennent \u00e0 votre disposition et sont \u00e0 votre \u00e9coute pour vous accompagner au mieux dans votre projet, aussi bien par t\u00e9l\u00e9phone, email qu&#8217;\u00e0 l\u2019occasion d\u2019une rencontre en r\u00e9gion. N\u2019h\u00e9sitez pas \u00e0 nous solliciter !<\/p>\n<ul class=\"liste-menu\">\n<li><a href=\"#section1\">Contacter le bureau national \u201cAu Pair\u201d Calvin-Thomas<\/a><\/li>\n<li><a href=\"#section2\">Contacter un conseiller pr\u00e8s de chez vous en France<\/a><\/li>\n<li><a href=\"#section3\">Participer \u00e0 une r\u00e9union d&#8217;information<\/a><\/li>\n<\/ul>\n<p> <a class=\"btn couleur large\" href=\"https:\/\/www.calvin-thomas.com\/au-pair\/informations-pratiques\/contacts-reunions-conseillers-au-pair\/\">EN SAVOIR PLUS <\/a><\/p>\n","protected":false},"author":1,"featured_media":83,"parent":56,"menu_order":0,"comment_status":"closed","ping_status":"closed","template":"","meta":{"_uag_custom_page_level_css":"","wp_popup_display_lightbox":0,"wp_popup_suppress":"","wp_popup_trigger":"","wp_popup_trigger_amount":0,"wp_popup_disable_on_mobile":false},"uagb_featured_image_src":{"full":["https:\/\/www.calvin-thomas.com\/au-pair\/wp-content\/uploads\/\/sites\/6\/entete-contact.jpg",1200,1200,false],"thumbnail":["https:\/\/www.calvin-thomas.com\/au-pair\/wp-content\/uploads\/\/sites\/6\/entete-contact-150x150.jpg",150,150,true],"medium":["https:\/\/www.calvin-thomas.com\/au-pair\/wp-content\/uploads\/\/sites\/6\/entete-contact-300x300.jpg",300,300,true],"medium_large":["https:\/\/www.calvin-thomas.com\/au-pair\/wp-content\/uploads\/\/sites\/6\/entete-contact-768x768.jpg",640,640,true],"large":["https:\/\/www.calvin-thomas.com\/au-pair\/wp-content\/uploads\/\/sites\/6\/entete-contact-1024x1024.jpg",640,640,true],"1536x1536":["https:\/\/www.calvin-thomas.com\/au-pair\/wp-content\/uploads\/\/sites\/6\/entete-contact.jpg",1200,1200,false],"2048x2048":["https:\/\/www.calvin-thomas.com\/au-pair\/wp-content\/uploads\/\/sites\/6\/entete-contact.jpg",1200,1200,false]},"uagb_author_info":{"display_name":"redac-calvinthomas","author_link":"https:\/\/www.calvin-thomas.com\/au-pair\/author\/redac-calvinthomas\/"},"uagb_comment_info":0,"uagb_excerpt":"Des questions ? Nos \u00e9quipes se tiennent \u00e0 votre disposition et sont \u00e0 votre \u00e9coute pour vous accompagner au mieux dans votre projet, aussi bien par t\u00e9l\u00e9phone, email qu&#8217;\u00e0 l\u2019occasion d\u2019une rencontre en r\u00e9gion. N\u2019h\u00e9sitez pas \u00e0 nous solliciter ! Contacter le bureau national \u201cAu Pair\u201d Calvin-Thomas Contacter un conseiller pr\u00e8s de chez vous en\u2026","_links":{"self":[{"href":"https:\/\/www.calvin-thomas.com\/au-pair\/wp-json\/wp\/v2\/pages\/65"}],"collection":[{"href":"https:\/\/www.calvin-thomas.com\/au-pair\/wp-json\/wp\/v2\/pages"}],"about":[{"href":"https:\/\/www.calvin-thomas.com\/au-pair\/wp-json\/wp\/v2\/types\/page"}],"author":[{"embeddable":true,"href":"https:\/\/www.calvin-thomas.com\/au-pair\/wp-json\/wp\/v2\/users\/1"}],"replies":[{"embeddable":true,"href":"https:\/\/www.calvin-thomas.com\/au-pair\/wp-json\/wp\/v2\/comments?post=65"}],"version-history":[{"count":3,"href":"https:\/\/www.calvin-thomas.com\/au-pair\/wp-json\/wp\/v2\/pages\/65\/revisions"}],"predecessor-version":[{"id":2191,"href":"https:\/\/www.calvin-thomas.com\/au-pair\/wp-json\/wp\/v2\/pages\/65\/revisions\/2191"}],"up":[{"embeddable":true,"href":"https:\/\/www.calvin-thomas.com\/au-pair\/wp-json\/wp\/v2\/pages\/56"}],"wp:featuredmedia":[{"embeddable":true,"href":"https:\/\/www.calvin-thomas.com\/au-pair\/wp-json\/wp\/v2\/media\/83"}],"wp:attachment":[{"href":"https:\/\/www.calvin-thomas.com\/au-pair\/wp-json\/wp\/v2\/media?parent=65"}],"curies":[{"name":"wp","href":"https:\/\/api.w.org\/{rel}","templated":true}]}}