{"id":3053,"date":"2024-07-04T15:03:04","date_gmt":"2024-07-04T13:03:04","guid":{"rendered":"https:\/\/www.calvin-thomas.com\/highschool\/?page_id=3053"},"modified":"2026-09-04T14:55:34","modified_gmt":"2026-09-04T12:55:34","slug":"etats-unis-classique-bachelier","status":"publish","type":"page","link":"https:\/\/www.calvin-thomas.com\/highschool\/etats-unis-classique-bachelier\/","title":{"rendered":"\u00c9tats-Unis"},"content":{"rendered":"\n<div class=\"wp-block-columns has-7-columns column_container barre-icones is-layout-flex wp-container-core-columns-is-layout-1 wp-block-columns-is-layout-flex\">\n<div class=\"wp-block-column is-layout-flow wp-block-column-is-layout-flow\">\n<p class=\"has-text-align-center age\">17-18 \u00bd ANS<\/p>\n<\/div>\n\n\n\n<div class=\"wp-block-column is-layout-flow wp-block-column-is-layout-flow\">\n<p class=\"has-text-align-center duree\">SEMESTRE\/ ANN\u00c9E SCOLAIRE<\/p>\n<\/div>\n\n\n\n<div class=\"wp-block-column is-layout-flow wp-block-column-is-layout-flow\">\n<p class=\"has-text-align-center hebergement\">FAMILLE B\u00c9N\u00c9VOLE<\/p>\n<\/div>\n\n\n\n<div class=\"wp-block-column is-layout-flow wp-block-column-is-layout-flow\">\n<p class=\"has-text-align-center ecole\">\u00c9COLE CLASSIQUE<br><\/p>\n<\/div>\n\n\n\n<div class=\"wp-block-column is-layout-flow wp-block-column-is-layout-flow\">\n<p class=\"has-text-align-center depart\">AO\u00dbT \/ SEPTEMBRE<\/p>\n<\/div>\n\n\n\n<div class=\"wp-block-column is-layout-flow wp-block-column-is-layout-flow\">\n<p class=\"has-text-align-center vol\">VOL INCLUS (AU D\u00c9PART DE PARIS)<br><\/p>\n<\/div>\n\n\n\n<div class=\"wp-block-column prix is-layout-flow wp-block-column-is-layout-flow\">\n<p class=\"tarifs\">\u00c0 PARTIR DE<strong> <\/strong><br><strong>13 700 \u20ac<\/strong><\/p>\n\n\n\n<!--more-->\n<\/div>\n<\/div>\n\n\n\n<div class=\"wp-block-columns has-2-columns column_container column-centre is-layout-flex wp-container-core-columns-is-layout-2 wp-block-columns-is-layout-flex\">\n<div class=\"wp-block-column is-layout-flow wp-block-column-is-layout-flow\" style=\"flex-basis:60%\">\n<figure class=\"wp-block-image img-direction\"><img decoding=\"async\" src=\"https:\/\/www.calvin-thomas.com\/highschool\/wp-content\/uploads\/sites\/4\/carte-highschool-usa_01.png\" alt=\"Direction \u00c9tats-Unis\" class=\"wp-image-119\"\/><\/figure>\n\n\n\n<figure class=\"wp-block-image img-direction\"><img decoding=\"async\" src=\"https:\/\/www.calvin-thomas.com\/highschool\/wp-content\/uploads\/sites\/4\/carte-highschool-usa_02.png\" alt=\"S\u00e9jour scolaire aux USA\" class=\"wp-image-120\"\/><\/figure>\n\n\n\n<p class=\"intro\"><strong>Ce s\u00e9jour scolaire aux USA en immersion totale s&#8217;\u00e9tend soit sur toute une ann\u00e9e scolaire ou un semestre scolaire. Il a des implications positives sur le court, le moyen et long terme. Il motive les adolescents, les structure et les transforme en adultes. Il les pr\u00e9pare de la meilleure des fa\u00e7ons \u00e0 l&#8217;avenir, tant au niveau personnel que professionnel : ma\u00eetrise parfaite de l&#8217;anglais, ind\u00e9pendance, gestion des difficult\u00e9s, meilleure appr\u00e9hension de soi-m\u00eame et de l\u2019autre&#8230;<\/strong><\/p>\n\n\n\n<h2 class=\"wp-block-heading\">Partager la vie d&#8217;une famille am\u00e9ricaine au quotidien<br><\/h2>\n\n\n\n<p>Pays qui fait tourner les t\u00eates, les USA sont une r\u00e9f\u00e9rence en mati\u00e8re de niveau de vie et de p\u00e9dagogie. L&#8217;ensemble de la communaut\u00e9 se mobilise g\u00e9n\u00e9ralement pour que l\u2019\u00e9tudiant tire un maximum de profit de son exp\u00e9rience sur place. Ce s\u00e9jour est l&#8217;occasion de d\u00e9couvrir par soi-m\u00eame ce g\u00e9ant, sa langue, ses traditions, sa culture&#8230;<\/p>\n\n\n\n<p>Les familles sont s\u00e9lectionn\u00e9es avant tout sur leur motivation et leur capacit\u00e9 \u00e0 accueillir un jeune \u00e9tranger. Elles sont pr\u00e9par\u00e9es et inform\u00e9es sur les exigences de l&#8217;accueil. Le placement peut se faire sur tout le territoire am\u00e9ricain. <br><\/p>\n\n\n\n<p>L&#8217;anglais est la langue officielle, mais certaines r\u00e9gions sont tr\u00e8s influenc\u00e9es par l&#8217;espagnol \u00e9galement. La religion, la vie communautaire et le b\u00e9n\u00e9volat sont des piliers de la vie quotidienne de ces familles.<\/p>\n\n\n\n<h2 class=\"wp-block-heading\">La \u201cHigh School\u201d am\u00e9ricaine<br><\/h2>\n\n\n\n<p>Le placement scolaire se fait dans des \u00e9coles publiques non payantes. Le participant vit donc jusqu&#8217;\u00e0 10 mois comme un lyc\u00e9en du pays d&#8217;accueil. Il p\u00e9n\u00e8tre au c\u0153ur de la vie et de la culture am\u00e9ricaine.<\/p>\n\n\n\n<p>La \u201cHigh School\u201d am\u00e9ricaine est l&#8217;\u00e9quivalent de notre lyc\u00e9e en France, \u00e0 la diff\u00e9rence pr\u00e8s que le cursus aux USA dure 4 ann\u00e9es.<\/p>\n\n\n\n<p>\u00c0 votre retour, vous reprenez le rythme scolaire fran\u00e7ais.<\/p>\n\n\n\n<h2 class=\"wp-block-heading\">L&#8217;option \u201cChoix de la r\u00e9gion ou de l&#8217;\u00c9tat\u201d<\/h2>\n\n\n\n<p>Une option \u201cChoix de la r\u00e9gion ou de l&#8217;\u00c9tat\u201d est possible pour des s\u00e9jours sur un semestre ou une ann\u00e9e.  Cette option permet au participant d&#8217;\u00e9mettre des pr\u00e9f\u00e9rences quant \u00e0 sa destination aux \u00c9tats-Unis (\u201cgrande r\u00e9gion am\u00e9ricaine\u201d ou 3 \u00c9tats am\u00e9ricains par ordre de pr\u00e9f\u00e9rence).<\/p>\n\n\n\n<p><a class=\"btn couleur large\" href=\"https:\/\/www.calvin-thomas.com\/highschool\/sejour-scolaire\/etats-unis-choix-region-etat\/?preview=true&amp;_thumbnail_id=1738\">Notre s\u00e9jour \u201cChoix de la R\u00e9gion ou de l&#8217;\u00c9tat\u201d<\/a><\/p>\n\n\n\n<div style=\"height:30px\" aria-hidden=\"true\" class=\"wp-block-spacer\"><\/div>\n\n\n\n<div class=\"wp-block-group padding30 has-background\" style=\"background-color:#e6e6dfb0\"><div class=\"wp-block-group__inner-container is-layout-constrained wp-block-group-is-layout-constrained\">\n<p style=\"font-size:12px\">Chaque \u00e9tablissement poss\u00e8de son propre fonctionnement, ses r\u00e8gles et ses possibilit\u00e9s d\u2019accueil. Notre partenaire local et les \u00e9quipes des lyc\u00e9es font leur maximum pour proposer \u00e0 chaque jeune <strong>un environnement scolaire adapt\u00e9, bienveillant et propice \u00e0 une belle exp\u00e9rience<\/strong>, tout en tenant compte de sa situation personnelle et de son parcours scolaire.<\/p>\n\n\n\n<p style=\"font-size:12px\">Certaines possibilit\u00e9s ne peuvent toutefois pas \u00eatre garanties \u00e0 l\u2019avance. C\u2019est notamment le cas de <strong>la participation \u00e0 la c\u00e9r\u00e9monie de remise des dipl\u00f4mes (graduation)<\/strong> ou de <strong>la pratique d\u2019un sport au sein du lyc\u00e9e<\/strong>, qui d\u00e9pendent des r\u00e8gles et des places disponibles dans chaque \u00e9tablissement.<\/p>\n\n\n\n<p style=\"font-size:12px\">De la m\u00eame mani\u00e8re, il peut arriver qu\u2019un \u00e9l\u00e8ve soit <strong>int\u00e9gr\u00e9 dans une classe correspondant \u00e0 un niveau scolaire inf\u00e9rieur<\/strong> \u00e0 celui qu\u2019il suivait en France. Cette d\u00e9cision rel\u00e8ve de la politique de l\u2019\u00e9tablissement et vise avant tout \u00e0 permettre une int\u00e9gration harmonieuse dans le syst\u00e8me scolaire local.<\/p>\n\n\n\n<p style=\"font-size:12px\">Ces sp\u00e9cificit\u00e9s peuvent donc parfois r\u00e9duire les possibilit\u00e9s de placement et n\u00e9cessiter <strong>une certaine souplesse de la part des familles et des \u00e9l\u00e8ves<\/strong>. Elles font partie des r\u00e9alit\u00e9s li\u00e9es \u00e0 l\u2019organisation des s\u00e9jours et aux contraintes propres aux \u00e9tablissements partenaires.<\/p>\n\n\n\n<p style=\"font-size:12px\">Notre objectif reste avant tout de <strong>trouver pour chaque jeune la solution la plus adapt\u00e9e<\/strong>, en privil\u00e9giant un placement de qualit\u00e9, un cadre familial accueillant et une exp\u00e9rience scolaire et culturelle aussi enrichissante que possible.<\/p>\n<\/div><\/div>\n\n\n\n<div style=\"height:50px\" aria-hidden=\"true\" class=\"wp-block-spacer\"><\/div>\n<\/div>\n\n\n\n<div class=\"wp-block-column is-layout-flow wp-block-column-is-layout-flow\" style=\"flex-basis:40%\"><section class=\"bloc-atouts\"><\/p>\n\n\n\n<h3 class=\"wp-block-heading\"><strong>Les points forts<\/strong> de ce s\u00e9jour scolaire aux USA<br><\/h3>\n\n\n\n<ol>\n<li><strong>Un accueil 100% b\u00e9n\u00e9vole<\/strong><\/li>\n\n\n\n<li><strong>La possibilit\u00e9 de commencer son s\u00e9jour par une visite de New-York<\/strong> (uniquement pour les d\u00e9parts en ao\u00fbt\/septembre)<\/li>\n\n\n\n<li><strong>Certainement la formule \u201cann\u00e9e\u201a\u201d la plus abordable<\/strong><\/li>\n\n\n\n<li><strong>La possibilit\u00e9 d&#8217;exp\u00e9rimenter les temps forts d&#8217;une vraie \u201cHighschool\u201d aux USA<\/strong> (bal de promo, graduation, etc.) ! <br><\/li>\n<\/ol>\n\n\n<p><\/section>\n\n\n<section class=\"bloc-atouts\"><\/p>\n\n\n\n<h3 class=\"wp-block-heading\"><strong>Financez votre s\u00e9jour<\/strong> gr\u00e2ce au partenariat avec l\u2019association Les Fauvettes<\/h3>\n\n\n\n<p>Tous les s\u00e9jours High School de Calvin-Thomas sont subventionn\u00e9s sans condition de ressources. <br><strong>Offre r\u00e9serv\u00e9e \u00e0 tout le personnel du minist\u00e8re de l\u2019\u00c9ducation Nationale, qu\u2019il soit enseignant ou non. <\/strong><br>Votre dossier de demande de subvention est trait\u00e9 directement par Calvin-Thomas. Pour plus de renseignements, consulter le site <a href=\"https:\/\/www.les-fauvettes.fr \">les-fauvettes.fr&nbsp;<\/a><\/p>\n\n\n\n<p><em>(Bourse de 500 \u20ac par s\u00e9jour &#8211; moins l&#8217;adh\u00e9sion de 24 \u20ac pour les non-membres des Fauvettes). <\/em><\/p>\n\n\n<p><\/section>\n\n\n<section class=\"bloc-contact\"><\/p>\n\n\n\n<h3 class=\"wp-block-heading has-text-align-center\">Besoin d&#8217;information ?<\/h3>\n\n\n\n<p>Notre \u00e9quipe et nos conseillers locaux sont \u00e0 votre disposition.<\/p>\n\n\n\n<p class=\"has-text-align-center\"><a class=\"btn middle grey\" href=\"https:\/\/www.calvin-thomas.com\/highschool\/informations-pratiques\/contacts-reunions-conseillers-calvin-thomas\/\">Contactez-nous !<\/a><\/p>\n\n\n<p><\/section>\n<\/div>\n<\/div>\n\n\n\n<figure class=\"wp-block-gallery has-nested-images columns-default is-cropped wp-block-gallery-1 is-layout-flex wp-block-gallery-is-layout-flex\">\n<figure class=\"wp-block-image\"><img decoding=\"async\" data-id=\"215\" src=\"https:\/\/www.calvin-thomas.com\/highschool\/wp-content\/uploads\/sites\/4\/usa_01.jpg\" alt=\"\" class=\"wp-image-215\"\/><\/figure>\n\n\n\n<figure class=\"wp-block-image\"><img decoding=\"async\" data-id=\"214\" src=\"https:\/\/www.calvin-thomas.com\/highschool\/wp-content\/uploads\/sites\/4\/usa_02.jpg\" alt=\"\" class=\"wp-image-214\"\/><\/figure>\n\n\n\n<figure class=\"wp-block-image\"><img decoding=\"async\" data-id=\"216\" src=\"https:\/\/www.calvin-thomas.com\/highschool\/wp-content\/uploads\/sites\/4\/usa_03.jpg\" alt=\"\" class=\"wp-image-216\"\/><\/figure>\n\n\n\n<figure class=\"wp-block-image\"><img decoding=\"async\" data-id=\"217\" src=\"https:\/\/www.calvin-thomas.com\/highschool\/wp-content\/uploads\/sites\/4\/usa_04.jpg\" alt=\"\" class=\"wp-image-217\"\/><\/figure>\n\n\n\n<figure class=\"wp-block-image\"><img decoding=\"async\" data-id=\"218\" src=\"https:\/\/www.calvin-thomas.com\/highschool\/wp-content\/uploads\/sites\/4\/usa_05.jpg\" alt=\"\" class=\"wp-image-218\"\/><\/figure>\n\n\n\n<figure class=\"wp-block-image\"><img decoding=\"async\" data-id=\"219\" src=\"https:\/\/www.calvin-thomas.com\/highschool\/wp-content\/uploads\/sites\/4\/usa_06.jpg\" alt=\"\" class=\"wp-image-219\"\/><\/figure>\n<\/figure>\n\n\n<section class=\"section-bleu\"><\/p>\n\n\n\n<h2 class=\"wp-block-heading has-text-align-center bloc-sejours content-centrer\">Nos s\u00e9jours 2026<\/h2>\n\n\n\n<p class=\"has-text-align-center content-centrer\">Tarifs, disponibilit\u00e9s et renseignements pour ce s\u00e9jour aux USA.<\/p>\n\n\n\n<p class=\"has-text-align-center has-white-color has-text-color has-link-color wp-elements-3ad61411072d43876a55a79e5583466a\" style=\"font-size:20px\"><strong>Inscriptions pour l&#8217;ann\u00e9e 2027 ouvertes. Les tarifs 2027 seront bient\u00f4t disponibles.<\/strong><\/p>\n\n\n\n<div style=\"height:30px\" aria-hidden=\"true\" class=\"wp-block-spacer\"><\/div>\n\n\n\n<table class=\"wp-block-table tableau-tarifs\"><tbody><tr><td><strong>1 semestre scolaire<\/strong><br>(\u00eatre n\u00e9 apr\u00e8s le 01\/03\/2009 pour un s\u00e9jour en 2027)<\/td><td>D\u00e9parts : <br>ao\u00fbt\/septembre  <\/td><td><strong class=\"prix-tableau\">13 700,00\u20ac*<\/strong><\/td><td><a href=\"https:\/\/www.calvin-thomas.com\/highschool\/contact\" target=\"_parent\" class=\"btn blanc middle\" rel=\"noopener\">demande d\u2019info<\/a> <a href=\"https:\/\/www.calvin-thomas.com\/highschool\/inscription-sejours-scolaires\" target=\"_parent\" class=\"btn blanc middle\" rel=\"noopener\">s\u2019inscrire<\/a><\/td><\/tr><tr><td><strong>1 ann\u00e9e scolaire<\/strong><br>(\u00eatre n\u00e9 apr\u00e8s le 01\/03\/2009 pour un s\u00e9jour en 2027)<\/td><td>D\u00e9parts : <br>entre d\u00e9but ao\u00fbt et mi-septembre<\/td><td><strong class=\"prix-tableau\">14 900,00\u20ac*<\/strong><\/td><td><a href=\"https:\/\/www.calvin-thomas.com\/highschool\/contact\" target=\"_parent\" class=\"btn blanc middle\" rel=\"noopener\">demande d\u2019info<\/a> <a href=\"https:\/\/www.calvin-thomas.com\/highschool\/inscription-sejours-scolaires\" target=\"_parent\" class=\"btn blanc middle\" rel=\"noopener\">s\u2019inscrire<\/a><\/td><\/tr><\/tbody><\/table>\n\n\n\n<div class=\"wp-block-columns has-3-columns column_container-backgd bloc-sejours legende is-layout-flex wp-container-core-columns-is-layout-3 wp-block-columns-is-layout-flex\">\n<div class=\"wp-block-column is-layout-flow wp-block-column-is-layout-flow\">\n<p><strong>*Le co\u00fbt du s\u00e9jour scolaire comprend : <\/strong><br><\/p>\n\n\n\n<ul>\n<li>la s\u00e9lection et l&#8217;information du candidat (entretien, dossier&#8230;),<br><\/li>\n\n\n\n<li>l&#8217;accueil en famille,<br><\/li>\n\n\n\n<li>l&#8217;encadrement pendant toute la dur\u00e9e du s\u00e9jour, <br><\/li>\n\n\n\n<li>l&#8217;enseignement scolaire et la pension compl\u00e8te (offerte par la famille d\u2019accueil), <br><\/li>\n\n\n\n<li>le suivi,<\/li>\n<\/ul>\n<\/div>\n\n\n\n<div class=\"wp-block-column is-layout-flow wp-block-column-is-layout-flow\">\n<div style=\"height:15px\" aria-hidden=\"true\" class=\"wp-block-spacer cache-mobile\"><\/div>\n\n\n\n<ul>\n<li>la mise \u00e0 disposition d&#8217;un num\u00e9ro d&#8217;urgence,<\/li>\n\n\n\n<li>le voyage en avion (aller\/retour) de l&#8217;a\u00e9roport de Roissy \u00e0 la r\u00e9sidence de la famille d&#8217;accueil,<\/li>\n\n\n\n<li>les frais de transfert d&#8217;a\u00e9roport dans le pays d&#8217;accueil et les frais d\u2019accueil l&#8217;arriv\u00e9e,<br><\/li>\n\n\n\n<li>les taxes d&#8217;a\u00e9roport,<br><\/li>\n\n\n\n<li>l&#8217;assurance, <\/li>\n\n\n\n<li>l&#8217;assistance,<br><\/li>\n\n\n\n<li>les activit\u00e9s propos\u00e9es dans le cadre du programme,<br><\/li>\n\n\n\n<li>les frais administratifs,<br><\/li>\n\n\n\n<li>une r\u00e9union de pr\u00e9paration, si elle est programm\u00e9e par Calvin-Thomas.<\/li>\n<\/ul>\n<\/div>\n\n\n\n<div class=\"wp-block-column is-layout-flow wp-block-column-is-layout-flow\">\n<p><strong>*Le co\u00fbt du s\u00e9jour ne comprend pas :<\/strong><br><\/p>\n\n\n\n<ul>\n<li>les frais d&#8217;inscription (75\u20ac),<br><\/li>\n\n\n\n<li>les frais \u00e9ventuels pour un d\u00e9part de province (qui serait mis en place par Calvin-Thomas sur demande), <br><\/li>\n\n\n\n<li>les frais \u00e9ventuels d&#8217;accompagnement UM (suite \u00e0 une demande des parents du participant, ou si cet accompagnement est impos\u00e9 par la compagnie a\u00e9rienne), <br><\/li>\n\n\n\n<li>les d\u00e9penses personnelles (argent de poche, loisirs, sorties non pr\u00e9vues dans le cadre du programme), <br><\/li>\n\n\n\n<li>l&#8217;option \u201cRetenues financi\u00e8res r\u00e9duites\u201d facultative (voir <a href=\"https:\/\/www.calvin-thomas.com\/highschool\/conditions-generales-vente\/\">nos conditions g\u00e9n\u00e9rales de vente<\/a>),<\/li>\n\n\n\n<li>les frais \u00e9ventuels de chancellerie et de visa,<br><\/li>\n\n\n\n<li>les excursions en option.<\/li>\n<\/ul>\n<\/div>\n<\/div>\n\n\n<p><\/section>\n\n\n<section class=\"bloc-option\"><\/p>\n\n\n\n<h2 class=\"wp-block-heading has-text-align-center bloc-option\">Option \u201cS\u00e9jour d&#8217;int\u00e9gration \u00e0 New-York City\u201d<\/h2>\n\n\n\n<p class=\"has-text-align-center bloc-option\"><strong>(valable pour les s\u00e9jours en formule classique avec d\u00e9part en Ao\u00fbt : ann\u00e9e scolaire et semestre scolaire)<\/strong><\/p>\n\n\n\n<p class=\"has-text-align-center bloc-option\">Avant de commencer votre s\u00e9jour en famille et en lyc\u00e9e, Calvin-Thomas et son partenaire am\u00e9ricain vous proposent de d\u00e9buter votre exp\u00e9rience aux USA par une visite de New-York City. Ce voyage optionnel, vous permettra de vous familiariser avec l&#8217;Am\u00e9rique dans une ambiance d\u00e9tendue avant de plonger au c\u0153ur de son quotidien.<\/p>\n\n\n\n<p class=\"has-text-align-center bloc-option titre-au-programme\"><strong>AU PROGRAMME, POUR ENTAMER SON ANN\u00c9E<\/strong><\/p>\n\n\n\n<div style=\"height:30px\" aria-hidden=\"true\" class=\"wp-block-spacer\"><\/div>\n\n\n\n<div class=\"wp-block-columns has-3-columns column_container-backgd bloc-option is-layout-flex wp-container-core-columns-is-layout-4 wp-block-columns-is-layout-flex\">\n<div class=\"wp-block-column is-layout-flow wp-block-column-is-layout-flow\">\n<p class=\"has-text-align-center titre-jour\"><strong>Jour 1<\/strong><br><\/p>\n\n\n\n<p class=\"has-text-align-center\">Les participants sont pris en charge \u00e0 leur arriv\u00e9e \u00e0 l&#8217;a\u00e9roport de Newark. Une fois install\u00e9s \u00e0 l&#8217;h\u00f4tel Newark Crowne Plaza, les participants sont invit\u00e9s \u00e0 un d\u00eener de bienvenue !<\/p>\n<\/div>\n\n\n\n<div class=\"wp-block-column is-layout-flow wp-block-column-is-layout-flow\">\n<p class=\"has-text-align-center titre-jour\"><strong>Jour 2<\/strong><br><\/p>\n\n\n\n<p class=\"has-text-align-center\">Apr\u00e8s le petit-d\u00e9jeuner, la journ\u00e9e d\u00e9bute par une session de 2 heures \u201cd&#8217;orientation\u201d. La journ\u00e9e se poursuit par diff\u00e9rentes visites : Rockefeller Center,&nbsp;Empire State Building, Flatiron Building, Greenwich Village, SoHo, Chinatown, Little Italy,&nbsp;World Trade Center, St. Paul\u2019s Chapel, Top of the Rock, Battery Park, Wall Street, NYC Public Library, etc. (liste non-exhaustive).<\/p>\n<\/div>\n\n\n\n<div class=\"wp-block-column is-layout-flow wp-block-column-is-layout-flow\">\n<p class=\"has-text-align-center titre-jour\"><strong>Jour 3<\/strong><br><\/p>\n\n\n\n<p class=\"has-text-align-center\">La journ\u00e9e compl\u00e8te est consacr\u00e9e \u00e0 des excursions : Brooklyn Bridge,&nbsp;Statue of Liberty,&nbsp;Coney Island,&nbsp;Times Square,Fifth Avenue,&nbsp;Central Park, Upper East Side, St. Patrick\u2019s Cathedral, etc. (liste non-exhaustive).<\/p>\n\n\n\n<p class=\"has-text-align-center titre-jour\"><strong>Jour 4<\/strong><br><\/p>\n\n\n\n<p>Apr\u00e8s le petit-d\u00e9jeuner, les participants se dirigent vers l\u2019a\u00e9roport pour rejoindre leurs familles d\u2019accueil respectives.<\/p>\n<\/div>\n<\/div>\n\n\n\n<div class=\"bloc-option content-tableau\"><table class=\"wp-block-table\"><tbody><tr><td class=\"col-titre\"><strong>Option \u201cS\u00e9jour d&#8217;int\u00e9gration \u00e0 New-York City\u201d<\/strong><br><\/td><td class=\"col-departs\">4 jours\/3nuits<\/td><td class=\"col-prix\"><strong class=\"prix\">1 100,00\u20ac**<\/strong><br\/>(tarifs 2024)<\/td><td class=\"col-btn\"><a href=\"https:\/\/www.calvin-thomas.com\/highschool\/contact\" target=\"_parent\" class=\"btn blanc middle\" rel=\"noopener\">demande d&#8217;info<\/a> <a href=\"https:\/\/www.calvin-thomas.com\/highschool\/inscription-sejours-scolaires\" target=\"_parent\" class=\"btn blanc middle\" rel=\"noopener\">s&#8217;inscrire<\/a><\/td><\/tr><\/tbody><\/table><\/div>\n\n\n\n<p class=\"has-text-align-center bloc-option legende\">**tarif pour les participants de 15 ans et plus. Suppl\u00e9ment tarifaire \u00e0 pr\u00e9voir pour les plus jeunes.<br>Le co\u00fbt comprend : les transports (transferts a\u00e9roport, vol int\u00e9rieur de New-York \u00e0 destination finale), l&#8217;h\u00e9bergement \u00e0 l&#8217;h\u00f4tel. Le d\u00eener de bienvenue, l&#8217;ensemble des repas pendant les jours d&#8217;excursion et le petit-d\u00e9jeuner le jour du d\u00e9part, l&#8217;accompagnement (1 encadrant pour 20 participants).<\/p>\n\n\n<p><\/section>\n\n\n\n<div style=\"height:50px\" aria-hidden=\"true\" class=\"wp-block-spacer bloc-option\"><\/div>\n\n\n\n<p class=\"temoignage titre-rubrique\">ILS SONT PARTIS AVEC CALVIN-THOMAS<\/p>\n\n\n\n<figure class=\"wp-block-image temoignage\"><img decoding=\"async\" src=\"https:\/\/www.calvin-thomas.com\/highschool\/wp-content\/uploads\/sites\/4\/portrait-usa1.jpg\" alt=\"t\u00e9moignage de Justine partie aux USA\" class=\"wp-image-1060\"\/><\/figure>\n\n\n\n<blockquote class=\"wp-block-quote has-text-align-center is-style-large temoignage is-layout-flow wp-block-quote-is-layout-flow\">\n<p><strong>Auriane<\/strong><br>est partie en s\u00e9jour scolaire Bachelier Classique aux USA<br><\/p>\n<cite>Maintenant que mon ann\u00e9e d\u2019\u00e9change aux USA est termin\u00e9e, je voulais prendre le temps de vous adresser un immense merci. Merci pour votre accompagnement tout au long de cette aventure, de la pr\u00e9paration avant le d\u00e9part jusqu\u2019\u00e0 mon retour en France.<br><br>S\u2019il y a une possibilit\u00e9 de transmettre un message \u00e0 Fanny, le voici : un merci tout particulier \u00e0 Fanny, qui a toujours \u00e9t\u00e9 disponible, rassurante et \u00e0 l\u2019\u00e9coute avant mon d\u00e9part. Elle a su rassurer mes parents afin que je puisse r\u00e9aliser la chose dont je r\u00eavais depuis des ann\u00e9es.<br><br>Cette ann\u00e9e a \u00e9t\u00e9 l\u2019une des plus belles exp\u00e9riences de ma vie. J\u2019ai eu la chance de vivre des moments incroyables, comme ma graduation, prom, le homecoming, des voyages inoubliables, l\u2019Indy 500, mais surtout de rencontrer une famille d\u2019accueil extraordinaire. Les au revoir ont \u00e9t\u00e9 tr\u00e8s difficiles, mais nous sommes encore en contact tous les jours et nous nous appelons plusieurs fois par semaine. Ils sont devenus une v\u00e9ritable deuxi\u00e8me famille. Je les consid\u00e8re comme mes deuxi\u00e8me parents et eux me consid\u00e8re comme leur fille.<br><br>M\u00eame si tout n\u2019a pas toujours \u00e9t\u00e9 simple avec le partenaire am\u00e9ricain, cela n\u2019enl\u00e8ve rien \u00e0 la qualit\u00e9 de votre accompagnement. Vous avez toujours \u00e9t\u00e9 pr\u00e9sents lorsque j\u2019en avais besoin, et j\u2019en suis tr\u00e8s reconnaissante.<br><br>Merci d\u2019avoir contribu\u00e9 \u00e0 rendre cette aventure possible. Je repars avec des souvenirs pour la vie, des liens qui dureront toujours et une exp\u00e9rience qui m\u2019a fait grandir. Si c\u2019\u00e9tait \u00e0 refaire, je repartirais avec Calvin-Thomas sans la moindre h\u00e9sitation. Encore un immense merci \u00e0 toute l\u2019\u00e9quipe !<\/cite><\/blockquote>\n","protected":false},"excerpt":{"rendered":"<p class=\"tarifs\">\u00c0 PARTIR DE<strong> <\/strong><br \/><strong>13 700 \u20ac<\/strong><\/p>\n<p class=\"has-text-align-center age\">17-18 \u00bd ANS<\/p>\n<p class=\"has-text-align-center duree\">SEMESTRE\/ ANN\u00c9E SCOLAIRE<\/p>\n<p class=\"has-text-align-center hebergement\">FAMILLE B\u00c9N\u00c9VOLE<\/p>\n<p class=\"has-text-align-center ecole\">\u00c9COLE CLASSIQUE<\/p>\n<p class=\"has-text-align-center depart\">AO\u00dbT \/ SEPTEMBRE<\/p>\n<p class=\"has-text-align-center vol\">VOL INCLUS (AU D\u00c9PART DE PARIS)<\/p>\n<p class=\"tarifs\">\u00c0 PARTIR DE<strong> <\/strong><br \/><strong>13 700 \u20ac<\/strong><\/p>\n<p> <a class=\"btn couleur large\" href=\"https:\/\/www.calvin-thomas.com\/highschool\/etats-unis-classique-bachelier\/\">EN SAVOIR PLUS <\/a><\/p>\n","protected":false},"author":1,"featured_media":3103,"parent":0,"menu_order":0,"comment_status":"closed","ping_status":"closed","template":"page-programmesup.php","meta":{"_uag_custom_page_level_css":"","wp_popup_display_lightbox":0,"wp_popup_suppress":"","wp_popup_trigger":"","wp_popup_trigger_amount":0,"wp_popup_disable_on_mobile":false,"footnotes":""},"uagb_featured_image_src":{"full":["https:\/\/www.calvin-thomas.com\/highschool\/wp-content\/uploads\/\/sites\/4\/entete-bachelier-2.jpg",1200,793,false],"thumbnail":["https:\/\/www.calvin-thomas.com\/highschool\/wp-content\/uploads\/\/sites\/4\/entete-bachelier-2-150x150.jpg",150,150,true],"medium":["https:\/\/www.calvin-thomas.com\/highschool\/wp-content\/uploads\/\/sites\/4\/entete-bachelier-2-300x198.jpg",300,198,true],"medium_large":["https:\/\/www.calvin-thomas.com\/highschool\/wp-content\/uploads\/\/sites\/4\/entete-bachelier-2-768x508.jpg",640,423,true],"large":["https:\/\/www.calvin-thomas.com\/highschool\/wp-content\/uploads\/\/sites\/4\/entete-bachelier-2-1024x677.jpg",640,423,true],"1536x1536":["https:\/\/www.calvin-thomas.com\/highschool\/wp-content\/uploads\/\/sites\/4\/entete-bachelier-2.jpg",1200,793,false],"2048x2048":["https:\/\/www.calvin-thomas.com\/highschool\/wp-content\/uploads\/\/sites\/4\/entete-bachelier-2.jpg",1200,793,false],"gform-image-choice-sm":["https:\/\/www.calvin-thomas.com\/highschool\/wp-content\/uploads\/\/sites\/4\/entete-bachelier-2.jpg",300,198,false],"gform-image-choice-md":["https:\/\/www.calvin-thomas.com\/highschool\/wp-content\/uploads\/\/sites\/4\/entete-bachelier-2.jpg",400,264,false],"gform-image-choice-lg":["https:\/\/www.calvin-thomas.com\/highschool\/wp-content\/uploads\/\/sites\/4\/entete-bachelier-2.jpg",600,397,false]},"uagb_author_info":{"display_name":"redac-calvinthomas","author_link":"https:\/\/www.calvin-thomas.com\/highschool\/author\/redac-calvinthomas\/"},"uagb_comment_info":0,"uagb_excerpt":"\u00c0 PARTIR DE 13 700 \u20ac 17-18 \u00bd ANS SEMESTRE\/ ANN\u00c9E SCOLAIRE FAMILLE B\u00c9N\u00c9VOLE \u00c9COLE CLASSIQUE AO\u00dbT \/ SEPTEMBRE VOL INCLUS (AU D\u00c9PART DE PARIS) \u00c0 PARTIR DE 13 700 \u20ac EN SAVOIR PLUS","_links":{"self":[{"href":"https:\/\/www.calvin-thomas.com\/highschool\/wp-json\/wp\/v2\/pages\/3053"}],"collection":[{"href":"https:\/\/www.calvin-thomas.com\/highschool\/wp-json\/wp\/v2\/pages"}],"about":[{"href":"https:\/\/www.calvin-thomas.com\/highschool\/wp-json\/wp\/v2\/types\/page"}],"author":[{"embeddable":true,"href":"https:\/\/www.calvin-thomas.com\/highschool\/wp-json\/wp\/v2\/users\/1"}],"replies":[{"embeddable":true,"href":"https:\/\/www.calvin-thomas.com\/highschool\/wp-json\/wp\/v2\/comments?post=3053"}],"version-history":[{"count":6,"href":"https:\/\/www.calvin-thomas.com\/highschool\/wp-json\/wp\/v2\/pages\/3053\/revisions"}],"predecessor-version":[{"id":3718,"href":"https:\/\/www.calvin-thomas.com\/highschool\/wp-json\/wp\/v2\/pages\/3053\/revisions\/3718"}],"wp:featuredmedia":[{"embeddable":true,"href":"https:\/\/www.calvin-thomas.com\/highschool\/wp-json\/wp\/v2\/media\/3103"}],"wp:attachment":[{"href":"https:\/\/www.calvin-thomas.com\/highschool\/wp-json\/wp\/v2\/media?parent=3053"}],"curies":[{"name":"wp","href":"https:\/\/api.w.org\/{rel}","templated":true}]}}