{"id":1949,"date":"2022-02-07T18:49:27","date_gmt":"2022-02-07T17:49:27","guid":{"rendered":"https:\/\/www.calvin-thomas.com\/highschool\/?post_type=sejour-scolaire&#038;p=1949"},"modified":"2025-12-27T10:23:09","modified_gmt":"2025-12-27T09:23:09","slug":"canada-choix-district","status":"publish","type":"sejour-scolaire","link":"https:\/\/www.calvin-thomas.com\/highschool\/sejour-scolaire\/canada-choix-district\/","title":{"rendered":"Canada"},"content":{"rendered":"\n<div class=\"wp-block-columns has-7-columns column_container barre-icones is-layout-flex wp-container-core-columns-is-layout-1 wp-block-columns-is-layout-flex\">\n<div class=\"wp-block-column is-layout-flow wp-block-column-is-layout-flow\">\n<p class=\"has-text-align-center age\">14-18 ANS<\/p>\n<\/div>\n\n\n\n<div class=\"wp-block-column is-layout-flow wp-block-column-is-layout-flow\">\n<p class=\"has-text-align-center duree\">2 MOIS \/ TRIMESTRE \/ SEMESTRE \/ ANN\u00c9E SCOLAIRE<br><\/p>\n<\/div>\n\n\n\n<div class=\"wp-block-column is-layout-flow wp-block-column-is-layout-flow\">\n<p class=\"has-text-align-center hebergement\">FAMILLE INDEMNIS\u00c9E<\/p>\n<\/div>\n\n\n\n<div class=\"wp-block-column is-layout-flow wp-block-column-is-layout-flow\">\n<p class=\"has-text-align-center ecole\">\u00c9COLE CLASSIQUE PAYANTE<br><\/p>\n<\/div>\n\n\n\n<div class=\"wp-block-column is-layout-flow wp-block-column-is-layout-flow\">\n<p class=\"has-text-align-center depart\">JANVIER, MARS\/AVRIL, FIN AO\u00dbT<\/p>\n<\/div>\n\n\n\n<div class=\"wp-block-column is-layout-flow wp-block-column-is-layout-flow\">\n<p class=\"has-text-align-center vol\">VOL NON INCLUS<br><\/p>\n<\/div>\n\n\n\n<div class=\"wp-block-column prix is-layout-flow wp-block-column-is-layout-flow\">\n<p class=\"tarifs\">\u00c0 PARTIR DE<br> <strong>7 700 \u20ac<\/strong><\/p>\n\n\n\n<!--more-->\n<\/div>\n<\/div>\n\n\n\n<div class=\"wp-block-columns has-2-columns column_container column-centre is-layout-flex wp-container-core-columns-is-layout-2 wp-block-columns-is-layout-flex\">\n<div class=\"wp-block-column is-layout-flow wp-block-column-is-layout-flow\">\n<figure class=\"wp-block-image img-direction\"><img decoding=\"async\" src=\"https:\/\/www.calvin-thomas.com\/highschool\/wp-content\/uploads\/sites\/4\/carte-highschool_canada_01.png\" alt=\"Direction Canada\" class=\"wp-image-109\"\/><\/figure>\n\n\n\n<figure class=\"wp-block-image img-direction\"><img decoding=\"async\" src=\"https:\/\/www.calvin-thomas.com\/highschool\/wp-content\/uploads\/sites\/4\/carte-highschool-canada_02.png\" alt=\"S\u00e9jour scolaire au canada\" class=\"wp-image-114\"\/><\/figure>\n\n\n\n<p class=\"intro\"><strong>Ce s\u00e9jour linguistique au Canada s\u2019apparente \u00e0 la formule \u201cclassique\u201d, un s\u00e9jour phare pour apprendre l&#8217;anglais sur le continent nord-am\u00e9ricain. Cette formule \u201cChoice +\u201d permet en revanche au participant de choisir son district scolaire, et donc sa r\u00e9gion de placement au Canada.<\/strong><\/p>\n\n\n\n<div style=\"height:30px\" aria-hidden=\"true\" class=\"wp-block-spacer\"><\/div>\n\n\n\n<h2 class=\"wp-block-heading\">Les districts scolaires canadiens au choix<\/h2>\n\n\n\n<p>Dans cette formule de s\u00e9jour scolaire au Canada \u201cChoice +\u201d, le participant choisit sa r\u00e9gion de placement et son a\u00e9roport d&#8217;arriv\u00e9e. Les \u00e9tablissements sont de petites tailles (de 200 \u00e0 1 500 \u00e9l\u00e8ves maximum), dont les frais de scolarit\u00e9 sont inclus dans notre formule.<\/p>\n\n\n\n<p><strong>\u00c0 savoir :<\/strong> un district scolaire est un rassemblement de lyc\u00e9es sur une r\u00e9gion canadienne pr\u00e9cise (comme une acad\u00e9mie par exemple en France). Le participant opte ainsi pour une r\u00e9gion et une culture locale, un climat, une ambiance, etc.<\/p>\n\n\n\n<p class=\"cadre-bleu\">Nous avons \u00e9galement mis en place un partenariat avec 3 lyc\u00e9es publics canadiens payants, qui offrent un large panel d&#8217;activit\u00e9s et un encadrement de proximit\u00e9.<\/p>\n\n\n\n<p><a class=\"btn couleur large\" href=\"https:\/\/www.calvin-thomas.com\/highschool\/lycees-districts-canada-partenaires\/\">Voir nos lyc\u00e9es canadiens partenaires<\/a><\/p>\n\n\n\n<div style=\"height:30px\" aria-hidden=\"true\" class=\"wp-block-spacer\"><\/div>\n\n\n\n<h2 class=\"wp-block-heading\">L&#8217;accueil en famille canadienne<\/h2>\n\n\n\n<p>Les familles anglophones ont tout naturellement le sens de l\u2019accueil\u2026 et elles le font avec autant de passion que de d\u00e9contraction en faisant notamment partager leurs activit\u00e9s.<\/p>\n\n\n\n<h4 class=\"wp-block-heading has-text-align-center cadre-bleu\">R\u00c9GIONS CANADIENNES PROPOS\u00c9ES AU CHOIX<\/h4>\n\n\n\n<ul class=\"cadre-bleu\">\n<li><strong>UPPER CANADA DISTRICT (2 mois, trimestre, semestre, ann\u00e9e scolaire) :<\/strong> arriv\u00e9e \u00e0 l&#8217;a\u00e9roport d&#8217;Ottawa<\/li>\n\n\n\n<li><strong>RENFREW COUNTRY DISTRICT (2 mois, trimestre, semestre, ann\u00e9e scolaire) :<\/strong> arriv\u00e9e \u00e0 l&#8217;a\u00e9roport d&#8217;Ottawa<\/li>\n\n\n\n<li><strong>NEAR NORTH DISTRICT (2 mois, trimestre, semestre, ann\u00e9e scolaire) :<\/strong> arriv\u00e9e \u00e0 l&#8217;a\u00e9roport de North Bay<\/li>\n\n\n\n<li><strong>NIPISSING PARRY SOUND CATHOLIC DISTRICT (trimestre, semestre, ann\u00e9e scolaire) :<\/strong> arriv\u00e9e \u00e0 l&#8217;a\u00e9roport de North Bay<\/li>\n\n\n\n<li><strong>BRUCE GREY CATHOLIC DISTRICT (trimestre, semestre, ann\u00e9e scolaire) :<\/strong> arriv\u00e9e \u00e0 l&#8217;a\u00e9roport de Toronto<\/li>\n\n\n\n<li><strong>GREATER ESSEX COUNTY DISTRICT (trimestre, semestre, ann\u00e9e scolaire) :<\/strong> arriv\u00e9e \u00e0 l&#8217;a\u00e9roport de Windsor ou Toronto<\/li>\n\n\n\n<li><strong>LORD SELKIRK SCHOOL DIVISION (semestre, ann\u00e9e scolaire) :<\/strong> arriv\u00e9e \u00e0 l&#8217;a\u00e9roport de Winnipeg<\/li>\n<\/ul>\n\n\n\n<div style=\"height:50px\" aria-hidden=\"true\" class=\"wp-block-spacer\"><\/div>\n<\/div>\n\n\n\n<div class=\"wp-block-column is-layout-flow wp-block-column-is-layout-flow\"><section class=\"bloc-atouts\"><\/p>\n\n\n\n<h3 class=\"wp-block-heading\"><strong>Les points forts<\/strong> de ce s\u00e9jour linguistique au Canada<br><\/h3>\n\n\n\n<ol>\n<li><strong>La possibilit\u00e9 de choisir sa destination au Canada.<\/strong><br><\/li>\n\n\n\n<li><strong>Un large choix de dur\u00e9e de s\u00e9jour<\/strong>  avec la possibilit\u00e9 de partir tout au long de l&#8217;ann\u00e9e scolaire.<\/li>\n\n\n\n<li><strong>La possibilit\u00e9 de \u201cgraduer\u201d<\/strong> sur place.<\/li>\n\n\n\n<li><strong>Des d\u00e9parts ouverts aux bacheliers<\/strong> dans la plupart des districts.<\/li>\n<\/ol>\n\n\n<p><\/section>\n\n\n<section class=\"bloc-atouts\"><\/p>\n\n\n\n<h3 class=\"wp-block-heading\"><strong>Financez votre s\u00e9jour <\/strong>gr\u00e2ce au partenariat avec l\u2019association Les Fauvettes<\/h3>\n\n\n\n<p>Tous les s\u00e9jours High School de Calvin-Thomas sont subventionn\u00e9s sans condition de ressources. <br><strong>Offre r\u00e9serv\u00e9e \u00e0 tout le personnel du minist\u00e8re de l\u2019\u00c9ducation Nationale, qu\u2019il soit enseignant ou non. <\/strong><br>Votre dossier de demande de subvention est trait\u00e9 directement par Calvin-Thomas. Pour plus de renseignements, consulter le site <a href=\"https:\/\/www.les-fauvettes.fr \">les-fauvettes.fr&nbsp;<\/a><\/p>\n\n\n\n<p>\u2014 Bourse de 500 \u20ac*<br>*moins adh\u00e9sion 24 euros pour les non-membres des Fauvettes.<br><\/p>\n\n\n<p><\/section>\n\n\n<section class=\"bloc-contact\"><\/p>\n\n\n\n<h3 class=\"wp-block-heading has-text-align-center\">Besoin d&#8217;information ?<\/h3>\n\n\n\n<p>Notre \u00e9quipe et nos conseillers locaux sont \u00e0 votre disposition.<\/p>\n\n\n\n<p class=\"has-text-align-center\"><a class=\"btn middle grey\" href=\"https:\/\/www.calvin-thomas.com\/highschool\/informations-pratiques\/contacts-reunions-conseillers-calvin-thomas\/\">Contactez-nous !<\/a><\/p>\n\n\n<p><\/section>\n<\/div>\n<\/div>\n\n\n\n<figure class=\"wp-block-gallery has-nested-images columns-default is-cropped wp-block-gallery-1 is-layout-flex wp-block-gallery-is-layout-flex\">\n<figure class=\"wp-block-image\"><img loading=\"lazy\" decoding=\"async\" width=\"330\" height=\"230\" data-id=\"2025\" src=\"https:\/\/www.calvin-thomas.com\/highschool\/wp-content\/uploads\/\/sites\/4\/canada-district6.jpg\" alt=\"\" class=\"wp-image-2025\" srcset=\"https:\/\/www.calvin-thomas.com\/highschool\/wp-content\/uploads\/\/sites\/4\/canada-district6.jpg 330w, https:\/\/www.calvin-thomas.com\/highschool\/wp-content\/uploads\/\/sites\/4\/canada-district6-300x209.jpg 300w\" sizes=\"(max-width: 330px) 100vw, 330px\" \/><\/figure>\n\n\n\n<figure class=\"wp-block-image\"><img loading=\"lazy\" decoding=\"async\" width=\"330\" height=\"230\" data-id=\"2026\" src=\"https:\/\/www.calvin-thomas.com\/highschool\/wp-content\/uploads\/\/sites\/4\/canada-district5.jpg\" alt=\"\" class=\"wp-image-2026\" srcset=\"https:\/\/www.calvin-thomas.com\/highschool\/wp-content\/uploads\/\/sites\/4\/canada-district5.jpg 330w, https:\/\/www.calvin-thomas.com\/highschool\/wp-content\/uploads\/\/sites\/4\/canada-district5-300x209.jpg 300w\" sizes=\"(max-width: 330px) 100vw, 330px\" \/><\/figure>\n\n\n\n<figure class=\"wp-block-image\"><img loading=\"lazy\" decoding=\"async\" width=\"330\" height=\"230\" data-id=\"2027\" src=\"https:\/\/www.calvin-thomas.com\/highschool\/wp-content\/uploads\/\/sites\/4\/canada-district4.jpg\" alt=\"\" class=\"wp-image-2027\" srcset=\"https:\/\/www.calvin-thomas.com\/highschool\/wp-content\/uploads\/\/sites\/4\/canada-district4.jpg 330w, https:\/\/www.calvin-thomas.com\/highschool\/wp-content\/uploads\/\/sites\/4\/canada-district4-300x209.jpg 300w\" sizes=\"(max-width: 330px) 100vw, 330px\" \/><\/figure>\n\n\n\n<figure class=\"wp-block-image\"><img loading=\"lazy\" decoding=\"async\" width=\"330\" height=\"230\" data-id=\"2028\" src=\"https:\/\/www.calvin-thomas.com\/highschool\/wp-content\/uploads\/\/sites\/4\/canada-district3.jpg\" alt=\"\" class=\"wp-image-2028\" srcset=\"https:\/\/www.calvin-thomas.com\/highschool\/wp-content\/uploads\/\/sites\/4\/canada-district3.jpg 330w, https:\/\/www.calvin-thomas.com\/highschool\/wp-content\/uploads\/\/sites\/4\/canada-district3-300x209.jpg 300w\" sizes=\"(max-width: 330px) 100vw, 330px\" \/><\/figure>\n\n\n\n<figure class=\"wp-block-image\"><img loading=\"lazy\" decoding=\"async\" width=\"330\" height=\"230\" data-id=\"2029\" src=\"https:\/\/www.calvin-thomas.com\/highschool\/wp-content\/uploads\/\/sites\/4\/canada-district2.jpg\" alt=\"\" class=\"wp-image-2029\" srcset=\"https:\/\/www.calvin-thomas.com\/highschool\/wp-content\/uploads\/\/sites\/4\/canada-district2.jpg 330w, https:\/\/www.calvin-thomas.com\/highschool\/wp-content\/uploads\/\/sites\/4\/canada-district2-300x209.jpg 300w\" sizes=\"(max-width: 330px) 100vw, 330px\" \/><\/figure>\n\n\n\n<figure class=\"wp-block-image\"><img loading=\"lazy\" decoding=\"async\" width=\"330\" height=\"230\" data-id=\"2030\" src=\"https:\/\/www.calvin-thomas.com\/highschool\/wp-content\/uploads\/\/sites\/4\/canada-district1.jpg\" alt=\"\" class=\"wp-image-2030\" srcset=\"https:\/\/www.calvin-thomas.com\/highschool\/wp-content\/uploads\/\/sites\/4\/canada-district1.jpg 330w, https:\/\/www.calvin-thomas.com\/highschool\/wp-content\/uploads\/\/sites\/4\/canada-district1-300x209.jpg 300w\" sizes=\"(max-width: 330px) 100vw, 330px\" \/><\/figure>\n<\/figure>\n\n\n<section class=\"section-bleu\"><\/p>\n\n\n\n<h2 class=\"wp-block-heading has-text-align-center bloc-sejours content-centrer\">Nos s\u00e9jours 2026<\/h2>\n\n\n\n<p class=\"has-text-align-center content-centrer\">Tarifs, disponibilit\u00e9s et renseignements pour ce s\u00e9jour au Canada<\/p>\n\n\n\n<div style=\"height:30px\" aria-hidden=\"true\" class=\"wp-block-spacer\"><\/div>\n\n\n\n<table class=\"wp-block-table tableau-tarifs\"><tbody><tr><td class=\"col-titre\"><strong>2 mois<\/strong><br>(\u00eatre n\u00e9 entre le 01\/01\/2009 et le 31\/12\/2012 pour tout d\u00e9part sur l\u2019ann\u00e9e scolaire 2026\/2027)<\/td><td class=\"col-departs\">D\u00e9parts : <br>janvier, avril, fin ao\u00fbt, novembre<\/td><td class=\"col-prix\"><strong class=\"prix-tableau\">7 700,00\u20ac*<\/strong><\/td><td class=\"col-btn\"><a href=\"https:\/\/www.calvin-thomas.com\/highschool\/contact\" target=\"_parent\" class=\"btn blanc middle\" rel=\"noopener\">demande d&#8217;info<\/a><br> <a href=\"https:\/\/www.calvin-thomas.com\/highschool\/inscription-sejours-scolaires\" target=\"_parent\" class=\"btn blanc middle\" rel=\"noopener\">s&#8217;inscrire<\/a><\/td><\/tr><tr><td class=\"col-titre\"><strong>1 trimestre<\/strong><br>(\u00eatre n\u00e9 entre le 01\/01\/2009 et le 31\/12\/2012 pour tout d\u00e9part sur l\u2019ann\u00e9e scolaire 2026\/2027)<\/td><td class=\"col-departs\">D\u00e9parts : <br>janvier, avril, fin ao\u00fbt<\/td><td class=\"col-prix\"><strong class=\"prix-tableau\">9 500,00\u20ac*<\/strong><\/td><td class=\"col-btn\"><a href=\"https:\/\/www.calvin-thomas.com\/highschool\/contact\" target=\"_parent\" class=\"btn blanc middle\" rel=\"noopener\">demande d&#8217;info<\/a> <br><a href=\"https:\/\/www.calvin-thomas.com\/highschool\/inscription-sejours-scolaires\" target=\"_parent\" class=\"btn blanc middle\" rel=\"noopener\">s&#8217;inscrire<\/a><\/td><\/tr><tr><td class=\"col-titre\"><strong>1 semestre<\/strong><br>(\u00eatre n\u00e9 entre le 01\/01\/2009 et le 31\/12\/2012 pour tout d\u00e9part sur l\u2019ann\u00e9e scolaire 2026\/2027)<\/td><td class=\"col-departs\">D\u00e9parts : <br>janvier ou fin ao\u00fbt<\/td><td class=\"col-prix\"><strong class=\"prix-tableau\">13 500,00\u20ac*<\/strong><\/td><td class=\"col-btn\"><a href=\"https:\/\/www.calvin-thomas.com\/highschool\/contact\" target=\"_parent\" class=\"btn blanc middle\" rel=\"noopener\">demande d&#8217;info<\/a><br> <a href=\"https:\/\/www.calvin-thomas.com\/highschool\/inscription-sejours-scolaires\" target=\"_parent\" class=\"btn blanc middle\" rel=\"noopener\">s&#8217;inscrire<\/a><\/td><\/tr><tr><td class=\"col-titre\"><strong>1 ann\u00e9e scolaire<\/strong><br>(\u00eatre n\u00e9 entre le 01\/01\/2009 et le 31\/12\/2012 pour tout d\u00e9part sur l\u2019ann\u00e9e scolaire 2026\/2027)<\/td><td class=\"col-departs\">D\u00e9parts : <br>fin ao\u00fbt<\/td><td class=\"col-prix\"><strong class=\"prix-tableau\">22 000,00\u20ac*<\/strong><\/td><td class=\"col-btn\"><a href=\"https:\/\/www.calvin-thomas.com\/highschool\/contact\" target=\"_parent\" class=\"btn blanc middle\" rel=\"noopener\">demande d&#8217;info<\/a><br> <a href=\"https:\/\/www.calvin-thomas.com\/highschool\/inscription-sejours-scolaires\" target=\"_parent\" class=\"btn blanc middle\" rel=\"noopener\">s&#8217;inscrire<\/a><\/td><\/tr><\/tbody><\/table>\n\n\n\n<div class=\"wp-block-columns has-3-columns column_container-backgd bloc-sejours legende is-layout-flex wp-container-core-columns-is-layout-3 wp-block-columns-is-layout-flex\">\n<div class=\"wp-block-column is-layout-flow wp-block-column-is-layout-flow\">\n<p><strong>*Le co\u00fbt du s\u00e9jour scolaire comprend : <\/strong><br><\/p>\n\n\n\n<ul>\n<li>la s\u00e9lection et l\u2019information du candidat (entretien, dossier&#8230;),<br><\/li>\n\n\n\n<li>l\u2019accueil en famille,<br><\/li>\n\n\n\n<li>l\u2019encadrement pendant toute la dur\u00e9e du s\u00e9jour, <br><\/li>\n\n\n\n<li>l&#8217;enseignement scolaire et la pension compl\u00e8te (offerte par la famille d\u2019accueil), <br><\/li>\n\n\n\n<li>le suivi,<\/li>\n<\/ul>\n<\/div>\n\n\n\n<div class=\"wp-block-column is-layout-flow wp-block-column-is-layout-flow\">\n<div style=\"height:15px\" aria-hidden=\"true\" class=\"wp-block-spacer cache-mobile\"><\/div>\n\n\n\n<ul>\n<li>la mise \u00e0 disposition d\u2019un num\u00e9ro d\u2019urgence,<\/li>\n\n\n\n<li>les frais de transfert d\u2019a\u00e9roport dans le pays d\u2019accueil et les frais d\u2019accueil \u00e0 l\u2019arriv\u00e9e,<\/li>\n\n\n\n<li>l\u2019assurance, <\/li>\n\n\n\n<li>l\u2019assistance,<br><\/li>\n\n\n\n<li>les activit\u00e9s propos\u00e9es dans le cadre du programme,<br><\/li>\n\n\n\n<li>les frais administratifs,<br><\/li>\n\n\n\n<li>une r\u00e9union de pr\u00e9paration, si elle est programm\u00e9e par Calvin-Thomas.<\/li>\n<\/ul>\n<\/div>\n\n\n\n<div class=\"wp-block-column is-layout-flow wp-block-column-is-layout-flow\">\n<p><strong>*Le co\u00fbt du s\u00e9jour ne comprend pas :<\/strong><br><\/p>\n\n\n\n<ul>\n<li>les frais d\u2019inscription (75\u20ac),<\/li>\n\n\n\n<li>le voyage en avion (aller\/retour) de l\u2019a\u00e9roport de Roissy \u00e0 la r\u00e9sidence de la famille d\u2019accueil,<\/li>\n\n\n\n<li>les taxes d\u2019a\u00e9roport,<\/li>\n\n\n\n<li>les frais \u00e9ventuels pour un d\u00e9part de province (qui serait mis en place par Calvin-Thomas sur demande), <br><\/li>\n\n\n\n<li>les frais \u00e9ventuels d&#8217;accompagnement UM (suite \u00e0 une demande des parents du participant, ou si cet accompagnement est impos\u00e9 par la compagnie a\u00e9rienne), <br><\/li>\n\n\n\n<li>les d\u00e9penses personnelles (argent de poche, loisirs, sorties non pr\u00e9vues dans le cadre du programme), <br><\/li>\n\n\n\n<li>l&#8217;option \u201cRetenues financi\u00e8res r\u00e9duites\u201d facultative (voir <a href=\"https:\/\/www.calvin-thomas.com\/highschool\/conditions-generales-vente\/\">nos conditions g\u00e9n\u00e9rales de vente<\/a>),<\/li>\n\n\n\n<li>les frais \u00e9ventuels de chancellerie et de visa,<br><\/li>\n\n\n\n<li>les excursions en option.<\/li>\n<\/ul>\n<\/div>\n<\/div>\n\n\n<p><\/section>\n\n\n\n<p class=\"temoignage titre-rubrique\">ILS SONT PARTIS AVEC CALVIN THOMAS<\/p>\n\n\n\n<figure class=\"wp-block-image temoignage\"><img loading=\"lazy\" decoding=\"async\" width=\"80\" height=\"80\" src=\"https:\/\/www.calvin-thomas.com\/highschool\/wp-content\/uploads\/\/sites\/4\/portrait-elisa.jpg\" alt=\"t\u00e9moignage d'Elisa partie au Canada\" class=\"wp-image-1996\"\/><\/figure>\n\n\n\n<blockquote class=\"wp-block-quote has-text-align-center is-style-large temoignage is-layout-flow wp-block-quote-is-layout-flow\">\n<p><strong>\u00c9lisa<\/strong><br>est partie un trimestre en s\u00e9jour scolaire au Canada<br><\/p>\n<cite>\u00c7a va faire 2 mois et demi bient\u00f4t que je suis arriv\u00e9e \u00e0 Nanaimo, sur l\u2019\u00eele de Vancouver et j\u2019adore. Depuis que je suis arriv\u00e9e, j\u2019ai fait \u00e9norm\u00e9ment de choses. <br>Pour ce qui est de mon niveau d\u2019anglais j\u2019ai \u00e9norm\u00e9ment progress\u00e9. Je partais de z\u00e9ro. Mais apr\u00e8s seulement deux mois, je comprends quasiment tout (sauf si c\u2019est un sujet dont je ne connais pas les termes) et j\u2019arrive\n\u00e0 m\u2019exprimer, vous savez, sans faire la petite traduction\nen fran\u00e7ais qui prend une seconde et demi. Et \u00e7a, pour\nmoi, c\u2019est un pari r\u00e9ussi ! <\/cite><\/blockquote>\n","protected":false},"featured_media":2051,"template":"","formules":[2],"ages":[17,18,19,20,21],"durees":[38,13,14,12],"departs":[30,26,23,25],"pays":[9],"uagb_featured_image_src":{"full":["https:\/\/www.calvin-thomas.com\/highschool\/wp-content\/uploads\/\/sites\/4\/entete-canada-district.jpg",1280,600,false],"thumbnail":["https:\/\/www.calvin-thomas.com\/highschool\/wp-content\/uploads\/\/sites\/4\/entete-canada-district-150x150.jpg",150,150,true],"medium":["https:\/\/www.calvin-thomas.com\/highschool\/wp-content\/uploads\/\/sites\/4\/entete-canada-district-300x141.jpg",300,141,true],"medium_large":["https:\/\/www.calvin-thomas.com\/highschool\/wp-content\/uploads\/\/sites\/4\/entete-canada-district-768x360.jpg",640,300,true],"large":["https:\/\/www.calvin-thomas.com\/highschool\/wp-content\/uploads\/\/sites\/4\/entete-canada-district-1024x480.jpg",640,300,true],"1536x1536":["https:\/\/www.calvin-thomas.com\/highschool\/wp-content\/uploads\/\/sites\/4\/entete-canada-district.jpg",1280,600,false],"2048x2048":["https:\/\/www.calvin-thomas.com\/highschool\/wp-content\/uploads\/\/sites\/4\/entete-canada-district.jpg",1280,600,false],"gform-image-choice-sm":["https:\/\/www.calvin-thomas.com\/highschool\/wp-content\/uploads\/\/sites\/4\/entete-canada-district.jpg",300,141,false],"gform-image-choice-md":["https:\/\/www.calvin-thomas.com\/highschool\/wp-content\/uploads\/\/sites\/4\/entete-canada-district.jpg",400,188,false],"gform-image-choice-lg":["https:\/\/www.calvin-thomas.com\/highschool\/wp-content\/uploads\/\/sites\/4\/entete-canada-district.jpg",600,281,false]},"uagb_author_info":{"display_name":"redac-calvinthomas","author_link":"https:\/\/www.calvin-thomas.com\/highschool\/author\/"},"uagb_comment_info":0,"uagb_excerpt":"\u00c0 PARTIR DE 7 700 \u20ac 14-18 ANS 2 MOIS \/ TRIMESTRE \/ SEMESTRE \/ ANN\u00c9E SCOLAIRE FAMILLE INDEMNIS\u00c9E \u00c9COLE CLASSIQUE PAYANTE JANVIER, MARS\/AVRIL, FIN AO\u00dbT VOL NON INCLUS \u00c0 PARTIR DE 7 700 \u20ac EN SAVOIR PLUS","_links":{"self":[{"href":"https:\/\/www.calvin-thomas.com\/highschool\/wp-json\/wp\/v2\/sejour-scolaire\/1949"}],"collection":[{"href":"https:\/\/www.calvin-thomas.com\/highschool\/wp-json\/wp\/v2\/sejour-scolaire"}],"about":[{"href":"https:\/\/www.calvin-thomas.com\/highschool\/wp-json\/wp\/v2\/types\/sejour-scolaire"}],"wp:featuredmedia":[{"embeddable":true,"href":"https:\/\/www.calvin-thomas.com\/highschool\/wp-json\/wp\/v2\/media\/2051"}],"wp:attachment":[{"href":"https:\/\/www.calvin-thomas.com\/highschool\/wp-json\/wp\/v2\/media?parent=1949"}],"wp:term":[{"taxonomy":"formules","embeddable":true,"href":"https:\/\/www.calvin-thomas.com\/highschool\/wp-json\/wp\/v2\/formules?post=1949"},{"taxonomy":"ages","embeddable":true,"href":"https:\/\/www.calvin-thomas.com\/highschool\/wp-json\/wp\/v2\/ages?post=1949"},{"taxonomy":"durees","embeddable":true,"href":"https:\/\/www.calvin-thomas.com\/highschool\/wp-json\/wp\/v2\/durees?post=1949"},{"taxonomy":"departs","embeddable":true,"href":"https:\/\/www.calvin-thomas.com\/highschool\/wp-json\/wp\/v2\/departs?post=1949"},{"taxonomy":"pays","embeddable":true,"href":"https:\/\/www.calvin-thomas.com\/highschool\/wp-json\/wp\/v2\/pays?post=1949"}],"curies":[{"name":"wp","href":"https:\/\/api.w.org\/{rel}","templated":true}]}}