{"id":323,"date":"2018-12-06T17:52:57","date_gmt":"2018-12-06T16:52:57","guid":{"rendered":"https:\/\/www.calvin-thomas.com\/highschool\/?post_type=sejour-scolaire&#038;p=323"},"modified":"2025-08-01T08:47:49","modified_gmt":"2025-08-01T06:47:49","slug":"afrique-du-sud-classique","status":"publish","type":"sejour-scolaire","link":"https:\/\/www.calvin-thomas.com\/highschool\/sejour-scolaire\/afrique-du-sud-classique\/","title":{"rendered":"Afrique du Sud"},"content":{"rendered":"\n<div class=\"wp-block-columns has-7-columns column_container barre-icones is-layout-flex wp-container-core-columns-is-layout-1 wp-block-columns-is-layout-flex\">\n<div class=\"wp-block-column is-layout-flow wp-block-column-is-layout-flow\">\n<p class=\"has-text-align-center age\">15-18 ANS*<\/p>\n<\/div>\n\n\n\n<div class=\"wp-block-column is-layout-flow wp-block-column-is-layout-flow\">\n<p class=\"has-text-align-center duree\">2 MOIS \/ TRIMESTRE \/ SEMESTRE \/ ANN\u00c9E SCOLAIRE<br><\/p>\n<\/div>\n\n\n\n<div class=\"wp-block-column is-layout-flow wp-block-column-is-layout-flow\">\n<p class=\"has-text-align-center hebergement\">FAMILLE INDEMINIS\u00c9E<\/p>\n<\/div>\n\n\n\n<div class=\"wp-block-column is-layout-flow wp-block-column-is-layout-flow\">\n<p class=\"has-text-align-center ecole\">\u00c9COLE CLASSIQUE<br><\/p>\n<\/div>\n\n\n\n<div class=\"wp-block-column is-layout-flow wp-block-column-is-layout-flow\">\n<p class=\"has-text-align-center depart\">JANVIER, F\u00c9VRIER, MARS, AVRIL, MAI, JUILLET<\/p>\n<\/div>\n\n\n\n<div class=\"wp-block-column is-layout-flow wp-block-column-is-layout-flow\">\n<p class=\"has-text-align-center vol\">VOL INCLUS<br><\/p>\n<\/div>\n\n\n\n<div class=\"wp-block-column prix is-layout-flow wp-block-column-is-layout-flow\">\n<p class=\"tarifs\">\u00c0 PARTIR DE <br><strong>7 050 \u20ac<\/strong><\/p>\n\n\n\n<!--more-->\n<\/div>\n<\/div>\n\n\n\n<div class=\"wp-block-columns has-2-columns column_container column-centre is-layout-flex wp-container-core-columns-is-layout-2 wp-block-columns-is-layout-flex\">\n<div class=\"wp-block-column is-layout-flow wp-block-column-is-layout-flow\">\n<figure class=\"wp-block-image img-direction\"><img decoding=\"async\" src=\"https:\/\/www.calvin-thomas.com\/highschool\/wp-content\/uploads\/sites\/4\/carte-highschool-afrique-sud_01.png\" alt=\"Direction Afrique du Sud\" class=\"wp-image-110\"\/><\/figure>\n\n\n\n<figure class=\"wp-block-image img-direction\"><img decoding=\"async\" src=\"https:\/\/www.calvin-thomas.com\/highschool\/wp-content\/uploads\/sites\/4\/carte-highschool-afrique-sud_02.png\" alt=\"S\u00e9jour scolaire en Afrique du Sud\" class=\"wp-image-111\"\/><\/figure>\n\n\n\n<p class=\"intro\"><strong>\u00c0 la pointe m\u00e9ridionale, l\u2019Afrique du Sud permet d\u2019apprendre l\u2019anglais classique dans un contexte plus exotique que le contexte am\u00e9ricain ou britannique. <\/strong><br><strong>Une destination humainement riche, des paysages \u00e9poustouflants et un m\u00e9lange de cultures.<\/strong><\/p>\n\n\n\n<h2 class=\"wp-block-heading\">D\u00e9couvrir la \u201cNation arc-en-ciel\u201d<br><\/h2>\n\n\n\n<p>Depuis la fin de l\u2019Apartheid, le pays est en pleine \u00e9volution et restructuration. Il offre aujourd\u2019hui des possibilit\u00e9s tr\u00e8s int\u00e9ressantes, dans la mesure o\u00f9 il s\u2019affirme comme le pays africain d\u2019avenir. Le fait d\u2019\u00eatre accueilli en famille et \u00e0 l\u2019\u00e9cole \u2014 sur la longue dur\u00e9e \u2014 permet au jeune participant fran\u00e7ais de se faire sa place dans ce pays et de se construire un parcours hors normes, qu\u2019il aura toutes les chances de pouvoir valoriser par la suite (\u00e9coles, \u00e9tudes, vie professionnelle&#8230;).<br>Avec 11 langues officielles, l\u2019anglais reste la langue commune et la langue utilis\u00e9e pour enseigner \u00e0 l\u2019\u00e9cole.<\/p>\n\n\n\n<h2 class=\"wp-block-heading\">La vie de famille en Afrique du Sud<br><\/h2>\n\n\n\n<p>Les familles sud-africaines sont souvent tr\u00e8s chaleureuses. Elles favorisent donc l\u2019int\u00e9gration du jeune. La proximit\u00e9 de l\u2019encadrement Calvin-Thomas sur place contribue lui aussi \u00e0 entretenir chaleur et s\u00e9curit\u00e9.<\/p>\n\n\n\n<p>Question s\u00e9curit\u00e9, notre partenaire met un point d\u2019honneur \u00e0 placer nos \u00e9tudiants dans des r\u00e9gions o\u00f9 les risques sont limit\u00e9s. Aussi, les placements se font essentiellement dans la r\u00e9gion du Cap.<\/p>\n\n\n\n<p>La religion a une place importante dans la soci\u00e9t\u00e9 sud-africaine. Il faut savoir que dans les heures sombres de l\u2019Apartheid, celle-ci a repr\u00e9sent\u00e9 pour la majorit\u00e9 du peuple sud-africain une force importante de r\u00e9sistance.<\/p>\n\n\n\n<p class=\"legende\">*14 ans et 19 ans sur demande.<br><\/p>\n\n\n\n<div style=\"height:50px\" aria-hidden=\"true\" class=\"wp-block-spacer\"><\/div>\n<\/div>\n\n\n\n<div class=\"wp-block-column is-layout-flow wp-block-column-is-layout-flow\"><section class=\"bloc-atouts\"><\/p>\n\n\n\n<h3 class=\"wp-block-heading\"><strong>Les points forts<\/strong> de ce s\u00e9jour scolaire en Afrique du Sud<br><\/h3>\n\n\n\n<ol>\n<li><strong>Un des s\u00e9jours \u201cHigh School\u201d les moins chers de Calvin-Thomas<\/strong><br><\/li>\n\n\n\n<li><strong>Un pays hors du commun<\/strong> et humainement riche<\/li>\n\n\n\n<li><strong>Une destination extra-ordinaire<\/strong> avec des paysages grandioses et une faune sauvage exceptionnelle <\/li>\n\n\n\n<li><strong>De nombreuses dates de d\u00e9part <\/strong> possibles<\/li>\n<\/ol>\n\n\n<p><\/section>\n\n\n<section class=\"bloc-atouts\"><\/p>\n\n\n\n<h3 class=\"wp-block-heading\"><strong>Financez votre s\u00e9jour<\/strong> gr\u00e2ce au partenariat avec l\u2019association Les Fauvettes<\/h3>\n\n\n\n<p>Tous les s\u00e9jours High School de Calvin-Thomas sont subventionn\u00e9s sans condition de ressources. <br><strong>Offre r\u00e9serv\u00e9e \u00e0 tout le personnel du minist\u00e8re de l\u2019\u00c9ducation Nationale, qu\u2019il soit enseignant ou non. <\/strong><br>Votre dossier de demande de subvention est trait\u00e9 directement par Calvin-Thomas. Pour plus de renseignements, consulter le site <a href=\"https:\/\/www.les-fauvettes.fr \">les-fauvettes.fr&nbsp;<\/a><\/p>\n\n\n\n<p>\u2014 Bourse de 500 \u20ac*<br>*moins adh\u00e9sion 24\u20ac pour les non-membres des Fauvettes<\/p>\n\n\n<p><\/section>\n\n\n<section class=\"bloc-contact\"><\/p>\n\n\n\n<h3 class=\"wp-block-heading has-text-align-center\">Besoin d&#8217;information ?<\/h3>\n\n\n\n<p>Notre \u00e9quipe et nos conseillers locaux sont \u00e0 votre disposition.<\/p>\n\n\n\n<p class=\"has-text-align-center\"><a class=\"btn middle grey\" href=\"https:\/\/www.calvin-thomas.com\/highschool\/informations-pratiques\/contacts-reunions-conseillers-calvin-thomas\/\">Contactez-nous !<\/a><\/p>\n\n\n<p><\/section>\n<\/div>\n<\/div>\n\n\n\n<figure class=\"wp-block-gallery has-nested-images columns-default is-cropped wp-block-gallery-1 is-layout-flex wp-block-gallery-is-layout-flex\">\n<figure class=\"wp-block-image\"><img decoding=\"async\" data-id=\"179\" src=\"https:\/\/www.calvin-thomas.com\/highschool\/wp-content\/uploads\/sites\/4\/afrique-sud1_01.jpg\" alt=\"\" class=\"wp-image-179\"\/><\/figure>\n\n\n\n<figure class=\"wp-block-image\"><img decoding=\"async\" data-id=\"181\" src=\"https:\/\/www.calvin-thomas.com\/highschool\/wp-content\/uploads\/sites\/4\/afrique-sud1_02.jpg\" alt=\"\" class=\"wp-image-181\"\/><\/figure>\n\n\n\n<figure class=\"wp-block-image\"><img decoding=\"async\" data-id=\"184\" src=\"https:\/\/www.calvin-thomas.com\/highschool\/wp-content\/uploads\/sites\/4\/afrique-sud1_03.jpg\" alt=\"\" class=\"wp-image-184\"\/><\/figure>\n\n\n\n<figure class=\"wp-block-image\"><img decoding=\"async\" data-id=\"180\" src=\"https:\/\/www.calvin-thomas.com\/highschool\/wp-content\/uploads\/sites\/4\/afrique-sud1_04.jpg\" alt=\"\" class=\"wp-image-180\"\/><\/figure>\n\n\n\n<figure class=\"wp-block-image\"><img decoding=\"async\" data-id=\"182\" src=\"https:\/\/www.calvin-thomas.com\/highschool\/wp-content\/uploads\/sites\/4\/afrique-sud1_05.jpg\" alt=\"\" class=\"wp-image-182\"\/><\/figure>\n\n\n\n<figure class=\"wp-block-image\"><img decoding=\"async\" data-id=\"183\" src=\"https:\/\/www.calvin-thomas.com\/highschool\/wp-content\/uploads\/sites\/4\/afrique-sud1_06.jpg\" alt=\"\" class=\"wp-image-183\"\/><\/figure>\n<\/figure>\n\n\n<section class=\"section-bleu\"><\/p>\n\n\n\n<h2 class=\"wp-block-heading has-text-align-center bloc-sejours content-centrer\">Nos s\u00e9jours 2026<\/h2>\n\n\n\n<p class=\"has-text-align-center content-centrer\">Tarifs, disponibilit\u00e9s et renseignements pour ce s\u00e9jour en Afrique du Sud<\/p>\n\n\n\n<div style=\"height:30px\" aria-hidden=\"true\" class=\"wp-block-spacer\"><\/div>\n\n\n\n<table class=\"wp-block-table tableau-tarifs\"><tbody><tr><td class=\"col-titre\"><strong>2 mois<\/strong><br><\/td><td class=\"col-departs\"><b>D\u00e9parts : <\/b><br>Janvier, F\u00e9vrier, Mars, Avril ou Mai<\/td><td class=\"col-prix\"><strong class=\"prix-tableau\">7 050,00\u20ac*<\/strong><\/td><td class=\"col-btn\"><a href=\"https:\/\/www.calvin-thomas.com\/highschool\/contact\" target=\"_parent\" class=\"btn blanc middle\" rel=\"noopener\">demande d&#8217;info<\/a> <a href=\"https:\/\/www.calvin-thomas.com\/highschool\/inscription-sejours-scolaires\" target=\"_parent\" class=\"btn blanc middle\" rel=\"noopener\">s&#8217;inscrire<\/a><\/td><\/tr><tr><td class=\"col-titre\"><strong>1 trimestre<\/strong><br><\/td><td class=\"col-departs\"><b>D\u00e9parts : <\/b><br>Janvier, F\u00e9vrier, Mars, Avril ou mi&nbsp;Juillet<\/td><td class=\"col-prix\"><strong class=\"prix-tableau\">7 500,00\u20ac*<\/strong><\/td><td class=\"col-btn\"><a href=\"https:\/\/www.calvin-thomas.com\/highschool\/contact\" target=\"_parent\" class=\"btn blanc middle\" rel=\"noopener\">demande d&#8217;info<\/a> <a href=\"https:\/\/www.calvin-thomas.com\/highschool\/inscription-sejours-scolaires\" target=\"_parent\" class=\"btn blanc middle\" rel=\"noopener\">s&#8217;inscrire<\/a><\/td><\/tr><tr><td class=\"col-titre\"><strong>1 semestre<\/strong><br><\/td><td class=\"col-departs\"><b>D\u00e9parts : <\/b> <br>Janvier ou mi&nbsp;Juillet<\/td><td class=\"col-prix\"><strong class=\"prix-tableau\">11 050,00\u20ac*<\/strong><\/td><td class=\"col-btn\"><a href=\"https:\/\/www.calvin-thomas.com\/highschool\/contact\" target=\"_parent\" class=\"btn blanc middle\" rel=\"noopener\">demande d&#8217;info<\/a> <a href=\"https:\/\/www.calvin-thomas.com\/highschool\/inscription-sejours-scolaires\" target=\"_parent\" class=\"btn blanc middle\" rel=\"noopener\">s&#8217;inscrire<\/a><\/td><\/tr><tr><td class=\"col-titre\"><strong>1 ann\u00e9e scolaire<\/strong><br><\/td><td class=\"col-departs\"><b>D\u00e9parts : <\/b> <br>Janvier ou mi&nbsp;Juillet**<\/td><td class=\"col-prix\"><strong class=\"prix-tableau\">13 050,00\u20ac*<\/strong><\/td><td class=\"col-btn\"><a href=\"https:\/\/www.calvin-thomas.com\/highschool\/contact\" target=\"_parent\" class=\"btn blanc middle\" rel=\"noopener\">demande d&#8217;info<\/a> <a href=\"https:\/\/www.calvin-thomas.com\/highschool\/inscription-sejours-scolaires\" target=\"_parent\" class=\"btn blanc middle\" rel=\"noopener\">s&#8217;inscrire<\/a><\/td><\/tr><\/tbody><\/table>\n\n\n\n<div class=\"wp-block-columns has-3-columns column_container-backgd bloc-sejours legende is-layout-flex wp-container-core-columns-is-layout-3 wp-block-columns-is-layout-flex\">\n<div class=\"wp-block-column is-layout-flow wp-block-column-is-layout-flow\">\n<p><strong>*Un surco\u00fbt de 100\u20ac est appliqu\u00e9 aux \u00e9tudiants en classe de terminale.<\/strong><\/p>\n\n\n\n<p><strong>*Le co\u00fbt du s\u00e9jour scolaire comprend : <\/strong><br><\/p>\n\n\n\n<ul>\n<li>la s\u00e9lection et l\u2019information du candidat (entretien, dossier&#8230;)<\/li>\n\n\n\n<li>l\u2019accueil en famille<\/li>\n\n\n\n<li>l\u2019encadrement pendant toute la dur\u00e9e du s\u00e9jour,<\/li>\n\n\n\n<li>l&#8217;enseignement scolaire et la pension compl\u00e8te (offerte par la famille d&#8217;accueil),<\/li>\n\n\n\n<li>le suivi,<\/li>\n\n\n\n<li>la mise \u00e0 disposition d\u2019un num\u00e9ro d\u2019urgence<br>le voyage en avion (aller\/retour) de l\u2019a\u00e9roport de Roissy \u00e0 la r\u00e9sidence de la famille d\u2019accueil,<br>les frais de transfert d\u2019a\u00e9roport dans le pays d\u2019accueil et les frais d\u2019accueil \u00e0 l\u2019arriv\u00e9e,<\/li>\n\n\n\n<li>les taxes d\u2019a\u00e9roport,<\/li>\n\n\n\n<li>l\u2019assurance,<\/li>\n\n\n\n<li>l\u2019assistance,<\/li>\n\n\n\n<li>les activit\u00e9s propos\u00e9es dans le cadre du programme,<\/li>\n\n\n\n<li>les frais administratifs,<\/li>\n\n\n\n<li>une r\u00e9union de pr\u00e9paration, si elle est programm\u00e9e par Calvin-Thomas.<\/li>\n<\/ul>\n<\/div>\n\n\n\n<div class=\"wp-block-column is-layout-flow wp-block-column-is-layout-flow\">\n<p><strong>*Le co\u00fbt du s\u00e9jour ne comprend pas :<\/strong><br><\/p>\n\n\n\n<ul>\n<li>les frais d\u2019inscription (75\u20ac),<br><\/li>\n\n\n\n<li>les frais \u00e9ventuels pour un d\u00e9part de province (qui serait mis en place par Calvin-Thomas sur demande), <br><\/li>\n\n\n\n<li>les frais \u00e9ventuels d&#8217;accompagnement UM (suite \u00e0 une demande des parents du participant, ou si cet accompagnement est impos\u00e9 par la compagnie a\u00e9rienne), <br><\/li>\n\n\n\n<li>les d\u00e9penses personnelles (argent de poche, loisirs, sorties non pr\u00e9vues dans le cadre du programme), <br><\/li>\n\n\n\n<li>l&#8217;option \u201cRetenues financi\u00e8res r\u00e9duites\u201d facultative (voir <a href=\"https:\/\/www.calvin-thomas.com\/highschool\/conditions-generales-vente\/\">nos conditions g\u00e9n\u00e9rales de vente<\/a>),<\/li>\n\n\n\n<li>les frais \u00e9ventuels de chancellerie et de visa,<br><\/li>\n\n\n\n<li>les excursions en option.<\/li>\n<\/ul>\n<\/div>\n\n\n\n<div class=\"wp-block-column is-layout-flow wp-block-column-is-layout-flow\">\n<p><strong>** \u00c0 savoir : <\/strong><br>partir une ann\u00e9e \u00e0 partir de mi-juillet a l\u2019avantage de respecter au plus possible votre scolarit\u00e9 fran\u00e7aise, mais a contrario, vous oblige \u00e0 arriver en milieu d\u2019ann\u00e9e scolaire sud-africaine. Ainsi, vous devez vous attendre \u00e0 partager potentiellement votre s\u00e9jour en 2 semestres (soit de classes et de niveaux diff\u00e9rents, soit du m\u00eame niveau, mais dans l\u2019ordre inverse \u2014 semestre 2 puis semestre 1 \u2014).<br>De plus, en partant mi-juillet, vous devez \u00e9galement noter que votre s\u00e9jour sera marqu\u00e9 par une longue p\u00e9riode de vacances scolaires estivales sud-africaines (de 2 mois sur d\u00e9cembre\/janvier). Votre famille d\u2019accueil ne sera pas n\u00e9cessairement en cong\u00e9s. Il vous faudra parfois faire preuve d\u2019initiative pour vous occuper en journ\u00e9e (b\u00e9n\u00e9volat, sport, rencontre avec des amis, etc.).<\/p>\n<\/div>\n<\/div>\n\n\n<p><\/section>\n\n\n\n<p class=\"temoignage titre-rubrique\">ILS SONT PARTIS AVEC CALVIN THOMAS<\/p>\n\n\n\n<figure class=\"wp-block-image temoignage\"><img decoding=\"async\" src=\"https:\/\/www.calvin-thomas.com\/highschool\/wp-content\/uploads\/sites\/4\/portrait-afrique-sud1.jpg\" alt=\"t\u00e9moignage de Lola partie en Afrique du Sud\" class=\"wp-image-1066\"\/><\/figure>\n\n\n\n<blockquote class=\"wp-block-quote has-text-align-center is-style-large temoignage is-layout-flow wp-block-quote-is-layout-flow\">\n<p><strong>Lola<\/strong><br>est partie en Afrique du Sud avec le programme HighSchool \u201cClassique\u201d<br><\/p>\n<cite>Je pense sinc\u00e8rement que si quelqu&#8217;un a l&#8217;occasion de faire cette exp\u00e9rience, il le devrait. M\u00eame si tout n&#8217;est pas tout le temps \u00e0 100% g\u00e9nial, que nos parents peuvent nous manquer, qu&#8217;on s&#8217;ennuie un petit peu parfois, c&#8217;est une exp\u00e9rience de vie g\u00e9niale, qui permet de d\u00e9couvrir une autre culture, un autre pays, d&#8217;autres gens, apprendre, s&#8217;am\u00e9liorer dans une autre langue. Je remercie ma famille du fond du c\u0153ur et Marcelle Byrne pour leur gentillesse, leur \u00e9coute et leur soutien.<\/cite><\/blockquote>\n","protected":false},"featured_media":80,"template":"","formules":[4],"ages":[18,19,20,21],"durees":[38,13,14,12],"departs":[26,24,23,29,27,25],"pays":[7],"uagb_featured_image_src":{"full":["https:\/\/www.calvin-thomas.com\/highschool\/wp-content\/uploads\/\/sites\/4\/entete-programme-afrique-sud.jpg",1280,600,false],"thumbnail":["https:\/\/www.calvin-thomas.com\/highschool\/wp-content\/uploads\/\/sites\/4\/entete-programme-afrique-sud-150x150.jpg",150,150,true],"medium":["https:\/\/www.calvin-thomas.com\/highschool\/wp-content\/uploads\/\/sites\/4\/entete-programme-afrique-sud-300x141.jpg",300,141,true],"medium_large":["https:\/\/www.calvin-thomas.com\/highschool\/wp-content\/uploads\/\/sites\/4\/entete-programme-afrique-sud-768x360.jpg",640,300,true],"large":["https:\/\/www.calvin-thomas.com\/highschool\/wp-content\/uploads\/\/sites\/4\/entete-programme-afrique-sud-1024x480.jpg",640,300,true],"1536x1536":["https:\/\/www.calvin-thomas.com\/highschool\/wp-content\/uploads\/\/sites\/4\/entete-programme-afrique-sud.jpg",1280,600,false],"2048x2048":["https:\/\/www.calvin-thomas.com\/highschool\/wp-content\/uploads\/\/sites\/4\/entete-programme-afrique-sud.jpg",1280,600,false],"gform-image-choice-sm":["https:\/\/www.calvin-thomas.com\/highschool\/wp-content\/uploads\/\/sites\/4\/entete-programme-afrique-sud.jpg",300,141,false],"gform-image-choice-md":["https:\/\/www.calvin-thomas.com\/highschool\/wp-content\/uploads\/\/sites\/4\/entete-programme-afrique-sud.jpg",400,188,false],"gform-image-choice-lg":["https:\/\/www.calvin-thomas.com\/highschool\/wp-content\/uploads\/\/sites\/4\/entete-programme-afrique-sud.jpg",600,281,false]},"uagb_author_info":{"display_name":"redac-calvinthomas","author_link":"https:\/\/www.calvin-thomas.com\/highschool\/author\/"},"uagb_comment_info":0,"uagb_excerpt":"\u00c0 PARTIR DE 7 050 \u20ac 15-18 ANS* 2 MOIS \/ TRIMESTRE \/ SEMESTRE \/ ANN\u00c9E SCOLAIRE FAMILLE INDEMINIS\u00c9E \u00c9COLE CLASSIQUE JANVIER, F\u00c9VRIER, MARS, AVRIL, MAI, JUILLET VOL INCLUS \u00c0 PARTIR DE 7 050 \u20ac EN SAVOIR PLUS","_links":{"self":[{"href":"https:\/\/www.calvin-thomas.com\/highschool\/wp-json\/wp\/v2\/sejour-scolaire\/323"}],"collection":[{"href":"https:\/\/www.calvin-thomas.com\/highschool\/wp-json\/wp\/v2\/sejour-scolaire"}],"about":[{"href":"https:\/\/www.calvin-thomas.com\/highschool\/wp-json\/wp\/v2\/types\/sejour-scolaire"}],"wp:featuredmedia":[{"embeddable":true,"href":"https:\/\/www.calvin-thomas.com\/highschool\/wp-json\/wp\/v2\/media\/80"}],"wp:attachment":[{"href":"https:\/\/www.calvin-thomas.com\/highschool\/wp-json\/wp\/v2\/media?parent=323"}],"wp:term":[{"taxonomy":"formules","embeddable":true,"href":"https:\/\/www.calvin-thomas.com\/highschool\/wp-json\/wp\/v2\/formules?post=323"},{"taxonomy":"ages","embeddable":true,"href":"https:\/\/www.calvin-thomas.com\/highschool\/wp-json\/wp\/v2\/ages?post=323"},{"taxonomy":"durees","embeddable":true,"href":"https:\/\/www.calvin-thomas.com\/highschool\/wp-json\/wp\/v2\/durees?post=323"},{"taxonomy":"departs","embeddable":true,"href":"https:\/\/www.calvin-thomas.com\/highschool\/wp-json\/wp\/v2\/departs?post=323"},{"taxonomy":"pays","embeddable":true,"href":"https:\/\/www.calvin-thomas.com\/highschool\/wp-json\/wp\/v2\/pays?post=323"}],"curies":[{"name":"wp","href":"https:\/\/api.w.org\/{rel}","templated":true}]}}