{"id":332,"date":"2018-12-06T18:28:07","date_gmt":"2018-12-06T17:28:07","guid":{"rendered":"https:\/\/www.calvin-thomas.com\/highschool\/?post_type=sejour-scolaire&#038;p=332"},"modified":"2025-08-01T08:49:59","modified_gmt":"2025-08-01T06:49:59","slug":"afrique-du-sud-select","status":"publish","type":"sejour-scolaire","link":"https:\/\/www.calvin-thomas.com\/highschool\/sejour-scolaire\/afrique-du-sud-select\/","title":{"rendered":"Afrique du Sud"},"content":{"rendered":"\n<div class=\"wp-block-columns has-7-columns column_container barre-icones is-layout-flex wp-container-core-columns-is-layout-1 wp-block-columns-is-layout-flex\">\n<div class=\"wp-block-column is-layout-flow wp-block-column-is-layout-flow\">\n<p class=\"has-text-align-center age\">15-18 ANS<\/p>\n<\/div>\n\n\n\n<div class=\"wp-block-column is-layout-flow wp-block-column-is-layout-flow\">\n<p class=\"has-text-align-center duree\">TRIMESTRE \/ SEMESTRE \/ ANN\u00c9E SCOLAIRE<\/p>\n<\/div>\n\n\n\n<div class=\"wp-block-column is-layout-flow wp-block-column-is-layout-flow\">\n<p class=\"has-text-align-center hebergement\">FAMILLE INDEMNIS\u00c9E<\/p>\n<\/div>\n\n\n\n<div class=\"wp-block-column is-layout-flow wp-block-column-is-layout-flow\">\n<p class=\"has-text-align-center ecole\">\u00c9COLE AU CHOIX<br><\/p>\n<\/div>\n\n\n\n<div class=\"wp-block-column is-layout-flow wp-block-column-is-layout-flow\">\n<p class=\"has-text-align-center depart\">JANVIER, F\u00c9VRIER, MARS, AVRIL, JUILLET<\/p>\n<\/div>\n\n\n\n<div class=\"wp-block-column is-layout-flow wp-block-column-is-layout-flow\">\n<p class=\"has-text-align-center vol\">VOL NON INCLUS<br><\/p>\n<\/div>\n\n\n\n<div class=\"wp-block-column prix is-layout-flow wp-block-column-is-layout-flow\">\n<p class=\"tarifs\">\u00c0 PARTIR DE <br><strong>9 200 \u20ac<\/strong><\/p>\n\n\n\n<!--more-->\n<\/div>\n<\/div>\n\n\n\n<div class=\"wp-block-columns has-2-columns column_container column-centre is-layout-flex wp-container-core-columns-is-layout-2 wp-block-columns-is-layout-flex\">\n<div class=\"wp-block-column is-layout-flow wp-block-column-is-layout-flow\">\n<figure class=\"wp-block-image is-resized img-direction\"><img decoding=\"async\" src=\"https:\/\/www.calvin-thomas.com\/highschool\/wp-content\/uploads\/sites\/4\/carte-highschool-afrique-sud_01.png\" alt=\"Direction Afrique du Sud\" class=\"wp-image-110\" style=\"width:348px;height:150px\"\/><\/figure>\n\n\n\n<figure class=\"wp-block-image is-resized img-direction\"><img decoding=\"async\" src=\"https:\/\/www.calvin-thomas.com\/highschool\/wp-content\/uploads\/sites\/4\/carte-highschool-afrique-sud_02.png\" alt=\"S\u00e9jour Scolaire en Afrique du Sud\" class=\"wp-image-111\" style=\"width:347px;height:221px\"\/><\/figure>\n\n\n\n<p class=\"intro\"><strong>Entre deux oc\u00e9ans, d\u00e9couvrez ce pays de contrastes aux paysages \u00e9poustouflants. Son histoire, sa culture, ses habitants\u2026 Partir en Afrique du Sud, c\u2019est l\u2019occasion de vivre une exp\u00e9rience humaine \u00e0 part enti\u00e8re sur la r\u00e9gion du Cap.<br>Dans cette formule de s\u00e9jour scolaire en Afrique du Sud \u201cChoice +\u201d,  le participant choisit son \u00e9cole parmi celles propos\u00e9es par Calvin-Thomas.<\/strong><\/p>\n\n\n\n<p><br><\/p>\n\n\n\n<h2 class=\"wp-block-heading\">Nos lyc\u00e9es sud-africains<br><\/h2>\n\n\n\n<p>Le syst\u00e8me scolaire sud-africain est inspir\u00e9 du syst\u00e8me scolaire britannique traditionnel. Le niveau d\u2019\u00e9tudes y est \u00e9lev\u00e9 ; l\u2019anglais est la principale mati\u00e8re enseign\u00e9e (pratiquement tous les cours sont dispens\u00e9s dans cette langue). Mais d\u2019autres langues ont \u00e9galement leur place : Zulu, Sotho Tswana, Afrikaner\u2026 et les \u00e9tudiants \u00e9trangers ont la possibilit\u00e9 de d\u00e9couvrir ces langues durant leur s\u00e9jour. <\/p>\n\n\n\n<p>Nos \u00e9coles partenaires sont payantes et peuvent \u00eatre aussi bien publiques que priv\u00e9es.<br>Elles ont des moyens plus importants que les \u00e9coles publiques non payantes, permettent de garantir certaines activit\u00e9s et d\u2019offrir au participant un encadrement de proximit\u00e9.<br>Elles sont localis\u00e9es dans la r\u00e9gion du Cap.<\/p>\n\n\n\n<p><a class=\"btn couleur large\" href=\"https:\/\/www.calvin-thomas.com\/highschool\/lycees-afrique-sud\">Voir nos lyc\u00e9es sud-africains partenaires<\/a><\/p>\n\n\n\n<h2 class=\"wp-block-heading\">L&#8217;accueil en famille sud-africaine<br><\/h2>\n\n\n\n<p>Les participants sont g\u00e9n\u00e9ralement plac\u00e9s dans des familles de classe moyenne, qui vivent dans les environs des grandes villes. Ils ne sont presque jamais plac\u00e9s dans le centre de ces villes. <br>La s\u00e9lection des familles tient \u00e9videmment compte des questions de s\u00e9curit\u00e9, du contexte et de l&#8217;environnement.<\/p>\n\n\n\n<p>D&#8217;une fa\u00e7on g\u00e9n\u00e9rale, les Sud-Africains v\u00e9n\u00e8rent le soleil, les activit\u00e9s d&#8217;ext\u00e9rieur, le sport, la musique, les rencontres sociales. Ils sont r\u00e9put\u00e9s pour leur hospitalit\u00e9, leur d\u00e9sir de s&#8217;ouvrir et de conna\u00eetre l&#8217;\u00e9tranger. La religion a une place importante dans la soci\u00e9t\u00e9 sud-africaine. Il faut savoir que dans les heures sombres de l&#8217;Apartheid, celle-ci a repr\u00e9sent\u00e9 pour la majorit\u00e9 du peuple sud-africain une force importante de r\u00e9sistance.<\/p>\n\n\n\n<div style=\"height:50px\" aria-hidden=\"true\" class=\"wp-block-spacer\"><\/div>\n<\/div>\n\n\n\n<div class=\"wp-block-column is-layout-flow wp-block-column-is-layout-flow\"><section class=\"bloc-atouts\"><\/p>\n\n\n\n<h3 class=\"wp-block-heading\"><strong>Les points forts<\/strong> de ce s\u00e9jour scolaire en Afrique du Sud<br><\/h3>\n\n\n\n<ol>\n<li><strong>Une exp\u00e9rience humaine riche<\/strong><br><\/li>\n\n\n\n<li><strong>De nombreuses dates de d\u00e9part<\/strong> possible<br><\/li>\n\n\n\n<li><strong>La possibilit\u00e9 de choisir son lyc\u00e9e<\/strong> et donc sa r\u00e9gion de placement<br><\/li>\n\n\n\n<li><strong>L\u2019exotisme et l\u2019enrichissement personnel<\/strong> au rendez-vous \u00e0 coup s\u00fbr<\/li>\n<\/ol>\n\n\n<p><\/section>\n\n\n<section class=\"bloc-atouts\"><\/p>\n\n\n\n<h3 class=\"wp-block-heading\"><strong>Financez votre s\u00e9jour <\/strong>gr\u00e2ce au partenariat avec l\u2019association Les Fauvettes<\/h3>\n\n\n\n<p>Tous les s\u00e9jours High School de Calvin-Thomas sont subventionn\u00e9s sans condition de ressources. <br><strong>Offre r\u00e9serv\u00e9e \u00e0 tout le personnel du minist\u00e8re de l\u2019\u00c9ducation Nationale, qu\u2019il soit enseignant ou non. <\/strong><br>Votre dossier de demande de subvention est trait\u00e9 directement par Calvin-Thomas. Pour plus de renseignements, consulter le site <a href=\"https:\/\/www.les-fauvettes.fr \">les-fauvettes.fr&nbsp;<\/a><\/p>\n\n\n\n<p>\u2014 Bourse de 500 \u20ac*<br>*moins adh\u00e9sion 24 euros pour les non-membres des Fauvettes.<br><\/p>\n\n\n<p><\/section>\n\n\n<section class=\"bloc-contact\"><\/p>\n\n\n\n<h3 class=\"wp-block-heading has-text-align-center\">Besoin d&#8217;information ?<\/h3>\n\n\n\n<p>Notre \u00e9quipe et nos conseillers locaux sont \u00e0 votre disposition.<\/p>\n\n\n\n<p class=\"has-text-align-center\"><a class=\"btn middle grey\" href=\"https:\/\/www.calvin-thomas.com\/highschool\/informations-pratiques\/contacts-reunions-conseillers-calvin-thomas\/\">Contactez-nous !<\/a><\/p>\n\n\n<p><\/section>\n<\/div>\n<\/div>\n\n\n\n<figure class=\"wp-block-gallery has-nested-images columns-default is-cropped wp-block-gallery-1 is-layout-flex wp-block-gallery-is-layout-flex\">\n<figure class=\"wp-block-image\"><img decoding=\"async\" data-id=\"187\" src=\"https:\/\/www.calvin-thomas.com\/highschool\/wp-content\/uploads\/sites\/4\/afrique-sud2_01.jpg\" alt=\"\" class=\"wp-image-187\"\/><\/figure>\n\n\n\n<figure class=\"wp-block-image\"><img decoding=\"async\" data-id=\"186\" src=\"https:\/\/www.calvin-thomas.com\/highschool\/wp-content\/uploads\/sites\/4\/afrique-sud2_02.jpg\" alt=\"\" class=\"wp-image-186\"\/><\/figure>\n\n\n\n<figure class=\"wp-block-image\"><img decoding=\"async\" data-id=\"188\" src=\"https:\/\/www.calvin-thomas.com\/highschool\/wp-content\/uploads\/sites\/4\/afrique-sud2_03.jpg\" alt=\"\" class=\"wp-image-188\"\/><\/figure>\n\n\n\n<figure class=\"wp-block-image\"><img decoding=\"async\" data-id=\"191\" src=\"https:\/\/www.calvin-thomas.com\/highschool\/wp-content\/uploads\/sites\/4\/afrique-sud2_04.jpg\" alt=\"\" class=\"wp-image-191\"\/><\/figure>\n\n\n\n<figure class=\"wp-block-image\"><img decoding=\"async\" data-id=\"189\" src=\"https:\/\/www.calvin-thomas.com\/highschool\/wp-content\/uploads\/sites\/4\/afrique-sud2_05.jpg\" alt=\"\" class=\"wp-image-189\"\/><\/figure>\n\n\n\n<figure class=\"wp-block-image\"><img decoding=\"async\" data-id=\"190\" src=\"https:\/\/www.calvin-thomas.com\/highschool\/wp-content\/uploads\/sites\/4\/afrique-sud2_06.jpg\" alt=\"\" class=\"wp-image-190\"\/><\/figure>\n<\/figure>\n\n\n<section class=\"section-bleu\"><\/p>\n\n\n\n<h2 class=\"wp-block-heading has-text-align-center bloc-sejours content-centrer\">Nos s\u00e9jours 2026<\/h2>\n\n\n\n<p class=\"has-text-align-center content-centrer\">Tarifs, disponibilit\u00e9s et renseignements pour ce s\u00e9jour sud-africain<\/p>\n\n\n\n<div style=\"height:30px\" aria-hidden=\"true\" class=\"wp-block-spacer\"><\/div>\n\n\n\n<table class=\"wp-block-table tableau-tarifs\"><tbody><tr><td class=\"col-titre\"><strong>1 trimestre<\/strong><br><\/td><td class=\"col-departs\">D\u00e9parts : <br>Janvier, F\u00e9vrier, Mars, Avril ou mi&nbsp;Juillet<\/td><td class=\"col-prix\"><strong class=\"prix-tableau\">9 200,00\u20ac*<\/strong><\/td><td class=\"col-btn\"><a href=\"https:\/\/www.calvin-thomas.com\/highschool\/contact\" target=\"_parent\" class=\"btn blanc middle\" rel=\"noopener\">demande d&#8217;info<\/a> <a href=\"https:\/\/www.calvin-thomas.com\/highschool\/inscription-sejours-scolaires\" target=\"_parent\" class=\"btn blanc middle\" rel=\"noopener\">s&#8217;inscrire<\/a><\/td><\/tr><tr><td class=\"col-titre\"><strong>1 semestre<\/strong><br><\/td><td class=\"col-departs\">D\u00e9parts : <br>Janvier ou mi&nbsp;Juillet<\/td><td class=\"col-prix\"><strong class=\"prix-tableau\">12 600,00\u20ac*<\/strong><\/td><td class=\"col-btn\"><a href=\"https:\/\/www.calvin-thomas.com\/highschool\/contact\" target=\"_parent\" class=\"btn blanc middle\" rel=\"noopener\">demande d&#8217;info<\/a> <a href=\"https:\/\/www.calvin-thomas.com\/highschool\/inscription-sejours-scolaires\" target=\"_parent\" class=\"btn blanc middle\" rel=\"noopener\">s&#8217;inscrire<\/a><\/td><\/tr><tr><td class=\"col-titre\"><strong>1 ann\u00e9e scolaire<\/strong><br><\/td><td class=\"col-departs\">D\u00e9parts : <br>Janvier ou mi&nbsp;Juillet**<\/td><td class=\"col-prix\"><strong class=\"prix-tableau\">16 500,00\u20ac*<\/strong><\/td><td class=\"col-btn\"><a href=\"https:\/\/www.calvin-thomas.com\/highschool\/contact\" target=\"_parent\" class=\"btn blanc middle\" rel=\"noopener\">demande d&#8217;info<\/a> <a href=\"https:\/\/www.calvin-thomas.com\/highschool\/inscription-sejours-scolaires\" target=\"_parent\" class=\"btn blanc middle\" rel=\"noopener\">s&#8217;inscrire<\/a><\/td><\/tr><\/tbody><\/table>\n\n\n\n<div class=\"wp-block-columns has-3-columns column_container-backgd bloc-sejours legende is-layout-flex wp-container-core-columns-is-layout-3 wp-block-columns-is-layout-flex\">\n<div class=\"wp-block-column is-layout-flow wp-block-column-is-layout-flow\">\n<p><strong>*Un surco\u00fbt de 100\u20ac est appliqu\u00e9 aux \u00e9tudiants en classe de terminale.<\/strong><\/p>\n\n\n\n<p><strong>*Le co\u00fbt du s\u00e9jour scolaire comprend : <\/strong><br><\/p>\n\n\n\n<ul>\n<li>la s\u00e9lection et l\u2019information du candidat (entretien, dossier&#8230;)<\/li>\n\n\n\n<li>l\u2019accueil en famille<\/li>\n\n\n\n<li>l\u2019encadrement pendant toute la dur\u00e9e du s\u00e9jour,<\/li>\n\n\n\n<li>l&#8217;enseignement scolaire et la pension compl\u00e8te (offerte par la famille d\u2019accueil),<\/li>\n\n\n\n<li>le suivi,<\/li>\n\n\n\n<li>la mise \u00e0 disposition d\u2019un num\u00e9ro d\u2019urgence,<\/li>\n\n\n\n<li>l\u2019assurance, <\/li>\n\n\n\n<li>l\u2019assistance,<\/li>\n\n\n\n<li>les activit\u00e9s propos\u00e9es dans le cadre du programme,<\/li>\n\n\n\n<li>les frais administratifs,<\/li>\n\n\n\n<li>une r\u00e9union de pr\u00e9paration, si elle est programm\u00e9e par Calvin-Thomas.<\/li>\n<\/ul>\n<\/div>\n\n\n\n<div class=\"wp-block-column is-layout-flow wp-block-column-is-layout-flow\">\n<p><strong>*Le co\u00fbt du s\u00e9jour ne comprend pas :<\/strong><br><\/p>\n\n\n\n<ul>\n<li>les frais d\u2019inscription (75\u20ac),<br><\/li>\n\n\n\n<li>les frais \u00e9ventuels pour un d\u00e9part de province (qui serait mis en place par Calvin-Thomas sur demande), <\/li>\n\n\n\n<li>le voyage en avion (aller\/retour) de l\u2019a\u00e9roport de Roissy \u00e0 la r\u00e9sidence de la famille d\u2019accueil,<\/li>\n\n\n\n<li>les frais de transfert d\u2019a\u00e9roport dans le pays d\u2019accueil et les frais d\u2019accueil \u00e0 l\u2019arriv\u00e9e,<\/li>\n\n\n\n<li>les taxes d\u2019a\u00e9roport,<br><\/li>\n\n\n\n<li>les frais \u00e9ventuels d&#8217;accompagnement UM (suite \u00e0 une demande des parents du participant, ou si cet accompagnement est impos\u00e9 par la compagnie a\u00e9rienne), <br><\/li>\n\n\n\n<li>les d\u00e9penses personnelles (argent de poche, loisirs, sorties non pr\u00e9vues dans le cadre du programme), <br><\/li>\n\n\n\n<li>l&#8217;option \u201cRetenues financi\u00e8res r\u00e9duites\u201d facultative (voir <a href=\"https:\/\/www.calvin-thomas.com\/highschool\/conditions-generales-vente\/\">nos conditions g\u00e9n\u00e9rales de vente<\/a>), <\/li>\n\n\n\n<li>les frais \u00e9ventuels de chancellerie et de visa,<br><\/li>\n\n\n\n<li>les excursions en option.<\/li>\n<\/ul>\n<\/div>\n\n\n\n<div class=\"wp-block-column is-layout-flow wp-block-column-is-layout-flow\">\n<p><strong>** \u00c0 savoir : <br><\/strong>partir une ann\u00e9e \u00e0 partir de mi-juillet a l\u2019avantage de respecter au plus possible votre scolarit\u00e9 fran\u00e7aise, mais, a contrario, vous oblige \u00e0 arriver en milieu d\u2019ann\u00e9e scolaire sud-africaine. Ainsi, vous devez vous attendre \u00e0 partager potentiellement votre s\u00e9jour en 2 semestres (soit de classes et de niveaux diff\u00e9rents, soit du m\u00eame niveau, mais dans l\u2019ordre inverse \u2014 semestre 2 puis semestre 1 \u2014).<strong><br><\/strong>De plus, en partant mi-juillet, vous devez \u00e9galement noter que votre s\u00e9jour sera marqu\u00e9 par une longue p\u00e9riode de vacances scolaires estivales sud-africaines (de 2 mois sur d\u00e9cembre\/janvier). Votre famille d\u2019accueil ne sera pas n\u00e9cessairement en cong\u00e9s. Il vous faudra parfois faire preuve d\u2019initiative pour vous occuper en journ\u00e9e (b\u00e9n\u00e9volat, sport, rencontre avec des amis, etc.).<\/p>\n<\/div>\n<\/div>\n\n\n<p><\/section>\n\n\n\n<p class=\"temoignage titre-rubrique\">ILS SONT PARTIS AVEC CALVIN THOMAS<\/p>\n\n\n\n<figure class=\"wp-block-image temoignage\"><img decoding=\"async\" src=\"https:\/\/www.calvin-thomas.com\/highschool\/wp-content\/uploads\/sites\/4\/portrait-afrique-sud2.jpg\" alt=\"t\u00e9moignage de C\u00e9cile partie en Afrique du Sud\" class=\"wp-image-1065\"\/><\/figure>\n\n\n\n<blockquote class=\"wp-block-quote has-text-align-center is-style-large temoignage is-layout-flow wp-block-quote-is-layout-flow\">\n<p><strong>C\u00e9cile<\/strong><br>est partie en Afrique du Sud avec le programme HighSchool \u201cChoix de l&#8217;\u00e9cole\u201d<br><\/p>\n<cite>Le trimestre que j\u2019ai pass\u00e9 ici va marquer mon avenir. Je suis fi\u00e8re de pouvoir dire que j\u2019ai fait d\u2019\u00e9normes progr\u00e8s en anglais, au niveau de la conversation, de la grammaire et de l\u2019\u00e9criture. Humainement, c\u2019est une exp\u00e9rience hors du commun : ce pays est \u00e0 pr\u00e9sent dans mes veines. Il est en moi ; il fait partie de ma vie.<\/cite><\/blockquote>\n","protected":false},"featured_media":79,"template":"","formules":[2],"ages":[18,19,20,21],"durees":[13,14,12],"departs":[26,24,23,29,25],"pays":[7],"uagb_featured_image_src":{"full":["https:\/\/www.calvin-thomas.com\/highschool\/wp-content\/uploads\/\/sites\/4\/entete-programme-afrique-sud-2.jpg",1280,600,false],"thumbnail":["https:\/\/www.calvin-thomas.com\/highschool\/wp-content\/uploads\/\/sites\/4\/entete-programme-afrique-sud-2-150x150.jpg",150,150,true],"medium":["https:\/\/www.calvin-thomas.com\/highschool\/wp-content\/uploads\/\/sites\/4\/entete-programme-afrique-sud-2-300x141.jpg",300,141,true],"medium_large":["https:\/\/www.calvin-thomas.com\/highschool\/wp-content\/uploads\/\/sites\/4\/entete-programme-afrique-sud-2-768x360.jpg",640,300,true],"large":["https:\/\/www.calvin-thomas.com\/highschool\/wp-content\/uploads\/\/sites\/4\/entete-programme-afrique-sud-2-1024x480.jpg",640,300,true],"1536x1536":["https:\/\/www.calvin-thomas.com\/highschool\/wp-content\/uploads\/\/sites\/4\/entete-programme-afrique-sud-2.jpg",1280,600,false],"2048x2048":["https:\/\/www.calvin-thomas.com\/highschool\/wp-content\/uploads\/\/sites\/4\/entete-programme-afrique-sud-2.jpg",1280,600,false],"gform-image-choice-sm":["https:\/\/www.calvin-thomas.com\/highschool\/wp-content\/uploads\/\/sites\/4\/entete-programme-afrique-sud-2.jpg",300,141,false],"gform-image-choice-md":["https:\/\/www.calvin-thomas.com\/highschool\/wp-content\/uploads\/\/sites\/4\/entete-programme-afrique-sud-2.jpg",400,188,false],"gform-image-choice-lg":["https:\/\/www.calvin-thomas.com\/highschool\/wp-content\/uploads\/\/sites\/4\/entete-programme-afrique-sud-2.jpg",600,281,false]},"uagb_author_info":{"display_name":"redac-calvinthomas","author_link":"https:\/\/www.calvin-thomas.com\/highschool\/author\/"},"uagb_comment_info":0,"uagb_excerpt":"\u00c0 PARTIR DE 9 200 \u20ac 15-18 ANS TRIMESTRE \/ SEMESTRE \/ ANN\u00c9E SCOLAIRE FAMILLE INDEMNIS\u00c9E \u00c9COLE AU CHOIX JANVIER, F\u00c9VRIER, MARS, AVRIL, JUILLET VOL NON INCLUS \u00c0 PARTIR DE 9 200 \u20ac EN SAVOIR PLUS","_links":{"self":[{"href":"https:\/\/www.calvin-thomas.com\/highschool\/wp-json\/wp\/v2\/sejour-scolaire\/332"}],"collection":[{"href":"https:\/\/www.calvin-thomas.com\/highschool\/wp-json\/wp\/v2\/sejour-scolaire"}],"about":[{"href":"https:\/\/www.calvin-thomas.com\/highschool\/wp-json\/wp\/v2\/types\/sejour-scolaire"}],"wp:featuredmedia":[{"embeddable":true,"href":"https:\/\/www.calvin-thomas.com\/highschool\/wp-json\/wp\/v2\/media\/79"}],"wp:attachment":[{"href":"https:\/\/www.calvin-thomas.com\/highschool\/wp-json\/wp\/v2\/media?parent=332"}],"wp:term":[{"taxonomy":"formules","embeddable":true,"href":"https:\/\/www.calvin-thomas.com\/highschool\/wp-json\/wp\/v2\/formules?post=332"},{"taxonomy":"ages","embeddable":true,"href":"https:\/\/www.calvin-thomas.com\/highschool\/wp-json\/wp\/v2\/ages?post=332"},{"taxonomy":"durees","embeddable":true,"href":"https:\/\/www.calvin-thomas.com\/highschool\/wp-json\/wp\/v2\/durees?post=332"},{"taxonomy":"departs","embeddable":true,"href":"https:\/\/www.calvin-thomas.com\/highschool\/wp-json\/wp\/v2\/departs?post=332"},{"taxonomy":"pays","embeddable":true,"href":"https:\/\/www.calvin-thomas.com\/highschool\/wp-json\/wp\/v2\/pays?post=332"}],"curies":[{"name":"wp","href":"https:\/\/api.w.org\/{rel}","templated":true}]}}