{"id":3429,"date":"2025-12-08T11:26:28","date_gmt":"2025-12-08T10:26:28","guid":{"rendered":"https:\/\/www.calvin-thomas.com\/highschool\/?post_type=sejour-scolaire&#038;p=3429"},"modified":"2025-12-11T10:37:35","modified_gmt":"2025-12-11T09:37:35","slug":"irlande-classique","status":"publish","type":"sejour-scolaire","link":"https:\/\/www.calvin-thomas.com\/highschool\/sejour-scolaire\/irlande-classique\/","title":{"rendered":"Irlande"},"content":{"rendered":"\n<div class=\"wp-block-columns has-7-columns column_container barre-icones is-layout-flex wp-container-core-columns-is-layout-1 wp-block-columns-is-layout-flex\">\n<div class=\"wp-block-column is-layout-flow wp-block-column-is-layout-flow\">\n<p class=\"has-text-align-center age\">13-18 ANS<\/p>\n<\/div>\n\n\n\n<div class=\"wp-block-column is-layout-flow wp-block-column-is-layout-flow\">\n<p class=\"has-text-align-center duree\">TRIMESTRE \/ SEMESTRE \/ ANN\u00c9E SCOLAIRE<br><\/p>\n<\/div>\n\n\n\n<div class=\"wp-block-column is-layout-flow wp-block-column-is-layout-flow\">\n<p class=\"has-text-align-center hebergement\">FAMILLE INDEMNIS\u00c9E<\/p>\n<\/div>\n\n\n\n<div class=\"wp-block-column is-layout-flow wp-block-column-is-layout-flow\">\n<p class=\"has-text-align-center ecole\">\u00c9COLE CLASSIQUE OU PRIV\u00c9E<br><\/p>\n<\/div>\n\n\n\n<div class=\"wp-block-column is-layout-flow wp-block-column-is-layout-flow\">\n<p class=\"has-text-align-center depart\">JANVIER, AVRIL, SEPTEMBRE<\/p>\n<\/div>\n\n\n\n<div class=\"wp-block-column is-layout-flow wp-block-column-is-layout-flow\">\n<p class=\"has-text-align-center vol\">VOL NON INCLUS<br><\/p>\n<\/div>\n\n\n\n<div class=\"wp-block-column prix is-layout-flow wp-block-column-is-layout-flow\">\n<p class=\"tarifs\">\u00c0 PARTIR DE <br><strong>10 900 \u20ac<\/strong><\/p>\n\n\n\n<!--more-->\n<\/div>\n<\/div>\n\n\n\n<div class=\"wp-block-columns has-2-columns column_container column-centre is-layout-flex wp-container-core-columns-is-layout-2 wp-block-columns-is-layout-flex\">\n<div class=\"wp-block-column is-layout-flow wp-block-column-is-layout-flow\">\n<figure class=\"wp-block-image img-direction\"><img decoding=\"async\" src=\"https:\/\/www.calvin-thomas.com\/highschool\/wp-content\/uploads\/\/sites\/4\/direction-irlande.png\" alt=\"Direction Irlande\" class=\"wp-image-110\"\/><\/figure>\n\n\n\n<figure class=\"wp-block-image img-direction\"><img decoding=\"async\" src=\"https:\/\/www.calvin-thomas.com\/highschool\/wp-content\/uploads\/\/sites\/4\/carte-irlande.png\" alt=\"S\u00e9jour scolaire en Irlande\" class=\"wp-image-111\"\/><\/figure>\n\n\n\n<p class=\"intro\"><strong>\u00c0 quelques heures de vol, l\u2019Irlande d\u00e9voile une immersion anglophone authentique, port\u00e9e par la chaleur de ses habitants et la beaut\u00e9 brute de ses paysages. <\/strong><br><strong>Une destination proche, accessible, mais profond\u00e9ment d\u00e9paysante, o\u00f9 l\u2019on d\u00e9couvre un pays \u00e0 taille humaine, riche en culture, en histoire et en rencontres.<\/strong><\/p>\n\n\n\n<p class=\"intro\"><strong>La seule condition : avoir un niveau d\u2019anglais interm\u00e9diaire (il pourra \u00eatre \u00e9valu\u00e9 par notre \u00e9quipe)<\/strong>.<\/p>\n\n\n\n<h2 class=\"wp-block-heading\">Destination l&#8217;Irlande<br><\/h2>\n\n\n\n<p>L\u2019Irlande, c\u2019est l\u2019alliance des traditions celtiques, du dynamisme moderne et de la nature verdoyante \u00e0 perte de vue. <\/p>\n\n\n\n<p>L\u2019\u00eele offre \u00e9galement un <strong>cadre unique pour apprendre l\u2019anglais autrement.<\/strong><br>Et notre programme offre cette <strong>immersion totale dans un pays anglophone proche<\/strong>, articul\u00e9e autour d&#8217;une exp\u00e9rience scolaire enrichissante et d&#8217;un accueil familial inoubliable, le tout <strong>facilement accessible <\/strong>\u2014 gr\u00e2ce \u00e0 des vols courts et une logistique simple \u2014.<\/p>\n\n\n\n<h2 class=\"wp-block-heading\">Une immersion scolaire inoubliable dans un lyc\u00e9e irlandais<br><\/h2>\n\n\n\n<p>Ce programme <strong>HighSchool Irlande<\/strong> offre une immersion compl\u00e8te au sein de lyc\u00e9es <strong>publics ou priv\u00e9s<\/strong>, <strong>mixtes ou non mixtes<\/strong>, situ\u00e9s dans un rayon de <strong>3 heures maximum de Dublin<\/strong>. Les \u00e9l\u00e8ves int\u00e8grent des \u00e9tablissements reconnus pour leur encadrement et la richesse de leur environnement \u00e9ducatif.<\/p>\n\n\n\n<p>Les lyc\u00e9es irlandais proposent <strong>jusqu\u2019\u00e0 12 mati\u00e8res diff\u00e9rentes<\/strong>, couvrant aussi bien les sciences que les arts, ainsi qu\u2019un large choix de <strong>clubs et associations<\/strong> favorisant l\u2019\u00e9panouissement personnel, l\u2019esprit d\u2019\u00e9quipe et la d\u00e9couverte de nouvelles passions.<\/p>\n\n\n\n<p>Pour les jeunes de <strong>15 \u00e0 16 ans<\/strong>, le programme offre la possibilit\u00e9 de vivre la c\u00e9l\u00e8bre <strong>Transition Year<\/strong>, une ann\u00e9e unique plac\u00e9e entre la seconde et la premi\u00e8re. Elle met l\u2019accent sur le <strong>d\u00e9veloppement personnel<\/strong>, les projets interdisciplinaires et la <strong>d\u00e9couverte du monde professionnel<\/strong>, permettant aux \u00e9l\u00e8ves de gagner en maturit\u00e9 et en confiance avant de poursuivre leur parcours scolaire.<\/p>\n\n\n\n<h2 class=\"wp-block-heading\">Un h\u00e9bergement en famille d\u2019accueil pour une immersion 100 % r\u00e9ussie<br><\/h2>\n\n\n\n<p>L\u2019h\u00e9bergement se fait en <strong>famille d\u2019accueil soigneusement s\u00e9lectionn\u00e9e<\/strong>, avec ou sans enfants, afin d\u2019offrir un cadre chaleureux et s\u00e9curis\u00e9. Les \u00e9tudiants disposent d\u2019une <strong>chambre individuelle ou partag\u00e9e \u00e0 deux<\/strong>, avec la garantie d\u2019\u00eatre le <strong>seul francophone<\/strong> au sein du foyer. <\/p>\n\n\n\n<p>La <strong>pension compl\u00e8te<\/strong> est incluse, et la famille s\u2019engage \u00e0 int\u00e9grer pleinement l\u2019\u00e9l\u00e8ve \u00e0 sa <strong>vie quotidienne et \u00e0 ses activit\u00e9s<\/strong>. <\/p>\n\n\n\n<p><br><\/p>\n\n\n\n<div style=\"height:50px\" aria-hidden=\"true\" class=\"wp-block-spacer\"><\/div>\n<\/div>\n\n\n\n<div class=\"wp-block-column is-layout-flow wp-block-column-is-layout-flow\"><section class=\"bloc-atouts\"><\/p>\n\n\n\n<h3 class=\"wp-block-heading\"><strong>Les points forts<\/strong> de ce s\u00e9jour scolaire en Irlande<br><\/h3>\n\n\n\n<ol>\n<li><strong>le s\u00e9jour id\u00e9al pour un premier d\u00e9part \u00e0 l\u2019\u00e9tranger<\/strong><br><\/li>\n\n\n\n<li><strong>La possibilit\u00e9 de rentrer en France pendant les vacances scolaires<\/strong><\/li>\n\n\n\n<li><strong>Un syst\u00e8me scolaire bienveillant,<\/strong> r\u00e9put\u00e9 pour sa p\u00e9dagogie centr\u00e9e sur l\u2019\u00e9panouissement et la grande proximit\u00e9 entre professeurs et \u00e9l\u00e8ves<\/li>\n\n\n\n<li><strong>Des familles d\u2019accueil irlandaises reconnues pour leur hospitalit\u00e9<\/strong><\/li>\n<\/ol>\n\n\n<p><\/section>\n\n\n<section class=\"bloc-atouts\"><\/p>\n\n\n\n<h3 class=\"wp-block-heading\"><strong>Financez votre s\u00e9jour<\/strong> gr\u00e2ce au partenariat avec l\u2019association Les Fauvettes<\/h3>\n\n\n\n<p>Tous les s\u00e9jours High School de Calvin-Thomas sont subventionn\u00e9s sans condition de ressources. <br><strong>Offre r\u00e9serv\u00e9e \u00e0 tout le personnel du minist\u00e8re de l\u2019\u00c9ducation Nationale, qu\u2019il soit enseignant ou non. <\/strong><br>Votre dossier de demande de subvention est trait\u00e9 directement par Calvin-Thomas. Pour plus de renseignements, consulter le site <a href=\"https:\/\/www.les-fauvettes.fr \">les-fauvettes.fr&nbsp;<\/a><\/p>\n\n\n\n<p>\u2014 Bourse de 500 \u20ac*<br>*moins adh\u00e9sion 24\u20ac pour les non-membres des Fauvettes<\/p>\n\n\n<p><\/section>\n\n\n<section class=\"bloc-contact\"><\/p>\n\n\n\n<h3 class=\"wp-block-heading has-text-align-center\">Besoin d&#8217;information ?<\/h3>\n\n\n\n<p>Notre \u00e9quipe et nos conseillers locaux sont \u00e0 votre disposition.<\/p>\n\n\n\n<p class=\"has-text-align-center\"><a class=\"btn middle grey\" href=\"https:\/\/www.calvin-thomas.com\/highschool\/informations-pratiques\/contacts-reunions-conseillers-calvin-thomas\/\">Contactez-nous !<\/a><\/p>\n\n\n<p><\/section>\n<\/div>\n<\/div>\n\n\n\n<figure class=\"wp-block-gallery has-nested-images columns-default is-cropped wp-block-gallery-1 is-layout-flex wp-block-gallery-is-layout-flex\">\n<figure class=\"wp-block-image size-full\"><img loading=\"lazy\" decoding=\"async\" width=\"330\" height=\"230\" data-id=\"3448\" src=\"https:\/\/www.calvin-thomas.com\/highschool\/wp-content\/uploads\/\/sites\/4\/irlande2.webp\" alt=\"\" class=\"wp-image-3448\" srcset=\"https:\/\/www.calvin-thomas.com\/highschool\/wp-content\/uploads\/\/sites\/4\/irlande2.webp 330w, https:\/\/www.calvin-thomas.com\/highschool\/wp-content\/uploads\/\/sites\/4\/irlande2-300x209.webp 300w\" sizes=\"(max-width: 330px) 100vw, 330px\" \/><\/figure>\n\n\n\n<figure class=\"wp-block-image size-full\"><img loading=\"lazy\" decoding=\"async\" width=\"330\" height=\"230\" data-id=\"3445\" src=\"https:\/\/www.calvin-thomas.com\/highschool\/wp-content\/uploads\/\/sites\/4\/irlande5.webp\" alt=\"\" class=\"wp-image-3445\" srcset=\"https:\/\/www.calvin-thomas.com\/highschool\/wp-content\/uploads\/\/sites\/4\/irlande5.webp 330w, https:\/\/www.calvin-thomas.com\/highschool\/wp-content\/uploads\/\/sites\/4\/irlande5-300x209.webp 300w\" sizes=\"(max-width: 330px) 100vw, 330px\" \/><\/figure>\n\n\n\n<figure class=\"wp-block-image size-full\"><img loading=\"lazy\" decoding=\"async\" width=\"330\" height=\"230\" data-id=\"3446\" src=\"https:\/\/www.calvin-thomas.com\/highschool\/wp-content\/uploads\/\/sites\/4\/irlande4.webp\" alt=\"\" class=\"wp-image-3446\" srcset=\"https:\/\/www.calvin-thomas.com\/highschool\/wp-content\/uploads\/\/sites\/4\/irlande4.webp 330w, https:\/\/www.calvin-thomas.com\/highschool\/wp-content\/uploads\/\/sites\/4\/irlande4-300x209.webp 300w\" sizes=\"(max-width: 330px) 100vw, 330px\" \/><\/figure>\n\n\n\n<figure class=\"wp-block-image size-full\"><img loading=\"lazy\" decoding=\"async\" width=\"330\" height=\"230\" data-id=\"3443\" src=\"https:\/\/www.calvin-thomas.com\/highschool\/wp-content\/uploads\/\/sites\/4\/irlande1.webp\" alt=\"\" class=\"wp-image-3443\" srcset=\"https:\/\/www.calvin-thomas.com\/highschool\/wp-content\/uploads\/\/sites\/4\/irlande1.webp 330w, https:\/\/www.calvin-thomas.com\/highschool\/wp-content\/uploads\/\/sites\/4\/irlande1-300x209.webp 300w\" sizes=\"(max-width: 330px) 100vw, 330px\" \/><\/figure>\n\n\n\n<figure class=\"wp-block-image size-full\"><img loading=\"lazy\" decoding=\"async\" width=\"330\" height=\"230\" data-id=\"3444\" src=\"https:\/\/www.calvin-thomas.com\/highschool\/wp-content\/uploads\/\/sites\/4\/irlande6.webp\" alt=\"\" class=\"wp-image-3444\" srcset=\"https:\/\/www.calvin-thomas.com\/highschool\/wp-content\/uploads\/\/sites\/4\/irlande6.webp 330w, https:\/\/www.calvin-thomas.com\/highschool\/wp-content\/uploads\/\/sites\/4\/irlande6-300x209.webp 300w\" sizes=\"(max-width: 330px) 100vw, 330px\" \/><\/figure>\n\n\n\n<figure class=\"wp-block-image size-full\"><img loading=\"lazy\" decoding=\"async\" width=\"330\" height=\"230\" data-id=\"3447\" src=\"https:\/\/www.calvin-thomas.com\/highschool\/wp-content\/uploads\/\/sites\/4\/irlande3.webp\" alt=\"\" class=\"wp-image-3447\" srcset=\"https:\/\/www.calvin-thomas.com\/highschool\/wp-content\/uploads\/\/sites\/4\/irlande3.webp 330w, https:\/\/www.calvin-thomas.com\/highschool\/wp-content\/uploads\/\/sites\/4\/irlande3-300x209.webp 300w\" sizes=\"(max-width: 330px) 100vw, 330px\" \/><\/figure>\n<\/figure>\n\n\n<section class=\"section-bleu\"><\/p>\n\n\n\n<h2 class=\"wp-block-heading has-text-align-center bloc-sejours content-centrer\">Nos s\u00e9jours 2026<\/h2>\n\n\n\n<p class=\"has-text-align-center content-centrer\">Tarifs, disponibilit\u00e9s et renseignements pour ce s\u00e9jour en Irlande<\/p>\n\n\n\n<div style=\"height:30px\" aria-hidden=\"true\" class=\"wp-block-spacer\"><\/div>\n\n\n\n<table class=\"wp-block-table tableau-tarifs\"><tbody><tr><td class=\"col-titre\"><strong>2 mois<\/strong><br><\/td><td class=\"col-departs\"><b>D\u00e9parts : <\/b><br>sur demande<\/td><td class=\"col-prix\"><strong class=\"prix-tableau\">sur demande<\/strong><\/td><td class=\"col-btn\"><a href=\"https:\/\/www.calvin-thomas.com\/highschool\/contact\" target=\"_parent\" class=\"btn blanc middle\" rel=\"noopener\">demande d&#8217;info<\/a> <a href=\"https:\/\/www.calvin-thomas.com\/highschool\/inscription-sejours-scolaires\" target=\"_parent\" class=\"btn blanc middle\" rel=\"noopener\">s&#8217;inscrire<\/a><\/td><\/tr><tr><tr><td class=\"col-titre\"><strong>1 trimestre<\/strong><br><\/td><td class=\"col-departs\"><b>D\u00e9parts : <\/b><br>Janvier, Avril ou Septembre<\/td><td class=\"col-prix\"><strong class=\"prix-tableau\">10 900,00\u20ac*<\/strong><\/td><td class=\"col-btn\"><a href=\"https:\/\/www.calvin-thomas.com\/highschool\/contact\" target=\"_parent\" class=\"btn blanc middle\" rel=\"noopener\">demande d&#8217;info<\/a> <a href=\"https:\/\/www.calvin-thomas.com\/highschool\/inscription-sejours-scolaires\" target=\"_parent\" class=\"btn blanc middle\" rel=\"noopener\">s&#8217;inscrire<\/a><\/td><\/tr><tr><td class=\"col-titre\"><strong>1 semestre<\/strong><br><\/td><td class=\"col-departs\"><b>D\u00e9parts : <\/b> <br>Janvier ou Septembre<\/td><td class=\"col-prix\"><strong class=\"prix-tableau\">15 900,00\u20ac*<\/strong><\/td><td class=\"col-btn\"><a href=\"https:\/\/www.calvin-thomas.com\/highschool\/contact\" target=\"_parent\" class=\"btn blanc middle\" rel=\"noopener\">demande d&#8217;info<\/a> <a href=\"https:\/\/www.calvin-thomas.com\/highschool\/inscription-sejours-scolaires\" target=\"_parent\" class=\"btn blanc middle\" rel=\"noopener\">s&#8217;inscrire<\/a><\/td><\/tr><tr><td class=\"col-titre\"><strong>1 ann\u00e9e scolaire<\/strong><br><\/td><td class=\"col-departs\"><b>D\u00e9parts : <\/b> <br>Septembre<\/td><td class=\"col-prix\"><strong class=\"prix-tableau\">17 500,00\u20ac*<\/strong><\/td><td class=\"col-btn\"><a href=\"https:\/\/www.calvin-thomas.com\/highschool\/contact\" target=\"_parent\" class=\"btn blanc middle\" rel=\"noopener\">demande d&#8217;info<\/a> <a href=\"https:\/\/www.calvin-thomas.com\/highschool\/inscription-sejours-scolaires\" target=\"_parent\" class=\"btn blanc middle\" rel=\"noopener\">s&#8217;inscrire<\/a><\/td><\/tr><\/tbody><\/table>\n\n\n\n<div class=\"wp-block-columns has-3-columns column_container-backgd bloc-sejours legende is-layout-flex wp-container-core-columns-is-layout-3 wp-block-columns-is-layout-flex\">\n<div class=\"wp-block-column is-layout-flow wp-block-column-is-layout-flow\">\n<p><strong>*Le co\u00fbt du s\u00e9jour scolaire comprend : <\/strong><br><\/p>\n\n\n\n<ul>\n<li>la s\u00e9lection et l\u2019information du candidat (entretien, dossier&#8230;)<\/li>\n\n\n\n<li>l\u2019accueil en famille<\/li>\n\n\n\n<li>l\u2019encadrement pendant toute la dur\u00e9e du s\u00e9jour,<\/li>\n\n\n\n<li>l&#8217;enseignement scolaire et la pension compl\u00e8te,<\/li>\n\n\n\n<li>le suivi personnalis\u00e9,<\/li>\n\n\n\n<li>la mise \u00e0 disposition d\u2019un num\u00e9ro d\u2019urgence,<\/li>\n\n\n\n<li>tous les transferts aller\/retour au d\u00e9but et \u00e0 la fin du s\u00e9jour,<\/li>\n\n\n\n<li>les transferts famille\/a\u00e9roport pendant No\u00ebl et P\u00e2ques (sur dates sp\u00e9cifiques),<\/li>\n\n\n\n<li>les uniformes scolaires,<\/li>\n\n\n\n<li>les livres scolaires,<\/li>\n\n\n\n<li>l\u2019assurance m\u00e9dicale et rapatriement,<\/li>\n\n\n\n<li>les activit\u00e9s propos\u00e9es dans le cadre du programme (par exemples, soir\u00e9e \u201cdisco sessions\u201d \u00e0 No\u00ebl, c\u00e9r\u00e9monie de fin d\u2019ann\u00e9e),&#8230;<\/li>\n\n\n\n<li>une r\u00e9union de pr\u00e9paration, si elle est programm\u00e9e par Calvin-Thomas.<\/li>\n<\/ul>\n<\/div>\n\n\n\n<div class=\"wp-block-column is-layout-flow wp-block-column-is-layout-flow\">\n<p><strong>*Le co\u00fbt du s\u00e9jour ne comprend pas :<\/strong><br><\/p>\n\n\n\n<ul>\n<li>les frais d\u2019inscription (75\u20ac),<\/li>\n\n\n\n<li>le vol aller\/retour jusqu\u2019\u00e0 Dublin,<\/li>\n\n\n\n<li>les transferts additionnels \u00e9ventuels,<br><\/li>\n\n\n\n<li>les taxes d\u2019a\u00e9roport,<br><\/li>\n\n\n\n<li>les frais \u00e9ventuels d&#8217;accompagnement UM (suite \u00e0 une demande des parents du participant, ou si cet accompagnement est impos\u00e9 par la compagnie a\u00e9rienne), <br><\/li>\n\n\n\n<li>les d\u00e9penses personnelles (argent de poche, loisirs, sorties non pr\u00e9vues dans le cadre du programme), <\/li>\n\n\n\n<li>les transports locaux (school bus),<br><\/li>\n\n\n\n<li>l&#8217;option \u201cRetenues financi\u00e8res r\u00e9duites\u201d facultative (voir <a href=\"https:\/\/www.calvin-thomas.com\/highschool\/conditions-generales-vente\/\">nos conditions g\u00e9n\u00e9rales de vente<\/a>),<br><\/li>\n\n\n\n<li>les excursions en option.<\/li>\n<\/ul>\n<\/div>\n<\/div>\n\n\n<p><\/section>\n","protected":false},"featured_media":3450,"template":"","formules":[2],"ages":[16,17,18,19,20,21],"durees":[13,14,12],"departs":[],"pays":[41],"uagb_featured_image_src":{"full":["https:\/\/www.calvin-thomas.com\/highschool\/wp-content\/uploads\/\/sites\/4\/entete-irlande.webp",1200,793,false],"thumbnail":["https:\/\/www.calvin-thomas.com\/highschool\/wp-content\/uploads\/\/sites\/4\/entete-irlande-150x150.webp",150,150,true],"medium":["https:\/\/www.calvin-thomas.com\/highschool\/wp-content\/uploads\/\/sites\/4\/entete-irlande-300x198.webp",300,198,true],"medium_large":["https:\/\/www.calvin-thomas.com\/highschool\/wp-content\/uploads\/\/sites\/4\/entete-irlande-768x508.webp",640,423,true],"large":["https:\/\/www.calvin-thomas.com\/highschool\/wp-content\/uploads\/\/sites\/4\/entete-irlande-1024x677.webp",640,423,true],"1536x1536":["https:\/\/www.calvin-thomas.com\/highschool\/wp-content\/uploads\/\/sites\/4\/entete-irlande.webp",1200,793,false],"2048x2048":["https:\/\/www.calvin-thomas.com\/highschool\/wp-content\/uploads\/\/sites\/4\/entete-irlande.webp",1200,793,false],"gform-image-choice-sm":["https:\/\/www.calvin-thomas.com\/highschool\/wp-content\/uploads\/\/sites\/4\/entete-irlande.webp",300,198,false],"gform-image-choice-md":["https:\/\/www.calvin-thomas.com\/highschool\/wp-content\/uploads\/\/sites\/4\/entete-irlande.webp",400,264,false],"gform-image-choice-lg":["https:\/\/www.calvin-thomas.com\/highschool\/wp-content\/uploads\/\/sites\/4\/entete-irlande.webp",600,397,false]},"uagb_author_info":{"display_name":"redac-calvinthomas","author_link":"https:\/\/www.calvin-thomas.com\/highschool\/author\/"},"uagb_comment_info":0,"uagb_excerpt":"\u00c0 PARTIR DE 10 900 \u20ac 13-18 ANS TRIMESTRE \/ SEMESTRE \/ ANN\u00c9E SCOLAIRE FAMILLE INDEMNIS\u00c9E \u00c9COLE CLASSIQUE OU PRIV\u00c9E JANVIER, AVRIL, SEPTEMBRE VOL NON INCLUS \u00c0 PARTIR DE 10 900 \u20ac EN SAVOIR PLUS","_links":{"self":[{"href":"https:\/\/www.calvin-thomas.com\/highschool\/wp-json\/wp\/v2\/sejour-scolaire\/3429"}],"collection":[{"href":"https:\/\/www.calvin-thomas.com\/highschool\/wp-json\/wp\/v2\/sejour-scolaire"}],"about":[{"href":"https:\/\/www.calvin-thomas.com\/highschool\/wp-json\/wp\/v2\/types\/sejour-scolaire"}],"wp:featuredmedia":[{"embeddable":true,"href":"https:\/\/www.calvin-thomas.com\/highschool\/wp-json\/wp\/v2\/media\/3450"}],"wp:attachment":[{"href":"https:\/\/www.calvin-thomas.com\/highschool\/wp-json\/wp\/v2\/media?parent=3429"}],"wp:term":[{"taxonomy":"formules","embeddable":true,"href":"https:\/\/www.calvin-thomas.com\/highschool\/wp-json\/wp\/v2\/formules?post=3429"},{"taxonomy":"ages","embeddable":true,"href":"https:\/\/www.calvin-thomas.com\/highschool\/wp-json\/wp\/v2\/ages?post=3429"},{"taxonomy":"durees","embeddable":true,"href":"https:\/\/www.calvin-thomas.com\/highschool\/wp-json\/wp\/v2\/durees?post=3429"},{"taxonomy":"departs","embeddable":true,"href":"https:\/\/www.calvin-thomas.com\/highschool\/wp-json\/wp\/v2\/departs?post=3429"},{"taxonomy":"pays","embeddable":true,"href":"https:\/\/www.calvin-thomas.com\/highschool\/wp-json\/wp\/v2\/pays?post=3429"}],"curies":[{"name":"wp","href":"https:\/\/api.w.org\/{rel}","templated":true}]}}