{"id":3570,"date":"2026-02-06T13:37:32","date_gmt":"2026-02-06T12:37:32","guid":{"rendered":"https:\/\/www.calvin-thomas.com\/highschool\/?post_type=sejour-scolaire&#038;p=3570"},"modified":"2026-03-05T09:40:50","modified_gmt":"2026-03-05T08:40:50","slug":"espagne-classique","status":"publish","type":"sejour-scolaire","link":"https:\/\/www.calvin-thomas.com\/highschool\/sejour-scolaire\/espagne-classique\/","title":{"rendered":"Espagne"},"content":{"rendered":"\n<div class=\"wp-block-columns has-7-columns column_container barre-icones is-layout-flex wp-container-core-columns-is-layout-1 wp-block-columns-is-layout-flex\">\n<div class=\"wp-block-column is-layout-flow wp-block-column-is-layout-flow\">\n<p class=\"has-text-align-center age\">14-18 ANS<\/p>\n<\/div>\n\n\n\n<div class=\"wp-block-column is-layout-flow wp-block-column-is-layout-flow\">\n<p class=\"has-text-align-center duree\">TRIMESTRE \/ SEMESTRE \/ ANN\u00c9E SCOLAIRE<br><\/p>\n<\/div>\n\n\n\n<div class=\"wp-block-column is-layout-flow wp-block-column-is-layout-flow\">\n<p class=\"has-text-align-center hebergement\">FAMILLE INDEMNIS\u00c9E<\/p>\n<\/div>\n\n\n\n<div class=\"wp-block-column is-layout-flow wp-block-column-is-layout-flow\">\n<p class=\"has-text-align-center ecole\">\u00c9COLE PUBLIQUE<br><\/p>\n<\/div>\n\n\n\n<div class=\"wp-block-column is-layout-flow wp-block-column-is-layout-flow\">\n<p class=\"has-text-align-center depart\">SEPTEMBRE \u00c0 JUIN<\/p>\n<\/div>\n\n\n\n<div class=\"wp-block-column is-layout-flow wp-block-column-is-layout-flow\">\n<p class=\"has-text-align-center vol\">VOL NON INCLUS<br><\/p>\n<\/div>\n\n\n\n<div class=\"wp-block-column prix is-layout-flow wp-block-column-is-layout-flow\">\n<p class=\"tarifs\">\u00c0 PARTIR DE <br><strong>7 700 \u20ac<\/strong><\/p>\n\n\n\n<!--more-->\n<\/div>\n<\/div>\n\n\n\n<div class=\"wp-block-columns has-2-columns column_container column-centre is-layout-flex wp-container-core-columns-is-layout-2 wp-block-columns-is-layout-flex\">\n<div class=\"wp-block-column is-layout-flow wp-block-column-is-layout-flow\">\n<figure class=\"wp-block-image size-full img-direction\"><img loading=\"lazy\" decoding=\"async\" width=\"348\" height=\"150\" src=\"https:\/\/www.calvin-thomas.com\/highschool\/wp-content\/uploads\/\/sites\/4\/carte-highschool_01.png\" alt=\"Direction Espagne\" class=\"wp-image-3586\" srcset=\"https:\/\/www.calvin-thomas.com\/highschool\/wp-content\/uploads\/\/sites\/4\/carte-highschool_01.png 348w, https:\/\/www.calvin-thomas.com\/highschool\/wp-content\/uploads\/\/sites\/4\/carte-highschool_01-300x129.png 300w\" sizes=\"(max-width: 348px) 100vw, 348px\" \/><\/figure>\n\n\n\n<figure class=\"wp-block-image size-full img-direction\"><img loading=\"lazy\" decoding=\"async\" width=\"347\" height=\"221\" src=\"https:\/\/www.calvin-thomas.com\/highschool\/wp-content\/uploads\/\/sites\/4\/carte-highschool_02.png\" alt=\"placement dans toute l'Espagne\" class=\"wp-image-3587\" srcset=\"https:\/\/www.calvin-thomas.com\/highschool\/wp-content\/uploads\/\/sites\/4\/carte-highschool_02.png 347w, https:\/\/www.calvin-thomas.com\/highschool\/wp-content\/uploads\/\/sites\/4\/carte-highschool_02-300x191.png 300w\" sizes=\"(max-width: 347px) 100vw, 347px\" \/><\/figure>\n\n\n\n<p class=\"intro\"><strong>Partir en s\u00e9jour scolaire en Espagne, c\u2019est choisir une immersion vibrante dans l&#8217;un des pays les plus chaleureux d&#8217;Europe. Bien au-del\u00e0 des clich\u00e9s, ce programme offre une opportunit\u00e9 unique de ma\u00eetriser l&#8217;espagnol en partageant le quotidien de lyc\u00e9ens du pays. <\/strong><\/p>\n\n\n\n<h2 class=\"wp-block-heading\">Apprendre l&#8217;espagnol en action et en immersion<\/h2>\n\n\n\n<p>Le participant int\u00e8gre un \u00e9tablissement public local, appel\u00e9 <em>Instituto<\/em>. Le syst\u00e8me \u00e9ducatif espagnol est r\u00e9put\u00e9 pour son atmosph\u00e8re conviviale qui favorise l&#8217;int\u00e9gration rapide des \u00e9tudiants \u00e9trangers.<br>En fonction de son \u00e2ge et de son niveau, le jeune est g\u00e9n\u00e9ralement plac\u00e9 en <em>Bachillerato<\/em> (l&#8217;\u00e9quivalent du lyc\u00e9e). <\/p>\n\n\n\n<p>Les journ\u00e9es de cours, souvent organis\u00e9es en <em>intensivo<\/em> (de 8h \u00e0 14h ou 15h), laissent place l&#8217;apr\u00e8s-midi \u00e0 une vie sociale riche et \u00e0 l&#8217;\u00e9tude personnelle. Cette structure encourage les \u00e9l\u00e8ves \u00e0 s&#8217;impliquer dans la vie de la communaut\u00e9 et \u00e0 pratiquer l&#8217;espagnol dans des contextes vari\u00e9s, allant des cours de litt\u00e9rature aux activit\u00e9s sportives.<\/p>\n\n\n\n<h2 class=\"wp-block-heading\"><strong>\u00a1Bienvenido a la familia!<\/strong><\/h2>\n\n\n\n<p>L&#8217;hospitalit\u00e9 espagnole n&#8217;est pas une l\u00e9gende, la famille \u00e9tant le pilier central de la soci\u00e9t\u00e9. Le participant est accueilli comme un nouveau membre \u00e0 part enti\u00e8re. Contrairement \u00e0 d&#8217;autres destinations, l&#8217;accueil en Espagne repose souvent sur le b\u00e9n\u00e9volat et le plaisir de l&#8217;\u00e9change culturel, garantissant une immersion authentique et chaleureuse.<\/p>\n\n\n\n<p>Partager le quotidien d&#8217;une famille espagnole, c&#8217;est adopter un nouveau rythme de vie : les d\u00e9jeuners conviviaux, les d\u00eeners tardifs et le sens de la f\u00eate. C&#8217;est dans ce cadre privil\u00e9gi\u00e9, entre discussions passionn\u00e9es et moments de partage, que les progr\u00e8s linguistiques deviennent les plus spectaculaires.<\/p>\n\n\n\n<h2 class=\"wp-block-heading\">L&#8217;Espagne au-del\u00e0 des cartes postales<\/h2>\n\n\n\n<p>L&#8217;Espagne est une mosa\u00efque de cultures, de paysages et de saveurs. De la Sierra Nevada aux c\u00f4tes m\u00e9diterran\u00e9ennes, chaque r\u00e9gion poss\u00e8de une identit\u00e9 forte. Ce s\u00e9jour est l&#8217;occasion de d\u00e9couvrir un patrimoine historique exceptionnel, marqu\u00e9 par des influences romaines, mauresques et chr\u00e9tiennes.<\/p>\n\n\n\n<p>C&#8217;est aussi l&#8217;apprentissage d&#8217;un art de vivre unique \u2014 la <em>sobremesa<\/em> (le temps pass\u00e9 \u00e0 discuter apr\u00e8s le repas) ou la <em>siesta<\/em> \u2014 dans un pays o\u00f9 la vie se d\u00e9roule majoritairement \u00e0 l&#8217;ext\u00e9rieur, sous un climat souvent privil\u00e9gi\u00e9.<\/p>\n\n\n\n<p><br><\/p>\n\n\n\n<div style=\"height:50px\" aria-hidden=\"true\" class=\"wp-block-spacer\"><\/div>\n<\/div>\n\n\n\n<div class=\"wp-block-column is-layout-flow wp-block-column-is-layout-flow\"><section class=\"bloc-atouts\"><\/p>\n\n\n\n<h3 class=\"wp-block-heading\"><strong>Les points forts<\/strong> de ce s\u00e9jour scolaire en Espagne<br><\/h3>\n\n\n\n<ol>\n<li><strong>La pratique quotidienne de l&#8217;espagnol<\/strong> dans un environnement 100% natif<\/li>\n\n\n\n<li><strong>Une destination europ\u00e9enne accessible rapidement<\/strong>, id\u00e9ale pour une premi\u00e8re longue exp\u00e9rience loin de chez soi<\/li>\n\n\n\n<li><strong>Des familles d&#8217;accueil r\u00e9put\u00e9es<\/strong> pour leur g\u00e9n\u00e9rosit\u00e9 et leur d\u00e9sir r\u00e9el de partager leur culture<\/li>\n\n\n\n<li><strong>Un co\u00fbt de vie abordable <\/strong>permettant de profiter pleinement de l&#8217;exp\u00e9rience sur place<\/li>\n\n\n\n<li><strong>Un cadre de vie exceptionnel<\/strong> alliant richesse historique, gastronomie mondialement reconnue et ensoleillement g\u00e9n\u00e9reux<\/li>\n<\/ol>\n\n\n<p><\/section>\n\n\n<section class=\"bloc-atouts\"><\/p>\n\n\n\n<h3 class=\"wp-block-heading\"><strong>Financez votre s\u00e9jour<\/strong> gr\u00e2ce au partenariat avec l\u2019association Les Fauvettes<\/h3>\n\n\n\n<p>Tous les s\u00e9jours High School de Calvin-Thomas sont subventionn\u00e9s sans condition de ressources. <br><strong>Offre r\u00e9serv\u00e9e \u00e0 tout le personnel du minist\u00e8re de l\u2019\u00c9ducation Nationale, qu\u2019il soit enseignant ou non. <\/strong><br>Votre dossier de demande de subvention est trait\u00e9 directement par Calvin-Thomas. Pour plus de renseignements, consulter le site <a href=\"https:\/\/www.les-fauvettes.fr \">les-fauvettes.fr&nbsp;<\/a><\/p>\n\n\n\n<p>\u2014 Bourse de 500 \u20ac*<br>*moins adh\u00e9sion 24\u20ac pour les non-membres des Fauvettes<\/p>\n\n\n<p><\/section>\n\n\n<section class=\"bloc-contact\"><\/p>\n\n\n\n<h3 class=\"wp-block-heading has-text-align-center\">Besoin d&#8217;information ?<\/h3>\n\n\n\n<p>Notre \u00e9quipe et nos conseillers locaux sont \u00e0 votre disposition.<\/p>\n\n\n\n<p class=\"has-text-align-center\"><a class=\"btn middle grey\" href=\"https:\/\/www.calvin-thomas.com\/highschool\/informations-pratiques\/contacts-reunions-conseillers-calvin-thomas\/\">Contactez-nous !<\/a><\/p>\n\n\n<p><\/section>\n<\/div>\n<\/div>\n\n\n\n<figure class=\"wp-block-gallery has-nested-images columns-default is-cropped wp-block-gallery-1 is-layout-flex wp-block-gallery-is-layout-flex\">\n<figure class=\"wp-block-image size-large\"><img loading=\"lazy\" decoding=\"async\" width=\"330\" height=\"230\" data-id=\"3603\" src=\"https:\/\/www.calvin-thomas.com\/highschool\/wp-content\/uploads\/\/sites\/4\/vignette-espagne1.jpg\" alt=\"s\u00e9jour en Espagne\" class=\"wp-image-3603\" srcset=\"https:\/\/www.calvin-thomas.com\/highschool\/wp-content\/uploads\/\/sites\/4\/vignette-espagne1.jpg 330w, https:\/\/www.calvin-thomas.com\/highschool\/wp-content\/uploads\/\/sites\/4\/vignette-espagne1-300x209.jpg 300w\" sizes=\"(max-width: 330px) 100vw, 330px\" \/><\/figure>\n\n\n\n<figure class=\"wp-block-image size-large\"><img loading=\"lazy\" decoding=\"async\" width=\"330\" height=\"230\" data-id=\"3602\" src=\"https:\/\/www.calvin-thomas.com\/highschool\/wp-content\/uploads\/\/sites\/4\/vignette-espagne2.jpg\" alt=\"immersion espagnole\" class=\"wp-image-3602\" srcset=\"https:\/\/www.calvin-thomas.com\/highschool\/wp-content\/uploads\/\/sites\/4\/vignette-espagne2.jpg 330w, https:\/\/www.calvin-thomas.com\/highschool\/wp-content\/uploads\/\/sites\/4\/vignette-espagne2-300x209.jpg 300w\" sizes=\"(max-width: 330px) 100vw, 330px\" \/><\/figure>\n\n\n\n<figure class=\"wp-block-image size-large\"><img loading=\"lazy\" decoding=\"async\" width=\"330\" height=\"230\" data-id=\"3601\" src=\"https:\/\/www.calvin-thomas.com\/highschool\/wp-content\/uploads\/\/sites\/4\/vignette-espagne3.jpg\" alt=\"vie locale\" class=\"wp-image-3601\" srcset=\"https:\/\/www.calvin-thomas.com\/highschool\/wp-content\/uploads\/\/sites\/4\/vignette-espagne3.jpg 330w, https:\/\/www.calvin-thomas.com\/highschool\/wp-content\/uploads\/\/sites\/4\/vignette-espagne3-300x209.jpg 300w\" sizes=\"(max-width: 330px) 100vw, 330px\" \/><\/figure>\n\n\n\n<figure class=\"wp-block-image size-large\"><img loading=\"lazy\" decoding=\"async\" width=\"330\" height=\"230\" data-id=\"3600\" src=\"https:\/\/www.calvin-thomas.com\/highschool\/wp-content\/uploads\/\/sites\/4\/vignette-espagne4.jpg\" alt=\"s\u00e9jour scolaire en espagne\" class=\"wp-image-3600\" srcset=\"https:\/\/www.calvin-thomas.com\/highschool\/wp-content\/uploads\/\/sites\/4\/vignette-espagne4.jpg 330w, https:\/\/www.calvin-thomas.com\/highschool\/wp-content\/uploads\/\/sites\/4\/vignette-espagne4-300x209.jpg 300w\" sizes=\"(max-width: 330px) 100vw, 330px\" \/><\/figure>\n\n\n\n<figure class=\"wp-block-image size-large\"><img loading=\"lazy\" decoding=\"async\" width=\"330\" height=\"230\" data-id=\"3599\" src=\"https:\/\/www.calvin-thomas.com\/highschool\/wp-content\/uploads\/\/sites\/4\/vignette-espagne5.jpg\" alt=\"placement dans toute l'espagne\" class=\"wp-image-3599\" srcset=\"https:\/\/www.calvin-thomas.com\/highschool\/wp-content\/uploads\/\/sites\/4\/vignette-espagne5.jpg 330w, https:\/\/www.calvin-thomas.com\/highschool\/wp-content\/uploads\/\/sites\/4\/vignette-espagne5-300x209.jpg 300w\" sizes=\"(max-width: 330px) 100vw, 330px\" \/><\/figure>\n\n\n\n<figure class=\"wp-block-image size-large\"><img loading=\"lazy\" decoding=\"async\" width=\"330\" height=\"230\" data-id=\"3598\" src=\"https:\/\/www.calvin-thomas.com\/highschool\/wp-content\/uploads\/\/sites\/4\/vignette-espagne6.jpg\" alt=\"visite touristique\" class=\"wp-image-3598\" srcset=\"https:\/\/www.calvin-thomas.com\/highschool\/wp-content\/uploads\/\/sites\/4\/vignette-espagne6.jpg 330w, https:\/\/www.calvin-thomas.com\/highschool\/wp-content\/uploads\/\/sites\/4\/vignette-espagne6-300x209.jpg 300w\" sizes=\"(max-width: 330px) 100vw, 330px\" \/><\/figure>\n<\/figure>\n\n\n<section class=\"section-bleu\"><\/p>\n\n\n\n<h2 class=\"wp-block-heading has-text-align-center bloc-sejours content-centrer\">Nos s\u00e9jours 2026<\/h2>\n\n\n\n<p class=\"has-text-align-center content-centrer\">Tarifs, disponibilit\u00e9s et renseignements pour ce s\u00e9jour en Espagne<\/p>\n\n\n\n<div style=\"height:30px\" aria-hidden=\"true\" class=\"wp-block-spacer\"><\/div>\n\n\n\n<table class=\"wp-block-table tableau-tarifs\"><tbody><tr><td class=\"col-titre\"><strong>1 trimestre<\/strong><br><\/td><td class=\"col-departs\"><b>D\u00e9parts : <\/b><br>de septembre \u00e0 juin<\/td><td class=\"col-prix\"><strong class=\"prix-tableau\">7 700,00\u20ac*<\/strong><\/td><td class=\"col-btn\"><a href=\"https:\/\/www.calvin-thomas.com\/highschool\/contact\" target=\"_parent\" class=\"btn blanc middle\" rel=\"noopener\">demande d&#8217;info<\/a> <a href=\"https:\/\/www.calvin-thomas.com\/highschool\/inscription-sejours-scolaires\" target=\"_parent\" class=\"btn blanc middle\" rel=\"noopener\">s&#8217;inscrire<\/a><\/td><\/tr><tr><td class=\"col-titre\"><strong>1 semestre<\/strong><br><\/td><td class=\"col-departs\"><b>D\u00e9parts : <\/b> <br>janvier ou septembre<\/td><td class=\"col-prix\"><strong class=\"prix-tableau\">11 000,00\u20ac*<\/strong><\/td><td class=\"col-btn\"><a href=\"https:\/\/www.calvin-thomas.com\/highschool\/contact\" target=\"_parent\" class=\"btn blanc middle\" rel=\"noopener\">demande d&#8217;info<\/a> <a href=\"https:\/\/www.calvin-thomas.com\/highschool\/inscription-sejours-scolaires\" target=\"_parent\" class=\"btn blanc middle\" rel=\"noopener\">s&#8217;inscrire<\/a><\/td><\/tr><tr><td class=\"col-titre\"><strong>1 ann\u00e9e scolaire<\/strong><br><\/td><td class=\"col-departs\"><b>D\u00e9parts : <\/b> <br>septembre<\/td><td class=\"col-prix\"><strong class=\"prix-tableau\">14 200,00\u20ac*<\/strong><\/td><td class=\"col-btn\"><a href=\"https:\/\/www.calvin-thomas.com\/highschool\/contact\" target=\"_parent\" class=\"btn blanc middle\" rel=\"noopener\">demande d&#8217;info<\/a> <a href=\"https:\/\/www.calvin-thomas.com\/highschool\/inscription-sejours-scolaires\" target=\"_parent\" class=\"btn blanc middle\" rel=\"noopener\">s&#8217;inscrire<\/a><\/td><\/tr><\/tbody><\/table>\n\n\n\n<div class=\"wp-block-columns has-3-columns column_container-backgd bloc-sejours legende is-layout-flex wp-container-core-columns-is-layout-3 wp-block-columns-is-layout-flex\">\n<div class=\"wp-block-column is-layout-flow wp-block-column-is-layout-flow\">\n<p><strong>*Le co\u00fbt du s\u00e9jour scolaire comprend : <\/strong><br><\/p>\n\n\n\n<ul>\n<li>la s\u00e9lection et l\u2019information du candidat (entretien, dossier&#8230;),<br><\/li>\n\n\n\n<li>l\u2019accueil en famille,<br><\/li>\n\n\n\n<li>l\u2019encadrement pendant toute la dur\u00e9e du s\u00e9jour, <br><\/li>\n\n\n\n<li>l&#8217;enseignement scolaire et la pension compl\u00e8te (offerte par la famille d\u2019accueil), <br><\/li>\n\n\n\n<li>le suivi,<\/li>\n<\/ul>\n<\/div>\n\n\n\n<div class=\"wp-block-column is-layout-flow wp-block-column-is-layout-flow\">\n<div style=\"height:15px\" aria-hidden=\"true\" class=\"wp-block-spacer cache-mobile\"><\/div>\n\n\n\n<ul>\n<li>la mise \u00e0 disposition d\u2019un num\u00e9ro d\u2019urgence,<\/li>\n\n\n\n<li>le voyage en avion (aller\/retour) de l\u2019a\u00e9roport de Roissy \u00e0 la r\u00e9sidence de la famille d\u2019accueil,<\/li>\n\n\n\n<li>les frais de transfert d\u2019a\u00e9roport dans le pays d\u2019accueil et les frais d\u2019accueil \u00e0 l\u2019arriv\u00e9e,<br><\/li>\n\n\n\n<li>les taxes d\u2019a\u00e9roport,<br><\/li>\n\n\n\n<li>l\u2019assurance, <\/li>\n\n\n\n<li>l\u2019assistance,<br><\/li>\n\n\n\n<li>les activit\u00e9s propos\u00e9es dans le cadre du programme,<br><\/li>\n\n\n\n<li>les frais administratifs,<br><\/li>\n\n\n\n<li>une r\u00e9union de pr\u00e9paration, si elle est programm\u00e9e par Calvin-Thomas.<\/li>\n<\/ul>\n<\/div>\n\n\n\n<div class=\"wp-block-column is-layout-flow wp-block-column-is-layout-flow\">\n<p><strong>*Le co\u00fbt du s\u00e9jour ne comprend pas :<\/strong><br><\/p>\n\n\n\n<ul>\n<li>les frais d\u2019inscription (75\u20ac),<br><\/li>\n\n\n\n<li>les frais \u00e9ventuels pour un d\u00e9part de province (qui serait mis en place par Calvin-Thomas sur demande), <br><\/li>\n\n\n\n<li>les frais \u00e9ventuels d&#8217;accompagnement UM (suite \u00e0 une demande des parents du participant, ou si cet accompagnement est impos\u00e9 par la compagnie a\u00e9rienne), <br><\/li>\n\n\n\n<li>les d\u00e9penses personnelles (argent de poche, loisirs, sorties non pr\u00e9vues dans le cadre du programme), <br><\/li>\n\n\n\n<li>l&#8217;option \u201cRetenues financi\u00e8res r\u00e9duites\u201d facultative (voir <a href=\"https:\/\/www.calvin-thomas.com\/highschool\/conditions-generales-vente\/\">Nos conditions g\u00e9n\u00e9rales de vente<\/a>),<\/li>\n\n\n\n<li>les frais \u00e9ventuels de chancellerie et de visa,<br><\/li>\n\n\n\n<li>les excursions en option.<\/li>\n<\/ul>\n<\/div>\n<\/div>\n\n\n<p><\/section>\n","protected":false},"featured_media":3584,"template":"","formules":[4],"ages":[17,18,19,20,21],"durees":[13,14,12],"departs":[26,35,24,23,28,27,25,34,32,31],"pays":[42],"uagb_featured_image_src":{"full":["https:\/\/www.calvin-thomas.com\/highschool\/wp-content\/uploads\/\/sites\/4\/entete-espagne-classique.jpg",1200,793,false],"thumbnail":["https:\/\/www.calvin-thomas.com\/highschool\/wp-content\/uploads\/\/sites\/4\/entete-espagne-classique-150x150.jpg",150,150,true],"medium":["https:\/\/www.calvin-thomas.com\/highschool\/wp-content\/uploads\/\/sites\/4\/entete-espagne-classique-300x198.jpg",300,198,true],"medium_large":["https:\/\/www.calvin-thomas.com\/highschool\/wp-content\/uploads\/\/sites\/4\/entete-espagne-classique-768x508.jpg",640,423,true],"large":["https:\/\/www.calvin-thomas.com\/highschool\/wp-content\/uploads\/\/sites\/4\/entete-espagne-classique-1024x677.jpg",640,423,true],"1536x1536":["https:\/\/www.calvin-thomas.com\/highschool\/wp-content\/uploads\/\/sites\/4\/entete-espagne-classique.jpg",1200,793,false],"2048x2048":["https:\/\/www.calvin-thomas.com\/highschool\/wp-content\/uploads\/\/sites\/4\/entete-espagne-classique.jpg",1200,793,false],"gform-image-choice-sm":["https:\/\/www.calvin-thomas.com\/highschool\/wp-content\/uploads\/\/sites\/4\/entete-espagne-classique.jpg",300,198,false],"gform-image-choice-md":["https:\/\/www.calvin-thomas.com\/highschool\/wp-content\/uploads\/\/sites\/4\/entete-espagne-classique.jpg",400,264,false],"gform-image-choice-lg":["https:\/\/www.calvin-thomas.com\/highschool\/wp-content\/uploads\/\/sites\/4\/entete-espagne-classique.jpg",600,397,false]},"uagb_author_info":{"display_name":"redac-calvinthomas","author_link":"https:\/\/www.calvin-thomas.com\/highschool\/author\/"},"uagb_comment_info":0,"uagb_excerpt":"\u00c0 PARTIR DE 7 700 \u20ac 14-18 ANS TRIMESTRE \/ SEMESTRE \/ ANN\u00c9E SCOLAIRE FAMILLE INDEMNIS\u00c9E \u00c9COLE PUBLIQUE SEPTEMBRE \u00c0 JUIN VOL NON INCLUS \u00c0 PARTIR DE 7 700 \u20ac EN SAVOIR PLUS","_links":{"self":[{"href":"https:\/\/www.calvin-thomas.com\/highschool\/wp-json\/wp\/v2\/sejour-scolaire\/3570"}],"collection":[{"href":"https:\/\/www.calvin-thomas.com\/highschool\/wp-json\/wp\/v2\/sejour-scolaire"}],"about":[{"href":"https:\/\/www.calvin-thomas.com\/highschool\/wp-json\/wp\/v2\/types\/sejour-scolaire"}],"wp:featuredmedia":[{"embeddable":true,"href":"https:\/\/www.calvin-thomas.com\/highschool\/wp-json\/wp\/v2\/media\/3584"}],"wp:attachment":[{"href":"https:\/\/www.calvin-thomas.com\/highschool\/wp-json\/wp\/v2\/media?parent=3570"}],"wp:term":[{"taxonomy":"formules","embeddable":true,"href":"https:\/\/www.calvin-thomas.com\/highschool\/wp-json\/wp\/v2\/formules?post=3570"},{"taxonomy":"ages","embeddable":true,"href":"https:\/\/www.calvin-thomas.com\/highschool\/wp-json\/wp\/v2\/ages?post=3570"},{"taxonomy":"durees","embeddable":true,"href":"https:\/\/www.calvin-thomas.com\/highschool\/wp-json\/wp\/v2\/durees?post=3570"},{"taxonomy":"departs","embeddable":true,"href":"https:\/\/www.calvin-thomas.com\/highschool\/wp-json\/wp\/v2\/departs?post=3570"},{"taxonomy":"pays","embeddable":true,"href":"https:\/\/www.calvin-thomas.com\/highschool\/wp-json\/wp\/v2\/pays?post=3570"}],"curies":[{"name":"wp","href":"https:\/\/api.w.org\/{rel}","templated":true}]}}