{"id":3575,"date":"2026-02-06T15:28:49","date_gmt":"2026-02-06T14:28:49","guid":{"rendered":"https:\/\/www.calvin-thomas.com\/highschool\/?post_type=sejour-scolaire&#038;p=3575"},"modified":"2026-03-04T15:08:13","modified_gmt":"2026-03-04T14:08:13","slug":"espagne-choiceplus","status":"publish","type":"sejour-scolaire","link":"https:\/\/www.calvin-thomas.com\/highschool\/sejour-scolaire\/espagne-choiceplus\/","title":{"rendered":"Espagne"},"content":{"rendered":"\n<div class=\"wp-block-columns has-7-columns column_container barre-icones is-layout-flex wp-container-core-columns-is-layout-1 wp-block-columns-is-layout-flex\">\n<div class=\"wp-block-column is-layout-flow wp-block-column-is-layout-flow\">\n<p class=\"has-text-align-center age\">14-18 ANS<\/p>\n<\/div>\n\n\n\n<div class=\"wp-block-column is-layout-flow wp-block-column-is-layout-flow\">\n<p class=\"has-text-align-center duree\">TRIMESTRE \/ SEMESTRE \/ ANN\u00c9E SCOLAIRE<br><\/p>\n<\/div>\n\n\n\n<div class=\"wp-block-column is-layout-flow wp-block-column-is-layout-flow\">\n<p class=\"has-text-align-center hebergement\">FAMILLE INDEMNIS\u00c9E<\/p>\n<\/div>\n\n\n\n<div class=\"wp-block-column is-layout-flow wp-block-column-is-layout-flow\">\n<p class=\"has-text-align-center ecole\">\u00c9COLE CLASSIQUE OU PRIV\u00c9E<br><\/p>\n<\/div>\n\n\n\n<div class=\"wp-block-column is-layout-flow wp-block-column-is-layout-flow\">\n<p class=\"has-text-align-center depart\">SEPTEMBRE \u00c0 JUIN<\/p>\n<\/div>\n\n\n\n<div class=\"wp-block-column is-layout-flow wp-block-column-is-layout-flow\">\n<p class=\"has-text-align-center vol\">VOL NON INCLUS<br><\/p>\n<\/div>\n\n\n\n<div class=\"wp-block-column prix is-layout-flow wp-block-column-is-layout-flow\">\n<p class=\"tarifs\">\u00c0 PARTIR DE <br><strong>8 400 \u20ac<\/strong><\/p>\n\n\n\n<!--more-->\n<\/div>\n<\/div>\n\n\n\n<div class=\"wp-block-columns has-2-columns column_container column-centre is-layout-flex wp-container-core-columns-is-layout-2 wp-block-columns-is-layout-flex\">\n<div class=\"wp-block-column is-layout-flow wp-block-column-is-layout-flow\">\n<figure class=\"wp-block-image size-full img-direction\"><img loading=\"lazy\" decoding=\"async\" width=\"348\" height=\"150\" src=\"https:\/\/www.calvin-thomas.com\/highschool\/wp-content\/uploads\/\/sites\/4\/carte-highschool_01.png\" alt=\"Direction Espagne\" class=\"wp-image-3586\" srcset=\"https:\/\/www.calvin-thomas.com\/highschool\/wp-content\/uploads\/\/sites\/4\/carte-highschool_01.png 348w, https:\/\/www.calvin-thomas.com\/highschool\/wp-content\/uploads\/\/sites\/4\/carte-highschool_01-300x129.png 300w\" sizes=\"(max-width: 348px) 100vw, 348px\" \/><\/figure>\n\n\n\n<figure class=\"wp-block-image size-full img-direction\"><img loading=\"lazy\" decoding=\"async\" width=\"347\" height=\"221\" src=\"https:\/\/www.calvin-thomas.com\/highschool\/wp-content\/uploads\/\/sites\/4\/carte-highschool_02.png\" alt=\"placement dans toute l'Espagne\" class=\"wp-image-3587\" srcset=\"https:\/\/www.calvin-thomas.com\/highschool\/wp-content\/uploads\/\/sites\/4\/carte-highschool_02.png 347w, https:\/\/www.calvin-thomas.com\/highschool\/wp-content\/uploads\/\/sites\/4\/carte-highschool_02-300x191.png 300w\" sizes=\"(max-width: 347px) 100vw, 347px\" \/><\/figure>\n\n\n\n<p class=\"intro\"><strong>Ce programme de s\u00e9jour scolaire sur mesure en Espagne offre une flexibilit\u00e9 unique. Contrairement \u00e0 la formule \u201cclassique\u201d, ce s\u00e9jour offre la possibilit\u00e9 de choisir son futur lyc\u00e9e parmi une liste d&#8217;\u00e9tablissements partenaires.<\/strong><br><strong>Que vous r\u00eaviez du dynamisme de Madrid, du charme de l&#8217;Andalousie ou de la douceur de vivre sur la c\u00f4te m\u00e9diterran\u00e9enne, vous choisissez vous-m\u00eame la ville de destination.<\/strong><\/p>\n\n\n\n<h2 class=\"wp-block-heading\">Construire le s\u00e9jour scolaire de ses r\u00eaves<\/h2>\n\n\n\n<p>La force de ce programme r\u00e9side dans la personnalisation. Vous ne partez pas simplement <em>\u201cen Espagne\u201d.<\/em> Vous choisissez l&#8217;environnement qui vous correspond. Chacun de nos lyc\u00e9es partenaires, propose des options diff\u00e9rentes, des sections sportives et artistiques ou des activit\u00e9s extra-scolaires. Vous construisez votre s\u00e9jour dans la r\u00e9gion espagnole et avec le programme scolaire qui correspond le mieux \u00e0 vos affinit\u00e9s.<\/p>\n\n\n\n<p>Le syst\u00e8me \u00e9ducatif espagnol est r\u00e9put\u00e9 pour sa convivialit\u00e9. Les journ\u00e9es de cours, souvent organis\u00e9es en <em>intensivo<\/em> (le matin et en d\u00e9but d&#8217;apr\u00e8s-midi), laissent place \u00e0 une vie sociale riche apr\u00e8s l&#8217;\u00e9cole. <\/p>\n\n\n\n<p>Int\u00e9grer un lyc\u00e9e espagnol, c&#8217;est aussi apprendre \u00e0 d\u00e9battre, \u00e0 collaborer et \u00e0 s&#8217;ouvrir \u00e0 une p\u00e9dagogie o\u00f9 l&#8217;\u00e9change oral occupe une place centrale.<\/p>\n\n\n\n<h2 class=\"wp-block-heading\">Ouvrir les portes de la convivialit\u00e9 espagnole<\/h2>\n\n\n\n<p>Pour parfaire cette immersion, vous serez log\u00e9 au sein d&#8217;une famille d&#8217;accueil espagnole. Partager les repas (le fameux <em>almuerzo<\/em> ou le d\u00eener tardif), participer aux f\u00eates de famille et \u00e9changer au quotidien sont les cl\u00e9s de vos progr\u00e8s linguistiques. <\/p>\n\n\n\n<p>Nos familles sont rigoureusement s\u00e9lectionn\u00e9es par nos partenaires locaux sur des crit\u00e8res de motivation et de s\u00e9curit\u00e9. Connues pour leur sens de l&#8217;hospitalit\u00e9 et leur chaleur, elles consid\u00e8rent souvent les jeunes qu&#8217;elles accueillent comme un membre \u00e0 part enti\u00e8re du foyer. <\/p>\n\n\n\n<p>Ce cadre bienveillant constitue un v\u00e9ritable cocon qui facilite votre adaptation et vous permet de d\u00e9couvrir l&#8217;Espagne de l&#8217;int\u00e9rieur, loin des clich\u00e9s touristiques.<\/p>\n\n\n\n<h2 class=\"wp-block-heading\">Le d\u00e9paysement total \u00e0 deux pas de la France<\/h2>\n\n\n\n<p>Partir en s\u00e9jour linguistique en Espagne, c&#8217;est choisir un pays o\u00f9 la culture se vit dans la rue. Entre h\u00e9ritage historique romain, maure et moderne, chaque r\u00e9gion offre un patrimoine unique. Mais l&#8217;Espagne, c&#8217;est avant tout un rythme de vie : vous apprendrez \u00e0 appr\u00e9cier la <em>siesta<\/em>, la convivialit\u00e9 des places publiques et l&#8217;\u00e9nergie d\u00e9bordante des villes espagnoles.<\/p>\n\n\n\n<p>C&#8217;est aussi une destination de proximit\u00e9 qui offre un d\u00e9paysement total sans les contraintes de d\u00e9calage horaire ou de longs vols.<\/p>\n\n\n\n<p><br><\/p>\n\n\n\n<div style=\"height:50px\" aria-hidden=\"true\" class=\"wp-block-spacer\"><\/div>\n<\/div>\n\n\n\n<div class=\"wp-block-column is-layout-flow wp-block-column-is-layout-flow\"><section class=\"bloc-atouts\"><\/p>\n\n\n\n<h3 class=\"wp-block-heading\"><strong>Les points forts<\/strong> de ce s\u00e9jour scolaire en Espagne<br><\/h3>\n\n\n\n<ol>\n<li><strong>La s\u00e9lection de son lyc\u00e9e et de sa r\u00e9gion g\u00e9ographique de placement<\/strong><\/li>\n\n\n\n<li><strong>Une immersion linguistique totale <\/strong>dans un pays o\u00f9 l&#8217;\u00e9change social est une institution<\/li>\n\n\n\n<li><strong>Un accueil en famille centr\u00e9 autour de la g\u00e9n\u00e9rosit\u00e9 et de la convivialit\u00e9<\/strong><\/li>\n\n\n\n<li><strong>Une destination europ\u00e9enne accessible, <\/strong>id\u00e9ale pour une premi\u00e8re longue exp\u00e9rience en autonomie<\/li>\n\n\n\n<li><strong>Un mode de vie dynamique et ensoleill\u00e9<\/strong> qui favorise l&#8217;\u00e9panouissement personnel.<\/li>\n<\/ol>\n\n\n<p><\/section>\n\n\n<section class=\"bloc-atouts\"><\/p>\n\n\n\n<h3 class=\"wp-block-heading\"><strong>Financez votre s\u00e9jour<\/strong> gr\u00e2ce au partenariat avec l\u2019association Les Fauvettes<\/h3>\n\n\n\n<p>Tous les s\u00e9jours High School de Calvin-Thomas sont subventionn\u00e9s sans condition de ressources. <br><strong>Offre r\u00e9serv\u00e9e \u00e0 tout le personnel du minist\u00e8re de l\u2019\u00c9ducation Nationale, qu\u2019il soit enseignant ou non. <\/strong><br>Votre dossier de demande de subvention est trait\u00e9 directement par Calvin-Thomas. Pour plus de renseignements, consulter le site <a href=\"https:\/\/www.les-fauvettes.fr \">les-fauvettes.fr&nbsp;<\/a><\/p>\n\n\n\n<p>\u2014 Bourse de 500 \u20ac*<br>*moins adh\u00e9sion 24\u20ac pour les non-membres des Fauvettes<\/p>\n\n\n<p><\/section>\n\n\n<section class=\"bloc-contact\"><\/p>\n\n\n\n<h3 class=\"wp-block-heading has-text-align-center\">Besoin d&#8217;information ?<\/h3>\n\n\n\n<p>Notre \u00e9quipe et nos conseillers locaux sont \u00e0 votre disposition.<\/p>\n\n\n\n<p class=\"has-text-align-center\"><a class=\"btn middle grey\" href=\"https:\/\/www.calvin-thomas.com\/highschool\/informations-pratiques\/contacts-reunions-conseillers-calvin-thomas\/\">Contactez-nous !<\/a><\/p>\n\n\n<p><\/section>\n<\/div>\n<\/div>\n\n\n\n<figure class=\"wp-block-gallery has-nested-images columns-default is-cropped wp-block-gallery-1 is-layout-flex wp-block-gallery-is-layout-flex\">\n<figure class=\"wp-block-image size-large\"><img loading=\"lazy\" decoding=\"async\" width=\"330\" height=\"230\" data-id=\"3596\" src=\"https:\/\/www.calvin-thomas.com\/highschool\/wp-content\/uploads\/\/sites\/4\/vignette-espagne02.jpg\" alt=\"d\u00e9couverte de l'espagne\" class=\"wp-image-3596\" srcset=\"https:\/\/www.calvin-thomas.com\/highschool\/wp-content\/uploads\/\/sites\/4\/vignette-espagne02.jpg 330w, https:\/\/www.calvin-thomas.com\/highschool\/wp-content\/uploads\/\/sites\/4\/vignette-espagne02-300x209.jpg 300w\" sizes=\"(max-width: 330px) 100vw, 330px\" \/><\/figure>\n\n\n\n<figure class=\"wp-block-image size-large\"><img loading=\"lazy\" decoding=\"async\" width=\"330\" height=\"230\" data-id=\"3595\" src=\"https:\/\/www.calvin-thomas.com\/highschool\/wp-content\/uploads\/\/sites\/4\/vignette-espagne03.jpg\" alt=\"s\u00e9jour scolaire en espagne\" class=\"wp-image-3595\" srcset=\"https:\/\/www.calvin-thomas.com\/highschool\/wp-content\/uploads\/\/sites\/4\/vignette-espagne03.jpg 330w, https:\/\/www.calvin-thomas.com\/highschool\/wp-content\/uploads\/\/sites\/4\/vignette-espagne03-300x209.jpg 300w\" sizes=\"(max-width: 330px) 100vw, 330px\" \/><\/figure>\n\n\n\n<figure class=\"wp-block-image size-large\"><img loading=\"lazy\" decoding=\"async\" width=\"330\" height=\"230\" data-id=\"3594\" src=\"https:\/\/www.calvin-thomas.com\/highschool\/wp-content\/uploads\/\/sites\/4\/vignette-espagne04.jpg\" alt=\"espagne\" class=\"wp-image-3594\" srcset=\"https:\/\/www.calvin-thomas.com\/highschool\/wp-content\/uploads\/\/sites\/4\/vignette-espagne04.jpg 330w, https:\/\/www.calvin-thomas.com\/highschool\/wp-content\/uploads\/\/sites\/4\/vignette-espagne04-300x209.jpg 300w\" sizes=\"(max-width: 330px) 100vw, 330px\" \/><\/figure>\n\n\n\n<figure class=\"wp-block-image size-large\"><img loading=\"lazy\" decoding=\"async\" width=\"330\" height=\"230\" data-id=\"3593\" src=\"https:\/\/www.calvin-thomas.com\/highschool\/wp-content\/uploads\/\/sites\/4\/vignette-espagne05.jpg\" alt=\"vie \u00e0 l'espagnol\" class=\"wp-image-3593\" srcset=\"https:\/\/www.calvin-thomas.com\/highschool\/wp-content\/uploads\/\/sites\/4\/vignette-espagne05.jpg 330w, https:\/\/www.calvin-thomas.com\/highschool\/wp-content\/uploads\/\/sites\/4\/vignette-espagne05-300x209.jpg 300w\" sizes=\"(max-width: 330px) 100vw, 330px\" \/><\/figure>\n\n\n\n<figure class=\"wp-block-image size-large\"><img loading=\"lazy\" decoding=\"async\" width=\"330\" height=\"230\" data-id=\"3592\" src=\"https:\/\/www.calvin-thomas.com\/highschool\/wp-content\/uploads\/\/sites\/4\/vignette-espagne06.jpg\" alt=\"barcelone\" class=\"wp-image-3592\" srcset=\"https:\/\/www.calvin-thomas.com\/highschool\/wp-content\/uploads\/\/sites\/4\/vignette-espagne06.jpg 330w, https:\/\/www.calvin-thomas.com\/highschool\/wp-content\/uploads\/\/sites\/4\/vignette-espagne06-300x209.jpg 300w\" sizes=\"(max-width: 330px) 100vw, 330px\" \/><\/figure>\n\n\n\n<figure class=\"wp-block-image size-large\"><img loading=\"lazy\" decoding=\"async\" width=\"330\" height=\"230\" data-id=\"3597\" src=\"https:\/\/www.calvin-thomas.com\/highschool\/wp-content\/uploads\/\/sites\/4\/vignette-espagne01.jpg\" alt=\"s\u00e9jour pour les 14 - 18 ans\" class=\"wp-image-3597\" srcset=\"https:\/\/www.calvin-thomas.com\/highschool\/wp-content\/uploads\/\/sites\/4\/vignette-espagne01.jpg 330w, https:\/\/www.calvin-thomas.com\/highschool\/wp-content\/uploads\/\/sites\/4\/vignette-espagne01-300x209.jpg 300w\" sizes=\"(max-width: 330px) 100vw, 330px\" \/><\/figure>\n<\/figure>\n\n\n<section class=\"section-bleu\"><\/p>\n\n\n\n<h2 class=\"wp-block-heading has-text-align-center bloc-sejours content-centrer\">Nos s\u00e9jours 2026<\/h2>\n\n\n\n<p class=\"has-text-align-center content-centrer\">Tarifs, disponibilit\u00e9s et renseignements pour ce s\u00e9jour en Espagne<\/p>\n\n\n\n<div style=\"height:30px\" aria-hidden=\"true\" class=\"wp-block-spacer\"><\/div>\n\n\n\n<table class=\"wp-block-table tableau-tarifs\"><tbody><tr><td class=\"col-titre\"><strong>1 trimestre<\/strong><br><\/td><td class=\"col-departs\"><b>D\u00e9parts : <\/b><br>de septembre \u00e0 juin<\/td><td class=\"col-prix\"><strong class=\"prix-tableau\">8 400,00\u20ac*<\/strong><\/td><td class=\"col-btn\"><a href=\"https:\/\/www.calvin-thomas.com\/highschool\/contact\" target=\"_parent\" class=\"btn blanc middle\" rel=\"noopener\">demande d&#8217;info<\/a> <a href=\"https:\/\/www.calvin-thomas.com\/highschool\/inscription-sejours-scolaires\" target=\"_parent\" class=\"btn blanc middle\" rel=\"noopener\">s&#8217;inscrire<\/a><\/td><\/tr><tr><td class=\"col-titre\"><strong>1 semestre<\/strong><br><\/td><td class=\"col-departs\"><b>D\u00e9parts : <\/b> <br>juin ou septembre<\/td><td class=\"col-prix\"><strong class=\"prix-tableau\">12 300,00\u20ac*<\/strong><\/td><td class=\"col-btn\"><a href=\"https:\/\/www.calvin-thomas.com\/highschool\/contact\" target=\"_parent\" class=\"btn blanc middle\" rel=\"noopener\">demande d&#8217;info<\/a> <a href=\"https:\/\/www.calvin-thomas.com\/highschool\/inscription-sejours-scolaires\" target=\"_parent\" class=\"btn blanc middle\" rel=\"noopener\">s&#8217;inscrire<\/a><\/td><\/tr><tr><td class=\"col-titre\"><strong>1 ann\u00e9e scolaire<\/strong><br><\/td><td class=\"col-departs\"><b>D\u00e9parts : <\/b> <br>septembre<\/td><td class=\"col-prix\"><strong class=\"prix-tableau\">16 500,00\u20ac*<\/strong><\/td><td class=\"col-btn\"><a href=\"https:\/\/www.calvin-thomas.com\/highschool\/contact\" target=\"_parent\" class=\"btn blanc middle\" rel=\"noopener\">demande d&#8217;info<\/a> <a href=\"https:\/\/www.calvin-thomas.com\/highschool\/inscription-sejours-scolaires\" target=\"_parent\" class=\"btn blanc middle\" rel=\"noopener\">s&#8217;inscrire<\/a><\/td><\/tr><\/tbody><\/table>\n\n\n\n<div class=\"wp-block-columns has-3-columns column_container-backgd bloc-sejours legende is-layout-flex wp-container-core-columns-is-layout-3 wp-block-columns-is-layout-flex\">\n<div class=\"wp-block-column is-layout-flow wp-block-column-is-layout-flow\">\n<p><strong>*Le co\u00fbt du s\u00e9jour scolaire comprend : <\/strong><br><\/p>\n\n\n\n<ul>\n<li>la s\u00e9lection et l\u2019information du candidat (entretien, dossier&#8230;),<br><\/li>\n\n\n\n<li>l\u2019accueil en famille,<br><\/li>\n\n\n\n<li>l\u2019encadrement pendant toute la dur\u00e9e du s\u00e9jour, <br><\/li>\n\n\n\n<li>l&#8217;enseignement scolaire et la pension compl\u00e8te (offerte par la famille d\u2019accueil), <br><\/li>\n\n\n\n<li>le suivi,<\/li>\n\n\n\n<li>la mise \u00e0 disposition d\u2019un num\u00e9ro d\u2019urgence,<br><\/li>\n\n\n\n<li>l\u2019assurance, <\/li>\n\n\n\n<li>l\u2019assistance,<br><\/li>\n\n\n\n<li>les activit\u00e9s propos\u00e9es dans le cadre du programme,<br><\/li>\n\n\n\n<li>les frais administratifs,<br><\/li>\n\n\n\n<li>une r\u00e9union de pr\u00e9paration, si elle est programm\u00e9e par Calvin-Thomas.<\/li>\n<\/ul>\n<\/div>\n\n\n\n<div class=\"wp-block-column is-layout-flow wp-block-column-is-layout-flow\">\n<p><strong>*Le co\u00fbt du s\u00e9jour ne comprend pas :<\/strong><br><\/p>\n\n\n\n<ul>\n<li>les frais d\u2019inscription (75\u20ac),<\/li>\n\n\n\n<li>le voyage en avion (aller\/retour) de l\u2019a\u00e9roport de Roissy \u00e0 la r\u00e9sidence de la famille d\u2019accueil,<\/li>\n\n\n\n<li>les taxes d\u2019a\u00e9roport,<br><\/li>\n\n\n\n<li>les frais \u00e9ventuels pour un d\u00e9part de province (qui serait mis en place par Calvin-Thomas sur demande), <br><\/li>\n\n\n\n<li>les frais \u00e9ventuels d&#8217;accompagnement UM (suite \u00e0 une demande des parents du participant, ou si cet accompagnement est impos\u00e9 par la compagnie a\u00e9rienne), <\/li>\n\n\n\n<li>les frais de transfert d\u2019a\u00e9roport dans le pays d\u2019accueil et les frais d\u2019accueil \u00e0 l\u2019arriv\u00e9e,<br><\/li>\n\n\n\n<li>les d\u00e9penses personnelles (argent de poche, loisirs, sorties non pr\u00e9vues dans le cadre du programme), <br><\/li>\n\n\n\n<li>l&#8217;option \u201cRetenues financi\u00e8res r\u00e9duites\u201d facultative (voir <a href=\"https:\/\/www.calvin-thomas.com\/highschool\/conditions-generales-vente\/\">Nos conditions g\u00e9n\u00e9rales de vente<\/a>),<\/li>\n\n\n\n<li>les frais \u00e9ventuels de chancellerie et de visa,<br><\/li>\n\n\n\n<li>les excursions en option.<\/li>\n<\/ul>\n<\/div>\n<\/div>\n\n\n<p><\/section>\n\n\n<section class=\"bloc-option\"><\/p>\n\n\n\n<h2 class=\"wp-block-heading has-text-align-center bloc-option\">Option \u201cMadrid Welcome Tour\u201d<\/h2>\n\n\n\n<div class=\"bloc-option content-tableau\"><table class=\"wp-block-table\"><tbody><tr><td class=\"col-titre\"><strong>Option \u201cMadrid Welcome Tour\u201d<\/strong><br><\/td><td class=\"col-departs\"><\/td><td class=\"col-prix\"><strong class=\"prix\">850,00\u20ac<\/strong><\/td><td class=\"col-btn\"><a href=\"https:\/\/www.calvin-thomas.com\/highschool\/contact\" target=\"_parent\" class=\"btn blanc middle\" rel=\"noopener\">demande d&#8217;info<\/a> <a href=\"https:\/\/www.calvin-thomas.com\/highschool\/inscription-sejours-scolaires\" target=\"_parent\" class=\"btn blanc middle\" rel=\"noopener\">s&#8217;inscrire<\/a><\/td><\/tr><\/tbody><\/table><\/div>\n\n\n\n<div style=\"height:50px\" aria-hidden=\"true\" class=\"wp-block-spacer\"><\/div>\n\n\n<p><\/section>\n","protected":false},"featured_media":3585,"template":"","formules":[2],"ages":[17,18,19,20,21],"durees":[13,14,12],"departs":[26,35,24,23,28,27,25,34,32,31],"pays":[42],"uagb_featured_image_src":{"full":["https:\/\/www.calvin-thomas.com\/highschool\/wp-content\/uploads\/\/sites\/4\/entete-espagne-choiceplus.jpg",1200,793,false],"thumbnail":["https:\/\/www.calvin-thomas.com\/highschool\/wp-content\/uploads\/\/sites\/4\/entete-espagne-choiceplus-150x150.jpg",150,150,true],"medium":["https:\/\/www.calvin-thomas.com\/highschool\/wp-content\/uploads\/\/sites\/4\/entete-espagne-choiceplus-300x198.jpg",300,198,true],"medium_large":["https:\/\/www.calvin-thomas.com\/highschool\/wp-content\/uploads\/\/sites\/4\/entete-espagne-choiceplus-768x508.jpg",640,423,true],"large":["https:\/\/www.calvin-thomas.com\/highschool\/wp-content\/uploads\/\/sites\/4\/entete-espagne-choiceplus-1024x677.jpg",640,423,true],"1536x1536":["https:\/\/www.calvin-thomas.com\/highschool\/wp-content\/uploads\/\/sites\/4\/entete-espagne-choiceplus.jpg",1200,793,false],"2048x2048":["https:\/\/www.calvin-thomas.com\/highschool\/wp-content\/uploads\/\/sites\/4\/entete-espagne-choiceplus.jpg",1200,793,false],"gform-image-choice-sm":["https:\/\/www.calvin-thomas.com\/highschool\/wp-content\/uploads\/\/sites\/4\/entete-espagne-choiceplus.jpg",300,198,false],"gform-image-choice-md":["https:\/\/www.calvin-thomas.com\/highschool\/wp-content\/uploads\/\/sites\/4\/entete-espagne-choiceplus.jpg",400,264,false],"gform-image-choice-lg":["https:\/\/www.calvin-thomas.com\/highschool\/wp-content\/uploads\/\/sites\/4\/entete-espagne-choiceplus.jpg",600,397,false]},"uagb_author_info":{"display_name":"redac-calvinthomas","author_link":"https:\/\/www.calvin-thomas.com\/highschool\/author\/"},"uagb_comment_info":0,"uagb_excerpt":"\u00c0 PARTIR DE 8 400 \u20ac 14-18 ANS TRIMESTRE \/ SEMESTRE \/ ANN\u00c9E SCOLAIRE FAMILLE INDEMNIS\u00c9E \u00c9COLE CLASSIQUE OU PRIV\u00c9E SEPTEMBRE \u00c0 JUIN VOL NON INCLUS \u00c0 PARTIR DE 8 400 \u20ac EN SAVOIR PLUS","_links":{"self":[{"href":"https:\/\/www.calvin-thomas.com\/highschool\/wp-json\/wp\/v2\/sejour-scolaire\/3575"}],"collection":[{"href":"https:\/\/www.calvin-thomas.com\/highschool\/wp-json\/wp\/v2\/sejour-scolaire"}],"about":[{"href":"https:\/\/www.calvin-thomas.com\/highschool\/wp-json\/wp\/v2\/types\/sejour-scolaire"}],"wp:featuredmedia":[{"embeddable":true,"href":"https:\/\/www.calvin-thomas.com\/highschool\/wp-json\/wp\/v2\/media\/3585"}],"wp:attachment":[{"href":"https:\/\/www.calvin-thomas.com\/highschool\/wp-json\/wp\/v2\/media?parent=3575"}],"wp:term":[{"taxonomy":"formules","embeddable":true,"href":"https:\/\/www.calvin-thomas.com\/highschool\/wp-json\/wp\/v2\/formules?post=3575"},{"taxonomy":"ages","embeddable":true,"href":"https:\/\/www.calvin-thomas.com\/highschool\/wp-json\/wp\/v2\/ages?post=3575"},{"taxonomy":"durees","embeddable":true,"href":"https:\/\/www.calvin-thomas.com\/highschool\/wp-json\/wp\/v2\/durees?post=3575"},{"taxonomy":"departs","embeddable":true,"href":"https:\/\/www.calvin-thomas.com\/highschool\/wp-json\/wp\/v2\/departs?post=3575"},{"taxonomy":"pays","embeddable":true,"href":"https:\/\/www.calvin-thomas.com\/highschool\/wp-json\/wp\/v2\/pays?post=3575"}],"curies":[{"name":"wp","href":"https:\/\/api.w.org\/{rel}","templated":true}]}}