{"id":46,"date":"2019-10-14T18:15:40","date_gmt":"2019-10-14T16:15:40","guid":{"rendered":"https:\/\/www.calvin-thomas.com\/summer-family\/?post_type=sejours-ete&#038;p=46"},"modified":"2025-01-23T16:21:34","modified_gmt":"2025-01-23T15:21:34","slug":"immersion-canada-a-la-carte","status":"publish","type":"sejours-ete","link":"https:\/\/www.calvin-thomas.com\/summer-family\/sejours-ete\/immersion-canada-a-la-carte\/","title":{"rendered":"Immersion \u00e0 la carte"},"content":{"rendered":"\n<div class=\"wp-block-columns has-7-columns column_container barre-icones is-layout-flex wp-container-core-columns-is-layout-1 wp-block-columns-is-layout-flex\">\n<div class=\"wp-block-column is-layout-flow wp-block-column-is-layout-flow\">\n<p class=\"has-text-align-center age\">15-17 ANS<\/p>\n<\/div>\n\n\n\n<div class=\"wp-block-column is-layout-flow wp-block-column-is-layout-flow\">\n<p class=\"has-text-align-center duree\">2 \u00c0 6 SEMAINES<br><\/p>\n<\/div>\n\n\n\n<div class=\"wp-block-column is-layout-flow wp-block-column-is-layout-flow\">\n<p class=\"has-text-align-center activites\">AUCUNE ACTIVIT\u00c9 PROGRAMM\u00c9E<\/p>\n<\/div>\n\n\n\n<div class=\"wp-block-column is-layout-flow wp-block-column-is-layout-flow\">\n<p class=\"has-text-align-center anglais\">PAS DE COURS D&#8217;ANGLAIS<\/p>\n<\/div>\n\n\n\n<div class=\"wp-block-column is-layout-flow wp-block-column-is-layout-flow\">\n<p class=\"has-text-align-center vol\">VOL NON INCLUS<br><\/p>\n<\/div>\n\n\n\n<div class=\"wp-block-column is-layout-flow wp-block-column-is-layout-flow\">\n<p class=\"has-text-align-center accompagnement\">NON ACCOMPAGN\u00c9<\/p>\n<\/div>\n\n\n\n<div class=\"wp-block-column prix is-layout-flow wp-block-column-is-layout-flow\">\n<p class=\"tarifs\">\u00c0 PARTIR DE <br><strong>2550 \u20ac<\/strong><\/p>\n\n\n\n<!--more-->\n<\/div>\n<\/div>\n\n\n\n<div class=\"wp-block-columns has-2-columns column_container column-centre is-layout-flex wp-container-core-columns-is-layout-2 wp-block-columns-is-layout-flex\">\n<div class=\"wp-block-column is-layout-flow wp-block-column-is-layout-flow\">\n<figure class=\"wp-block-image is-resized img-direction\"><img decoding=\"async\" src=\"https:\/\/www.calvin-thomas.com\/summer-family\/wp-content\/uploads\/\/sites\/11\/2019\/10\/carte-summer-canada.png\" alt=\"Direction le Canada\" class=\"wp-image-110\" style=\"width:348px;height:150px\"\/><\/figure>\n\n\n\n<figure class=\"wp-block-image img-direction\"><img loading=\"lazy\" decoding=\"async\" width=\"347\" height=\"221\" src=\"https:\/\/www.calvin-thomas.com\/summer-family\/wp-content\/uploads\/\/sites\/11\/2019\/10\/carte-summerfamily-canada-alacarte.png\" alt=\"s\u00e9jour d'\u00e9t\u00e9 au Canada\" class=\"wp-image-722\" srcset=\"https:\/\/www.calvin-thomas.com\/summer-family\/wp-content\/uploads\/\/sites\/11\/2019\/10\/carte-summerfamily-canada-alacarte.png 347w, https:\/\/www.calvin-thomas.com\/summer-family\/wp-content\/uploads\/\/sites\/11\/2019\/10\/carte-summerfamily-canada-alacarte-300x191.png 300w\" sizes=\"(max-width: 347px) 100vw, 347px\" \/><\/figure>\n\n\n\n<p class=\"intro\"><strong>Le Canada est synonyme de nature, et, bien s\u00fbr, de sirop d&#8217;\u00e9rable. Mais avec Calvin-Thomas, ce s\u00e9jour entre immersion en famille d&#8217;accueil et d\u00e9couverte du pays aux grands lacs et sites naturels participe \u00e0 l&#8217;\u00e9ducation de votre enfant. Les familles anglophones dans lesquelles les jeunes sont plac\u00e9s durant leur s\u00e9jour au Canada, savent g\u00e9n\u00e9ralement faire partager leurs activit\u00e9s. Elles le font avec autant de passion que de d\u00e9contraction (kayak, hockey et autres activit\u00e9s sportives, cin\u00e9ma, barbecue, week-end au bord des lacs, etc.). Elles re\u00e7oivent de fa\u00e7on simple et agr\u00e9able. Elles ont tout naturellement le sens de l\u2019accueil et saurons faire d\u00e9couvrir aux participants une exp\u00e9rience \u201c\u00e0 la canadienne\u201d.<\/strong><\/p>\n\n\n\n<h2 class=\"wp-block-heading\">L\u2019immersion totale, la souplesse en plus !<\/h2>\n\n\n\n<p>Ce s\u00e9jour d&#8217;\u00e9t\u00e9 d&#8217;immersion au Canada, ax\u00e9 autour de la famille et des amis, permet de d\u00e9couvrir en profondeur le mode de vie canadien. Ce programme en pure immersion, construit autour de la d\u00e9couverte du quotidien d\u2019une famille (du \u201cbreakfast\u201d au shopping, du camping au \u201cmovie theater\u201d, du sport aux visites, etc.), transforme des journ\u00e9es ordinaires en un s\u00e9jour riche. Rythme de vie et activit\u00e9s sont orchestr\u00e9s pendant un mois par de nouveaux \u201cparents\u201d, de nouveaux \u201cfr\u00e8res et s\u0153urs\u201d, de nouveaux amis, un nouvel environnement\u2026<\/p>\n\n\n\n<p>\u00c0 la fin du s\u00e9jour, chaque participant a appris \u00e0 s&#8217;adapter, \u00e0 s&#8217;int\u00e9grer \u00e0 un nouvel environnement, \u00e0 r\u00e9agir et \u00e0 se d\u00e9brouiller face \u00e0 des situations nouvelles. Le participant qui a pratiqu\u00e9 l&#8217;anglais  heure par heure et jour apr\u00e8s jour peut \u00e9galement, au terme de son  exp\u00e9rience, intervenir sans complexe et avec une certaine aisance dans  la conversation courante. Cet apprentissage de l&#8217;anglais multiple se fait sans trop de contrainte, puisque son cadre est celui  des vacances et de la d\u00e9tente.&nbsp;<\/p>\n\n\n\n<h2 class=\"wp-block-heading\">Direction le Canada&#8230;<\/h2>\n\n\n\n<p>4 destinations du Canada anglophone sont disponibles pour ce s\u00e9jour :<\/p>\n\n\n\n<ul>\n<li><strong>Ontario <\/strong>\n<ul>\n<li><strong>r\u00e9gion d&#8217;Ottawa <\/strong>: a\u00e9roport d&#8217;arriv\u00e9e\u00a0Ottawa Macdonald-Cartier International Airport<\/li>\n\n\n\n<li><strong>r\u00e9gion de London : <\/strong>a\u00e9roport d&#8217;arriv\u00e9e Toronto Pearson International Airport<\/li>\n<\/ul>\n<\/li>\n\n\n\n<li><strong>Colombie-Britannique <\/strong>\n<ul>\n<li><strong>r\u00e9gion de Victoria : <\/strong>a\u00e9roport d&#8217;arriv\u00e9e\u00a0Victoria International Airport <\/li>\n\n\n\n<li><strong>r\u00e9gion de Langley\/Surrey : <\/strong>a\u00e9roport d&#8217;arriv\u00e9e Vancouver International Airport<\/li>\n<\/ul>\n<\/li>\n<\/ul>\n\n\n\n<h2 class=\"wp-block-heading\">Un s\u00e9jour d&#8217;\u00e9t\u00e9 \u00e0 la carte&#8230;<\/h2>\n\n\n\n<p>Pour ce programme en immersion au Canada, le participant peut choisir : <\/p>\n\n\n\n<ul>\n<li>la dur\u00e9e de son s\u00e9jour : entre 2 et 4 semaines<\/li>\n\n\n\n<li>sa r\u00e9gion de placement<\/li>\n<\/ul>\n\n\n\n<p><strong>\u00c0 noter :<\/strong> <br>Le participant est plac\u00e9 dans la r\u00e9gion de sa ville d&#8217;arriv\u00e9e (jusqu&#8217;au 3 heures de route environ). <br>Les vols ne sont pas accompagn\u00e9s.<\/p>\n\n\n\n<div style=\"height:50px\" class=\"wp-block-spacer\"><\/div>\n<\/div>\n\n\n\n<div class=\"wp-block-column is-layout-flow wp-block-column-is-layout-flow\"><section class=\"bloc-atouts\"><\/p>\n\n\n\n<h3 class=\"wp-block-heading\"><strong>Les points forts<\/strong> de ce s\u00e9jour d&#8217;\u00e9t\u00e9 en famille au Canada<br><\/h3>\n\n\n\n<ol>\n<li><strong>Un s\u00e9jour souple<\/strong> qui permet \u00e0 tous les participants de passer leur \u00e9t\u00e9 \u00e0 l\u2019\u00e9tranger<\/li>\n\n\n\n<li><strong>Le choix de la r\u00e9gion de placement<\/strong>, et donc l&#8217;a\u00e9roport d\u2019arriv\u00e9e<\/li>\n\n\n\n<li><strong>Un suivi et des services sur place<\/strong> via la pr\u00e9sence du correspondant local de Calvin-Thomas<\/li>\n\n\n\n<li><strong>La possibilit\u00e9 de prendre un vol direct <\/strong>depuis Paris<\/li>\n\n\n\n<li><strong>Une grande diversit\u00e9 de r\u00e9gions canadiennes et anglophones <\/strong> propos\u00e9e<\/li>\n<\/ol>\n\n\n<p><\/section>\n\n\n<section class=\"bloc-contact\"><\/p>\n\n\n\n<h3 class=\"wp-block-heading has-text-align-center\">Besoin d&#8217;information ?<\/h3>\n\n\n\n<p>Notre \u00e9quipe et nos conseillers locaux sont \u00e0 votre disposition.<\/p>\n\n\n\n<p class=\"has-text-align-center\"><a class=\"btn middle grey\" href=\"https:\/\/www.calvin-thomas.com\/summer-family\/informations-pratiques\/contacts-reunions-conseillers-summer-family\/\">Contactez-nous !<\/a><\/p>\n\n\n<p><\/section>\n<\/div>\n<\/div>\n\n\n\n<figure class=\"wp-block-gallery has-nested-images columns-default is-cropped wp-block-gallery-12 is-layout-flex wp-block-gallery-is-layout-flex\">\n<figure class=\"wp-block-image\"><img loading=\"lazy\" decoding=\"async\" width=\"330\" height=\"230\" data-id=\"467\" src=\"https:\/\/www.calvin-thomas.com\/summer-family\/wp-content\/uploads\/\/sites\/11\/2019\/11\/immersion-canada_01.jpg\" alt=\"\" class=\"wp-image-467\" srcset=\"https:\/\/www.calvin-thomas.com\/summer-family\/wp-content\/uploads\/\/sites\/11\/2019\/11\/immersion-canada_01.jpg 330w, https:\/\/www.calvin-thomas.com\/summer-family\/wp-content\/uploads\/\/sites\/11\/2019\/11\/immersion-canada_01-300x209.jpg 300w\" sizes=\"(max-width: 330px) 100vw, 330px\" \/><\/figure>\n\n\n\n<figure class=\"wp-block-image\"><img loading=\"lazy\" decoding=\"async\" width=\"330\" height=\"230\" data-id=\"468\" src=\"https:\/\/www.calvin-thomas.com\/summer-family\/wp-content\/uploads\/\/sites\/11\/2019\/11\/immersion-canada_02.jpg\" alt=\"\" class=\"wp-image-468\" srcset=\"https:\/\/www.calvin-thomas.com\/summer-family\/wp-content\/uploads\/\/sites\/11\/2019\/11\/immersion-canada_02.jpg 330w, https:\/\/www.calvin-thomas.com\/summer-family\/wp-content\/uploads\/\/sites\/11\/2019\/11\/immersion-canada_02-300x209.jpg 300w\" sizes=\"(max-width: 330px) 100vw, 330px\" \/><\/figure>\n\n\n\n<figure class=\"wp-block-image\"><img loading=\"lazy\" decoding=\"async\" width=\"330\" height=\"230\" data-id=\"469\" src=\"https:\/\/www.calvin-thomas.com\/summer-family\/wp-content\/uploads\/\/sites\/11\/2019\/11\/immersion-canada_03.jpg\" alt=\"\" class=\"wp-image-469\" srcset=\"https:\/\/www.calvin-thomas.com\/summer-family\/wp-content\/uploads\/\/sites\/11\/2019\/11\/immersion-canada_03.jpg 330w, https:\/\/www.calvin-thomas.com\/summer-family\/wp-content\/uploads\/\/sites\/11\/2019\/11\/immersion-canada_03-300x209.jpg 300w\" sizes=\"(max-width: 330px) 100vw, 330px\" \/><\/figure>\n\n\n\n<figure class=\"wp-block-image\"><img loading=\"lazy\" decoding=\"async\" width=\"330\" height=\"230\" data-id=\"470\" src=\"https:\/\/www.calvin-thomas.com\/summer-family\/wp-content\/uploads\/\/sites\/11\/2019\/11\/immersion-canada_04.jpg\" alt=\"\" class=\"wp-image-470\" srcset=\"https:\/\/www.calvin-thomas.com\/summer-family\/wp-content\/uploads\/\/sites\/11\/2019\/11\/immersion-canada_04.jpg 330w, https:\/\/www.calvin-thomas.com\/summer-family\/wp-content\/uploads\/\/sites\/11\/2019\/11\/immersion-canada_04-300x209.jpg 300w\" sizes=\"(max-width: 330px) 100vw, 330px\" \/><\/figure>\n\n\n\n<figure class=\"wp-block-image\"><img loading=\"lazy\" decoding=\"async\" width=\"330\" height=\"230\" data-id=\"471\" src=\"https:\/\/www.calvin-thomas.com\/summer-family\/wp-content\/uploads\/\/sites\/11\/2019\/11\/immersion-canada_05.jpg\" alt=\"\" class=\"wp-image-471\" srcset=\"https:\/\/www.calvin-thomas.com\/summer-family\/wp-content\/uploads\/\/sites\/11\/2019\/11\/immersion-canada_05.jpg 330w, https:\/\/www.calvin-thomas.com\/summer-family\/wp-content\/uploads\/\/sites\/11\/2019\/11\/immersion-canada_05-300x209.jpg 300w\" sizes=\"(max-width: 330px) 100vw, 330px\" \/><\/figure>\n\n\n\n<figure class=\"wp-block-image\"><img loading=\"lazy\" decoding=\"async\" width=\"330\" height=\"230\" data-id=\"472\" src=\"https:\/\/www.calvin-thomas.com\/summer-family\/wp-content\/uploads\/\/sites\/11\/2019\/11\/immersion-canada_06.jpg\" alt=\"\" class=\"wp-image-472\" srcset=\"https:\/\/www.calvin-thomas.com\/summer-family\/wp-content\/uploads\/\/sites\/11\/2019\/11\/immersion-canada_06.jpg 330w, https:\/\/www.calvin-thomas.com\/summer-family\/wp-content\/uploads\/\/sites\/11\/2019\/11\/immersion-canada_06-300x209.jpg 300w\" sizes=\"(max-width: 330px) 100vw, 330px\" \/><\/figure>\n<\/figure>\n\n\n<section class=\"section-jaune\"><\/p>\n\n\n\n<h2 class=\"wp-block-heading has-text-align-center bloc-sejours content-centrer\">Nos s\u00e9jours 2025<\/h2>\n\n\n\n<p class=\"has-text-align-center content-centrer\">Tarifs, disponibilit\u00e9s et renseignements pour ce s\u00e9jour d&#8217;\u00e9t\u00e9 au Canada<\/p>\n\n\n\n<div style=\"height:30px\" class=\"wp-block-spacer\"><\/div>\n\n\n\n<div class=\"align-center\"><a href=\"https:\/\/www.calvin-thomas.com\/summer-family\/informations-pratiques\/contacts-reunions-conseillers-summer-family\/\" target=\"_parent\" class=\"btn blanc middle\" rel=\"noopener\">demande d&#8217;info<\/a><\/div>\n\n\n\n<div style=\"height:30px\" class=\"wp-block-spacer\"><\/div>\n\n\n\n<h3 class=\"wp-block-heading has-text-align-center\"><strong>Ontario\u00a0(r\u00e9gions d&#8217;Ottawa ou de London au choix)<\/strong><\/h3>\n\n\n\n<table class=\"wp-block-table tableau-tarifs\"><tbody><tr><td class=\"col-titre\"><strong>2 semaines<\/strong><br><\/td><td class=\"col-departs\"><b>D\u00e9parts : <\/b>entre le 3 juillet et le 21 ao\u00fbt 2025<\/td><td class=\"col-prix\"><strong class=\"prix-tableau\">2 550,00\u20ac*<\/strong><\/td><td class=\"col-btn\"><a href=\"https:\/\/www.calvin-thomas.com\/summer-family\/inscription-camp-ete\/\" target=\"_parent\" class=\"btn blanc middle\" rel=\"noopener\">s&#8217;inscrire<\/a><\/td><\/tr><tr><td class=\"col-titre\"><strong>4 semaines <\/strong><br><\/td><td class=\"col-departs\"><b>D\u00e9parts : <\/b>entre le 3 juillet et le 21 ao\u00fbt 2025<\/td><td class=\"col-prix\"><strong class=\"prix-tableau\">3 300,00\u20ac*<\/strong><\/td><td class=\"col-btn\"><a href=\"https:\/\/www.calvin-thomas.com\/summer-family\/inscription-camp-ete\/\" target=\"_parent\" class=\"btn blanc middle\" rel=\"noopener\">s&#8217;inscrire<\/a><\/td><\/tr><tr><td class=\"col-titre\"><strong>5 semaines <\/strong><br><\/td><td class=\"col-departs\"><b>D\u00e9parts : <\/b>entre le 3 juillet et le 21 ao\u00fbt 2025<\/td><td class=\"col-prix\"><strong class=\"prix-tableau\">3 800,00\u20ac*<\/strong><\/td><td class=\"col-btn\"><a href=\"https:\/\/www.calvin-thomas.com\/summer-family\/inscription-camp-ete\/\" target=\"_parent\" class=\"btn blanc middle\" rel=\"noopener\">s&#8217;inscrire<\/a><\/td><\/tr><tr><td class=\"col-titre\"><strong>6 semaines <\/strong><br><\/td><td class=\"col-departs\"><b>D\u00e9parts : <\/b>entre le 3 juillet et le 21 ao\u00fbt 2025<\/td><td class=\"col-prix\"><strong class=\"prix-tableau\">4 300,00\u20ac*<\/strong><\/td><td class=\"col-btn\"><a href=\"https:\/\/www.calvin-thomas.com\/summer-family\/inscription-camp-ete\/\" target=\"_parent\" class=\"btn blanc middle\" rel=\"noopener\">s&#8217;inscrire<\/a><\/td><\/tr><\/tbody><\/table>\n\n\n\n<div style=\"height:80px\" class=\"wp-block-spacer\"><\/div>\n\n\n\n<h3 class=\"wp-block-heading has-text-align-center\"><strong>Colombie-Britannique (r\u00e9gions de Victoria ou de Langley\/Surrey au choix)<\/strong><\/h3>\n\n\n\n<table class=\"wp-block-table tableau-tarifs\"><tbody><tr><td class=\"col-titre\"><strong>2 semaines<\/strong><br><\/td><td class=\"col-departs\"><b>D\u00e9parts : <\/b>entre le 3 juillet et le 21 ao\u00fbt 2025<\/td><td class=\"col-prix\"><strong class=\"prix-tableau\">2 750,00\u20ac*<\/strong><\/td><td class=\"col-btn\"><a href=\"https:\/\/www.calvin-thomas.com\/summer-family\/inscription-camp-ete\/\" target=\"_parent\" class=\"btn blanc middle\" rel=\"noopener\">s&#8217;inscrire<\/a><\/td><\/tr><tr><td class=\"col-titre\"><strong>4 semaines <\/strong><br><\/td><td class=\"col-departs\"><b>D\u00e9parts : <\/b>entre le 3 juillet et le 21 ao\u00fbt 2025<\/td><td class=\"col-prix\"><strong class=\"prix-tableau\">3 600,00\u20ac*<\/strong><\/td><td class=\"col-btn\"><a href=\"https:\/\/www.calvin-thomas.com\/summer-family\/inscription-camp-ete\/\" target=\"_parent\" class=\"btn blanc middle\" rel=\"noopener\">s&#8217;inscrire<\/a><\/td><\/tr><tr><td class=\"col-titre\"><strong>5 semaines <\/strong><br><\/td><td class=\"col-departs\"><b>D\u00e9parts : <\/b>entre le 3 juillet et le 21 ao\u00fbt 2025<\/td><td class=\"col-prix\"><strong class=\"prix-tableau\">4 200,00\u20ac*<\/strong><\/td><td class=\"col-btn\"><a href=\"https:\/\/www.calvin-thomas.com\/summer-family\/inscription-camp-ete\/\" target=\"_parent\" class=\"btn blanc middle\" rel=\"noopener\">s&#8217;inscrire<\/a><\/td><\/tr><tr><td class=\"col-titre\"><strong>6 semaines <\/strong><br><\/td><td class=\"col-departs\"><b>D\u00e9parts : <\/b>entre le 3 juillet et le 21 ao\u00fbt 2025<\/td><td class=\"col-prix\"><strong class=\"prix-tableau\">4 850,00\u20ac*<\/strong><\/td><td class=\"col-btn\"><a href=\"https:\/\/www.calvin-thomas.com\/summer-family\/inscription-camp-ete\/\" target=\"_parent\" class=\"btn blanc middle\" rel=\"noopener\">s&#8217;inscrire<\/a><\/td><\/tr><\/tbody><\/table>\n\n\n\n<div class=\"wp-block-columns has-2-columns column_container-backgd bloc-sejours legende is-layout-flex wp-container-core-columns-is-layout-3 wp-block-columns-is-layout-flex\">\n<div class=\"wp-block-column is-layout-flow wp-block-column-is-layout-flow\">\n<p><strong>*Le co\u00fbt du s\u00e9jour d&#8217;\u00e9t\u00e9 comprend : <\/strong><br><\/p>\n\n\n\n<ul>\n<li>la s\u00e9lection et l&#8217;information du candidat,<\/li>\n\n\n\n<li>l&#8217;accueil en famille (pension compl\u00e8te),<\/li>\n\n\n\n<li>les services propos\u00e9s dans le cadre du programme,<\/li>\n\n\n\n<li>une pr\u00e9sence de Calvin-Thomas sur place, pendant toute la dur\u00e9e du s\u00e9jour,<\/li>\n\n\n\n<li>le suivi,<\/li>\n\n\n\n<li>la mise \u00e0 disposition d&#8217;un num\u00e9ro d&#8217;urgence,<\/li>\n\n\n\n<li>l&#8217;assurance offerte par Calvin-Thomas,<\/li>\n\n\n\n<li>l&#8217;assistance,<\/li>\n\n\n\n<li>les frais administratifs Calvin-Thomas.<\/li>\n<\/ul>\n<\/div>\n\n\n\n<div class=\"wp-block-column is-layout-flow wp-block-column-is-layout-flow\">\n<p><strong>*Le co\u00fbt du s\u00e9jour n&#8217;inclut pas :<\/strong><br><\/p>\n\n\n\n<ul>\n<li>le voyage en avion aller\/retour et les taxes d&#8217;a\u00e9roport,<\/li>\n\n\n\n<li>les frais \u00e9ventuels d&#8217;UM (\u201cUnaccompanied Minor\u201d),<\/li>\n\n\n\n<li>les frais suppl\u00e9mentaires &#8211; induits &#8211; de prise en charge \u00e0 l\u2019a\u00e9roport par l\u2019organisme partenaire,<\/li>\n\n\n\n<li>les frais d&#8217;inscription (68\u20ac),<\/li>\n\n\n\n<li>les d\u00e9penses personnelles (argent de poche, loisirs, sorties non pr\u00e9vues dans le cadre du programme),<\/li>\n\n\n\n<li>les garanties facultatives \u201cGarantie annulation hospitalisation\u201d (AAH) et \u201cGarantie annulation \/ \u00e9chec au baccalaur\u00e9at\u201d (AAB).<\/li>\n<\/ul>\n<\/div>\n<\/div>\n\n\n<p><\/section>\n\n\n\n<p class=\"temoignage titre-rubrique\">ILS SONT PARTIS AVEC CALVIN THOMAS<\/p>\n\n\n\n<figure class=\"wp-block-image temoignage\"><img decoding=\"async\" src=\"https:\/\/www.calvin-thomas.com\/summer-family\/wp-content\/uploads\/\/sites\/11\/2019\/12\/clara.jpg\" alt=\"t\u00e9moignage de Clara partie avec le programme de s\u00e9jour linguistique \u00e0 la carte\" class=\"wp-image-1066\"\/><\/figure>\n\n\n\n<blockquote class=\"wp-block-quote has-text-align-center is-style-large temoignage is-layout-flow wp-block-quote-is-layout-flow\">\n<p><strong>Clara<\/strong><br>est partie avec le programme Immersion \u00e0 la carte<br><\/p>\n<cite>Je me suis extr\u00eamement bien entendue avec les membres de ma famille d\u2019accueil, alors m\u00eame que nous avions de grandes diff\u00e9rences, au niveau des m\u0153urs et de notre vision du monde. Nous avons su nous adapter les uns aux autres. Au final, on a v\u00e9cu une vraie exp\u00e9rience humaine, qui, personnellement, m\u2019a boulevers\u00e9e.<\/cite><\/blockquote>\n","protected":false},"excerpt":{"rendered":"<p class=\"tarifs\">\u00c0 PARTIR DE <br \/><strong>2550 \u20ac<\/strong><\/p>\n<p class=\"has-text-align-center age\">15-17 ANS<\/p>\n<p class=\"has-text-align-center duree\">2 \u00c0 6 SEMAINES<\/p>\n<p class=\"has-text-align-center activites\">AUCUNE ACTIVIT\u00c9 PROGRAMM\u00c9E<\/p>\n<p class=\"has-text-align-center anglais\">PAS DE COURS D&#8217;ANGLAIS<\/p>\n<p class=\"has-text-align-center vol\">VOL NON INCLUS<\/p>\n<p class=\"has-text-align-center accompagnement\">NON ACCOMPAGN\u00c9<\/p>\n<p class=\"tarifs\">\u00c0 PARTIR DE <br \/><strong>2550 \u20ac<\/strong><\/p>\n<p> <a class=\"btn couleur large\" href=\"https:\/\/www.calvin-thomas.com\/summer-family\/sejours-ete\/immersion-canada-a-la-carte\/\">EN SAVOIR PLUS <\/a><\/p>\n","protected":false},"featured_media":68,"template":"","pays":[11],"ages":[3,4,5],"options":[18,17],"uagb_featured_image_src":{"full":["https:\/\/www.calvin-thomas.com\/summer-family\/wp-content\/uploads\/\/sites\/11\/2019\/10\/entete-canada.jpg",1280,600,false],"thumbnail":["https:\/\/www.calvin-thomas.com\/summer-family\/wp-content\/uploads\/\/sites\/11\/2019\/10\/entete-canada-150x150.jpg",150,150,true],"medium":["https:\/\/www.calvin-thomas.com\/summer-family\/wp-content\/uploads\/\/sites\/11\/2019\/10\/entete-canada-300x141.jpg",300,141,true],"medium_large":["https:\/\/www.calvin-thomas.com\/summer-family\/wp-content\/uploads\/\/sites\/11\/2019\/10\/entete-canada-768x360.jpg",640,300,true],"large":["https:\/\/www.calvin-thomas.com\/summer-family\/wp-content\/uploads\/\/sites\/11\/2019\/10\/entete-canada-1024x480.jpg",640,300,true],"1536x1536":["https:\/\/www.calvin-thomas.com\/summer-family\/wp-content\/uploads\/\/sites\/11\/2019\/10\/entete-canada.jpg",1280,600,false],"2048x2048":["https:\/\/www.calvin-thomas.com\/summer-family\/wp-content\/uploads\/\/sites\/11\/2019\/10\/entete-canada.jpg",1280,600,false]},"uagb_author_info":{"display_name":"redac-calvinthomas","author_link":"https:\/\/www.calvin-thomas.com\/summer-family\/author\/"},"uagb_comment_info":0,"uagb_excerpt":"\u00c0 PARTIR DE 2550 \u20ac 15-17 ANS 2 \u00c0 6 SEMAINES AUCUNE ACTIVIT\u00c9 PROGRAMM\u00c9E PAS DE COURS D&#8217;ANGLAIS VOL NON INCLUS NON ACCOMPAGN\u00c9 \u00c0 PARTIR DE 2550 \u20ac EN SAVOIR PLUS","_links":{"self":[{"href":"https:\/\/www.calvin-thomas.com\/summer-family\/wp-json\/wp\/v2\/sejours-ete\/46"}],"collection":[{"href":"https:\/\/www.calvin-thomas.com\/summer-family\/wp-json\/wp\/v2\/sejours-ete"}],"about":[{"href":"https:\/\/www.calvin-thomas.com\/summer-family\/wp-json\/wp\/v2\/types\/sejours-ete"}],"wp:featuredmedia":[{"embeddable":true,"href":"https:\/\/www.calvin-thomas.com\/summer-family\/wp-json\/wp\/v2\/media\/68"}],"wp:attachment":[{"href":"https:\/\/www.calvin-thomas.com\/summer-family\/wp-json\/wp\/v2\/media?parent=46"}],"wp:term":[{"taxonomy":"pays","embeddable":true,"href":"https:\/\/www.calvin-thomas.com\/summer-family\/wp-json\/wp\/v2\/pays?post=46"},{"taxonomy":"ages","embeddable":true,"href":"https:\/\/www.calvin-thomas.com\/summer-family\/wp-json\/wp\/v2\/ages?post=46"},{"taxonomy":"options","embeddable":true,"href":"https:\/\/www.calvin-thomas.com\/summer-family\/wp-json\/wp\/v2\/options?post=46"}],"curies":[{"name":"wp","href":"https:\/\/api.w.org\/{rel}","templated":true}]}}