{"id":44,"date":"2019-11-26T16:22:47","date_gmt":"2019-11-26T15:22:47","guid":{"rendered":"https:\/\/www.calvin-thomas.com\/summer-school\/?page_id=44"},"modified":"2025-07-09T21:57:17","modified_gmt":"2025-07-09T19:57:17","slug":"homepage","status":"publish","type":"page","link":"https:\/\/www.calvin-thomas.com\/summer-school\/","title":{"rendered":"Homepage"},"content":{"rendered":"\n<div class=\"wp-block-column is-layout-flow wp-block-column-is-layout-flow\">\n<div style=\"height:20px\" aria-hidden=\"true\" class=\"wp-block-spacer\"><\/div>\n<\/div>\n\n\n\n<p style=\"text-align:center;margin:0!important\">RETROUVEZ-NOUS SUR<\/p>\n\n\n\n<div style=\"display: flex; justify-content: center; margin-boyyom:15px\">\n<p style=\"text-align: center;\"><a href=\"https:\/\/www.facebook.com\/CalvinThomasOrg\" target=\"_blank\" rel=\"noopener\"><img loading=\"lazy\" decoding=\"async\" class=\"size-full wp-image-544 alignleft\" src=\"https:\/\/www.calvin-thomas.com\/highschool\/wp-content\/uploads\/\/sites\/4\/logo-facebook.png\" alt=\"Facebook Calvin-Thomas\" width=\"50\" height=\"50\"><\/a> <a href=\"https:\/\/twitter.com\/CalvinThomasOrg\" target=\"_blank\" rel=\"noopener\"><img loading=\"lazy\" decoding=\"async\" class=\"size-full wp-image-545 alignleft\" src=\"https:\/\/www.calvin-thomas.com\/highschool\/wp-content\/uploads\/\/sites\/4\/logo-twitter.png\" alt=\"Twitter Calvin-Thomas\" width=\"50\" height=\"50\"><\/a> <a href=\"https:\/\/www.youtube.com\/user\/CalvinThomasOrg\" target=\"_blank\" rel=\"noopener\"><img loading=\"lazy\" decoding=\"async\" class=\"alignleft size-full wp-image-546\" src=\"https:\/\/www.calvin-thomas.com\/highschool\/wp-content\/uploads\/\/sites\/4\/logo-youtube.png\" alt=\"Youtube Calvin-Thomas\" width=\"50\" height=\"50\"><\/a> <a href=\"https:\/\/www.instagram.com\/calvinthomasfrance\/?hl=fr\" target=\"_blank\" rel=\"noopener\"><img loading=\"lazy\" decoding=\"async\" class=\"alignleft size-full wp-image-547\" src=\"https:\/\/www.calvin-thomas.com\/highschool\/wp-content\/uploads\/\/sites\/4\/logo-instagram.png\" alt=\"Instagram Calvin-Thomas\" width=\"50\" height=\"50\"><\/a><\/p>\n<\/div>\n\n\n\n<div style=\"height:30px\" aria-hidden=\"true\" class=\"wp-block-spacer\"><\/div>\n\n\n\n\n<div class=\"wp-block-column is-layout-flow wp-block-column-is-layout-flow\">\n<div style=\"height:30px\" aria-hidden=\"true\" class=\"wp-block-spacer\"><\/div>\n\n\n\n<div class=\"wp-block-uagb-container uagb-block-471dda39 default uagb-is-root-container\">\n<div class=\"cadrenoedumaine\">\n\n\n\n<div class=\"wp-block-uagb-container uagb-block-68d94e65\">\n<div style=\"height:10px\" aria-hidden=\"true\" class=\"wp-block-spacer\"><\/div>\n\n\n\n<figure class=\"wp-block-image size-full is-resized\"><img decoding=\"async\" src=\"https:\/\/www.calvin-thomas.com\/wp-content\/uploads\/\/graphisme-noe.webp\" alt=\"\" class=\"wp-image-1024\" style=\"width:100px\"\/><\/figure>\n\n\n<div class=\"wp-block-image is-style-default noedumaine\">\n<figure class=\"aligncenter size-full\"><img decoding=\"async\" src=\"https:\/\/www.calvin-thomas.com\/wp-content\/uploads\/\/noe-dumaine.webp\" alt=\"No\u00e9 Dumaine\" class=\"wp-image-1023\"\/><\/figure><\/div>\n\n\n<p class=\"has-text-align-center margin0 has-white-color has-text-color has-link-color wp-elements-d551997f57fd89a8df2e4191419de909\" style=\"font-size:18px\">CHAMPION FRAN\u00c7AIS DE WASZP<br>PORTE HAUT NOS COULEURS<\/p>\n\n\n\n<p class=\"has-text-align-center has-white-color has-text-color has-link-color wp-elements-73cf583f6463762049be9f2d90cb89e3\" style=\"font-size:13px\">Il a particip\u00e9 aux Championnats de France du 3 au 9 juillet \u00e0 Carnac et participera aux championnats du monde du 18 au 27 juillet \u00e0 Weymouth (UK).<\/p>\n\n\n\n<div class=\"wp-block-buttons is-content-justification-center is-layout-flex wp-container-core-buttons-is-layout-1 wp-block-buttons-is-layout-flex\">\n<div class=\"wp-block-button has-custom-font-size\" style=\"font-size:14px\"><a class=\"wp-block-button__link has-background has-text-align-center wp-element-button\" href=\"https:\/\/www.calvin-thomas.com\/le-blog\/championnat-de-france-waszp-2025-avec-noe-dumaine-cap-sur-les-sommets-%e2%9b%b5%ef%b8%8f%f0%9f%94%a5\/\" style=\"background-color:#e22524\">Retrouvez les r\u00e9actions de No\u00e9<\/a><\/div>\n<\/div>\n\n\n\n<div style=\"height:20px\" aria-hidden=\"true\" class=\"wp-block-spacer\"><\/div>\n<\/div>\n\n\n\n<div class=\"wp-block-uagb-container uagb-block-8aef3c5d\">\n<div class=\"wp-block-uagb-slider uagb-block-3c6c51fd uagb-slider-container\"><div class=\"uagb-slides uagb-swiper\"><div class=\"swiper-wrapper\">\n<div class=\"wp-block-uagb-slider-child uagb-slider-child-wrap swiper-slide uagb-block-d609f1c7\"><div class=\"swiper-content\">\n<div class=\"wp-block-uagb-container uagb-block-fcc49f62\">\n<figure class=\"wp-block-image size-full\"><img decoding=\"async\" src=\"https:\/\/www.calvin-thomas.com\/wp-content\/uploads\/\/photo-noe1ok.webp\" alt=\"sponsor de No\u00e9 Dumaine\" class=\"wp-image-1059\"\/><\/figure>\n<\/div>\n<\/div><\/div>\n\n\n\n<div class=\"wp-block-uagb-slider-child uagb-slider-child-wrap swiper-slide uagb-block-8984bc37\"><div class=\"swiper-content\">\n<div class=\"wp-block-uagb-container uagb-block-9a5108d8\">\n<figure class=\"wp-block-image size-full\"><img decoding=\"async\" src=\"https:\/\/www.calvin-thomas.com\/wp-content\/uploads\/\/photo-noe2ok.webp\" alt=\"No\u00e9 Dumaine et Calvin-Thomas\" class=\"wp-image-1079\"\/><\/figure>\n<\/div>\n<\/div><\/div>\n<\/div><\/div><div class=\"swiper-pagination\"><\/div><\/div>\n<\/div>\n\n\n\n<\/div><style>.noedumaine{margin:0 0 -30px!important;}.cadrenoedumaine{max-width:1100px; border-radius:20px; background: linear-gradient(0deg,rgb(44,55,107) 0%,rgb(115,197,232) 100%)}@media screen and (min-width: 767px) {.cadrenoedumaine{display:flex}}.uagb-block-8aef3c5d, .uagb-block-68d94e65, uagb-block-fcc49f62, .uagb-block-9a5108d8{padding-top:0 !important;padding-bottom:0 !important}<\/style>\n<\/div>\n<\/div>\n\n\n\n<div style=\"height:90px\" aria-hidden=\"true\" class=\"wp-block-spacer\"><\/div>\n\n\n\n\n<div class=\"wp-block-column is-layout-flow wp-block-column-is-layout-flow\">\n<div class=\"wp-block-columns has-2-columns column-centre centrer-hauteur is-layout-flex wp-container-core-columns-is-layout-1 wp-block-columns-is-layout-flex\">\n<div class=\"wp-block-column is-layout-flow wp-block-column-is-layout-flow\">\n<figure class=\"wp-block-image\"><img loading=\"lazy\" decoding=\"async\" width=\"900\" height=\"900\" src=\"https:\/\/www.calvin-thomas.com\/summer-school\/wp-content\/uploads\/\/sites\/12\/2019\/11\/summer-school.jpg\" alt=\"s\u00e9jour Summer School pour progresser en anglais\" class=\"wp-image-60\" srcset=\"https:\/\/www.calvin-thomas.com\/summer-school\/wp-content\/uploads\/\/sites\/12\/2019\/11\/summer-school.jpg 900w, https:\/\/www.calvin-thomas.com\/summer-school\/wp-content\/uploads\/\/sites\/12\/2019\/11\/summer-school-150x150.jpg 150w, https:\/\/www.calvin-thomas.com\/summer-school\/wp-content\/uploads\/\/sites\/12\/2019\/11\/summer-school-300x300.jpg 300w, https:\/\/www.calvin-thomas.com\/summer-school\/wp-content\/uploads\/\/sites\/12\/2019\/11\/summer-school-768x768.jpg 768w\" sizes=\"(max-width: 900px) 100vw, 900px\" \/><\/figure>\n<\/div>\n\n\n\n<div class=\"wp-block-column is-layout-flow wp-block-column-is-layout-flow\">\n<div style=\"height:30px\" aria-hidden=\"true\" class=\"wp-block-spacer\"><\/div>\n\n\n\n<h2 class=\"wp-block-heading\"><strong>Un s\u00e9jour entre immersion en famille et scolarit\u00e9,<\/strong> de 4 \u00e0 8 semaines<\/h2>\n\n\n\n<div style=\"height:20px\" aria-hidden=\"true\" class=\"wp-block-spacer\"><\/div>\n\n\n\n<p>Les s\u00e9jours Summer School permettent de combiner une <strong>aventure scolaire<\/strong> tout en \u00e9tant <strong>log\u00e9 dans une famille d\u2019accueil b\u00e9n\u00e9vole.<\/strong> <\/p>\n\n\n\n<p>Le participant est <strong>inscrit dans une High School publique non payante.<\/strong> Il suit  donc une <strong>scolarit\u00e9 classique \u00e0 l\u2019anglo-saxonne.<\/strong> L&#8217;<strong>\u00e9tablissement s\u00e9lectionn\u00e9<\/strong> par le partenaire de Calvin-Thomas dans le pays d\u2019accueil, d\u00e9pend de la localisation de la famille d\u2019accueil et des accords avec les \u00e9coles.<\/p>\n\n\n\n<p>Cette formule permet un <strong>bain  linguistique suffisamment long <\/strong>pour v\u00e9ritablement <strong>progresser dans la langue anglaise.<\/strong><\/p>\n\n\n\n<div style=\"height:50px\" aria-hidden=\"true\" class=\"wp-block-spacer\"><\/div>\n<\/div>\n<\/div>\n\n\n\n<div style=\"height:50px\" aria-hidden=\"true\" class=\"wp-block-spacer\"><\/div>\n\n\n\n<h2 class=\"wp-block-heading has-text-align-center centrer\">3 S\u00c9JOURS<br><strong>POUR 3 DESTINATIONS DE R\u00caVE&#8230;<\/strong><\/h2>\n\n\n\n<div style=\"height:50px\" aria-hidden=\"true\" class=\"wp-block-spacer\"><\/div>\n\n\n\n<div class=\"wp-block-columns has-3-columns is-layout-flex wp-container-core-columns-is-layout-2 wp-block-columns-is-layout-flex\">\n<div class=\"wp-block-column is-layout-flow wp-block-column-is-layout-flow\">\n<figure class=\"wp-block-image destinations\"><a href=\"https:\/\/www.calvin-thomas.com\/summer-school\/sejours-ete\/australian-adventure\/\"><img decoding=\"async\" src=\"https:\/\/www.calvin-thomas.com\/summer-school\/wp-content\/uploads\/\/sites\/12\/2019\/11\/australie.jpg\" alt=\"vacances d'\u00e9t\u00e9 dans une \u00e9cole en Australie\" class=\"wp-image-304\"\/><\/a><figcaption class=\"wp-element-caption\">Australie<\/figcaption><\/figure>\n<\/div>\n\n\n\n<div class=\"wp-block-column is-layout-flow wp-block-column-is-layout-flow\">\n<figure class=\"wp-block-image destinations\"><a href=\"https:\/\/www.calvin-thomas.com\/summer-school\/sejours-ete\/new-zealand-summer-school\/\"><img decoding=\"async\" src=\"https:\/\/www.calvin-thomas.com\/summer-school\/wp-content\/uploads\/\/sites\/12\/2019\/11\/nouvelle-zelande.jpg\" alt=\"s\u00e9jour d'\u00e9t\u00e9 en \u00e9cole en Nouvelle-Z\u00e9lande\" class=\"wp-image-305\"\/><\/a><figcaption class=\"wp-element-caption\">Nouvelle-Z\u00e9lande<\/figcaption><\/figure>\n<\/div>\n\n\n\n<div class=\"wp-block-column is-layout-flow wp-block-column-is-layout-flow\">\n<figure class=\"wp-block-image destinations\"><a href=\"https:\/\/www.calvin-thomas.com\/summer-school\/sejours-ete\/african-summer-school\/\"><img decoding=\"async\" src=\"https:\/\/www.calvin-thomas.com\/summer-school\/wp-content\/uploads\/\/sites\/12\/2019\/11\/afrique-sud.jpg\" alt=\"voyage linguistique d'\u00e9t\u00e9 en Afrique du Sud\" class=\"wp-image-303\"\/><\/a><figcaption class=\"wp-element-caption\">Afrique du Sud<\/figcaption><\/figure>\n<\/div>\n<\/div>\n<\/div>\n\n\n\n<div style=\"height:100px\" aria-hidden=\"true\" class=\"wp-block-spacer\"><\/div>\n\n\n\n<h2 class=\"wp-block-heading has-text-align-center content-centrer centrer\"><strong>Une exp\u00e9rience scolaire estivale<\/strong> <br>avec Calvin-Thomas<\/h2>\n\n\n\n<div style=\"height:50px\" aria-hidden=\"true\" class=\"wp-block-spacer\"><\/div>\n\n\n\n<p class=\"has-text-align-center content-centrer\"><strong>Notre programme Summer School existe depuis les d\u00e9buts de Calvin-Thomas. Le but est de profiter des vacances d&#8217;\u00e9t\u00e9 en France pour int\u00e9grer un lyc\u00e9e local dans l&#8217;h\u00e9misph\u00e8re Sud, o\u00f9 les jeunes sont alors encore en cours pendant 4 \u00e0 8 semaines. Calvin-Thomas pr\u00e9pare chaque participant (depuis l\u2019inscription jusqu\u2019au d\u00e9part) et assure la liaison entre la famille naturelle et l\u2019organisme du pays d\u2019accueil. Calvin-Thomas supervise \u00e9galement son inscription dans le lyc\u00e9e d&#8217;accueil.<\/strong><\/p>\n\n\n\n<div style=\"height:30px\" aria-hidden=\"true\" class=\"wp-block-spacer\"><\/div>\n\n\n\n<div class=\"wp-block-columns has-2-columns column-centre is-layout-flex wp-container-core-columns-is-layout-3 wp-block-columns-is-layout-flex\">\n<div class=\"wp-block-column is-layout-flow wp-block-column-is-layout-flow\">\n<h3 class=\"wp-block-heading\">Un apprentissage en profondeur&#8230;<\/h3>\n\n\n\n<p>Les s\u00e9jours \u201cSummer School\u201d permettent \u00e0 chaque jeune de se d\u00e9couvrir une nouvelle famille. Le participant \u00e0 ce programme profite de son \u00e9t\u00e9 pour approfondir sa connaissance de la langue anglaise, mais \u00e9galement pour exp\u00e9rimenter une nouvelle fa\u00e7on \u201cd&#8217;\u00eatre en cours\u201d.<\/p>\n\n\n\n<p>La diversit\u00e9 des cours propos\u00e9s dans le syst\u00e8me scolaire anglophone est une aventure en soi : cours de criminologie, de poterie, d&#8217;anthropologie, sciences familiales, cuisine, etc.<\/p>\n\n\n\n<p>L\u2019approche p\u00e9dagogique, le rythme de travail et les relations professeurs\/\u00e9l\u00e8ves sont autres. Elles permettent \u00e0 l\u2019\u00e9tudiant fran\u00e7ais de compl\u00e9ter et de valoriser ses acquis. <\/p>\n<\/div>\n\n\n\n<div class=\"wp-block-column is-layout-flow wp-block-column-is-layout-flow\">\n<h3 class=\"wp-block-heading\">&#8230; sans hypoth\u00e9quer sa scolarit\u00e9 fran\u00e7aise\n<\/h3>\n\n\n\n<p>Ce s\u00e9jour se d\u00e9roule pendant les vacances d&#8217;\u00e9t\u00e9, entre juillet et ao\u00fbt. Par cons\u00e9quent, la scolarit\u00e9 fran\u00e7aise n&#8217;est pas affect\u00e9e par le s\u00e9jour, et les participants peuvent faire leur exp\u00e9rience sans risquer de manquer la fin ou la reprise des cours. C&#8217;est donc un \u00e9quilibre parfait.<\/p>\n\n\n\n<p>Les jeunes ont la chance de pouvoir prendre des cours uniques, mais profitent \u00e9galement du lyc\u00e9e pour participer \u00e0 des activit\u00e9s extra-curriculaires : cano\u00eb, football, classe de d\u00e9bat, club de tricotage, th\u00e9\u00e2tre, chant, etc.<\/p>\n\n\n\n<p>Le jeune apprend l&#8217;anglais \u00e0 travers ses cours, ses activit\u00e9s, mais \u00e9galement gr\u00e2ce \u00e0 sa famille d&#8217;accueil. Le participant en fera usage dans sa vie future, tant personnelle que professionnelle.<\/p>\n<\/div>\n<\/div>\n\n\n<p><!-- \/wp:column --><\/p>\n<p><!-- wp:column --><\/p>\n<div class=\"wp-block-column\"><!-- wp:image {\"id\":129,\"align\":\"full\"} --><\/p>\n<figure class=\"wp-block-image alignfull\"><img decoding=\"async\" class=\"wp-image-129\" src=\"https:\/\/www.calvin-thomas.com\/summer-school\/wp-content\/uploads\/\/sites\/12\/2019\/11\/sejour-ete-scolaire.jpg\" alt=\"S\u00e9jours scolaires \u00e0 l'\u00e9tranger pendant les vacances d'\u00e9t\u00e9\"><\/figure>\n<p><!-- \/wp:image --><\/p>\n<\/div>","protected":false},"excerpt":{"rendered":"<p style=\"text-align:center;margin:0!important\">RETROUVEZ-NOUS SUR<\/p>\n<p style=\"text-align: center;\"><a href=\"https:\/\/www.facebook.com\/CalvinThomasOrg\" target=\"_blank\" rel=\"noopener\"><\/a> <a href=\"https:\/\/twitter.com\/CalvinThomasOrg\" target=\"_blank\" rel=\"noopener\"><\/a> <a href=\"https:\/\/www.youtube.com\/user\/CalvinThomasOrg\" target=\"_blank\" rel=\"noopener\"><\/a> <a href=\"https:\/\/www.instagram.com\/calvinthomasfrance\/?hl=fr\" target=\"_blank\" rel=\"noopener\"><\/a><\/p>\n<p class=\"has-text-align-center margin0 has-white-color has-text-color has-link-color wp-elements-d551997f57fd89a8df2e4191419de909\" style=\"font-size:18px\">CHAMPION FRAN\u00c7AIS DE WASZP<br \/>PORTE HAUT NOS COULEURS<\/p>\n<p class=\"has-text-align-center has-white-color has-text-color has-link-color wp-elements-73cf583f6463762049be9f2d90cb89e3\" style=\"font-size:13px\">Il a particip\u00e9 aux Championnats de France du 3 au 9 juillet \u00e0 Carnac et participera aux championnats du monde du 18 au 27 juillet \u00e0 Weymouth (UK).<\/p>\n<p><a class=\"wp-block-button__link has-background has-text-align-center wp-element-button\" href=\"https:\/\/www.calvin-thomas.com\/le-blog\/championnat-de-france-waszp-2025-avec-noe-dumaine-cap-sur-les-sommets-%e2%9b%b5%ef%b8%8f%f0%9f%94%a5\/\" style=\"background-color:#e22524\">Retrouvez les r\u00e9actions de No\u00e9<\/a><\/p>\n<style>.noedumaine{margin:0 0 -30px!important;}.cadrenoedumaine{max-width:1100px; border-radius:20px; background: linear-gradient(0deg,rgb(44,55,107) 0%,rgb(115,197,232) 100%)}@media screen and (min-width: 767px) {.cadrenoedumaine{display:flex}}.uagb-block-8aef3c5d,<\/style>\n<p> <a class=\"btn couleur large\" href=\"https:\/\/www.calvin-thomas.com\/summer-school\/\">EN SAVOIR PLUS <\/a><\/p>\n","protected":false},"author":1,"featured_media":256,"parent":0,"menu_order":0,"comment_status":"closed","ping_status":"closed","template":"page-homepage.php","meta":{"_uag_custom_page_level_css":"","wp_popup_display_lightbox":0,"wp_popup_suppress":"","wp_popup_trigger":"","wp_popup_trigger_amount":0,"wp_popup_disable_on_mobile":false},"uagb_featured_image_src":{"full":["https:\/\/www.calvin-thomas.com\/summer-school\/wp-content\/uploads\/\/sites\/12\/entete-summer.jpg",1280,856,false],"thumbnail":["https:\/\/www.calvin-thomas.com\/summer-school\/wp-content\/uploads\/\/sites\/12\/entete-summer-150x150.jpg",150,150,true],"medium":["https:\/\/www.calvin-thomas.com\/summer-school\/wp-content\/uploads\/\/sites\/12\/entete-summer-300x201.jpg",300,201,true],"medium_large":["https:\/\/www.calvin-thomas.com\/summer-school\/wp-content\/uploads\/\/sites\/12\/entete-summer-768x514.jpg",640,428,true],"large":["https:\/\/www.calvin-thomas.com\/summer-school\/wp-content\/uploads\/\/sites\/12\/entete-summer-1024x685.jpg",640,428,true],"1536x1536":["https:\/\/www.calvin-thomas.com\/summer-school\/wp-content\/uploads\/\/sites\/12\/entete-summer.jpg",1280,856,false],"2048x2048":["https:\/\/www.calvin-thomas.com\/summer-school\/wp-content\/uploads\/\/sites\/12\/entete-summer.jpg",1280,856,false]},"uagb_author_info":{"display_name":"redac-calvinthomas","author_link":"https:\/\/www.calvin-thomas.com\/summer-school\/author\/redac-calvinthomas\/"},"uagb_comment_info":0,"uagb_excerpt":"RETROUVEZ-NOUS SUR CHAMPION FRAN\u00c7AIS DE WASZPPORTE HAUT NOS COULEURS Il a particip\u00e9 aux Championnats de France du 3 au 9 juillet \u00e0 Carnac et participera aux championnats du monde du 18 au 27 juillet \u00e0 Weymouth (UK). Retrouvez les r\u00e9actions de No\u00e9 EN SAVOIR PLUS","_links":{"self":[{"href":"https:\/\/www.calvin-thomas.com\/summer-school\/wp-json\/wp\/v2\/pages\/44"}],"collection":[{"href":"https:\/\/www.calvin-thomas.com\/summer-school\/wp-json\/wp\/v2\/pages"}],"about":[{"href":"https:\/\/www.calvin-thomas.com\/summer-school\/wp-json\/wp\/v2\/types\/page"}],"author":[{"embeddable":true,"href":"https:\/\/www.calvin-thomas.com\/summer-school\/wp-json\/wp\/v2\/users\/1"}],"replies":[{"embeddable":true,"href":"https:\/\/www.calvin-thomas.com\/summer-school\/wp-json\/wp\/v2\/comments?post=44"}],"version-history":[{"count":2,"href":"https:\/\/www.calvin-thomas.com\/summer-school\/wp-json\/wp\/v2\/pages\/44\/revisions"}],"predecessor-version":[{"id":519,"href":"https:\/\/www.calvin-thomas.com\/summer-school\/wp-json\/wp\/v2\/pages\/44\/revisions\/519"}],"wp:featuredmedia":[{"embeddable":true,"href":"https:\/\/www.calvin-thomas.com\/summer-school\/wp-json\/wp\/v2\/media\/256"}],"wp:attachment":[{"href":"https:\/\/www.calvin-thomas.com\/summer-school\/wp-json\/wp\/v2\/media?parent=44"}],"curies":[{"name":"wp","href":"https:\/\/api.w.org\/{rel}","templated":true}]}}