{"id":65,"date":"2019-11-26T19:16:00","date_gmt":"2019-11-26T18:16:00","guid":{"rendered":"https:\/\/www.calvin-thomas.com\/summer-school\/?post_type=sejours-ete&#038;p=65"},"modified":"2025-12-11T09:39:49","modified_gmt":"2025-12-11T08:39:49","slug":"new-zealand-summer-school","status":"publish","type":"sejours-ete","link":"https:\/\/www.calvin-thomas.com\/summer-school\/sejours-ete\/new-zealand-summer-school\/","title":{"rendered":"New Zealand Summer School"},"content":{"rendered":"\n<div class=\"wp-block-columns has-7-columns column_container barre-icones is-layout-flex wp-container-core-columns-is-layout-1 wp-block-columns-is-layout-flex\">\n<div class=\"wp-block-column is-layout-flow wp-block-column-is-layout-flow\">\n<p class=\"has-text-align-center age\">14-18 ANS<\/p>\n<\/div>\n\n\n\n<div class=\"wp-block-column is-layout-flow wp-block-column-is-layout-flow\">\n<p class=\"has-text-align-center duree\">4 \u00c0 6 SEMAINES<br><\/p>\n<\/div>\n\n\n\n<div class=\"wp-block-column is-layout-flow wp-block-column-is-layout-flow\">\n<p class=\"has-text-align-center anglais\">INSCRIPTION DANS UNE \u00c9COLE N\u00c9O-Z\u00c9LANDAISE\n<\/p>\n<\/div>\n\n\n\n<div class=\"wp-block-column is-layout-flow wp-block-column-is-layout-flow\">\n<p class=\"has-text-align-center activites\">H\u00c9BERGEMENT EN FAMILLE D&#8217;ACCUEIL<\/p>\n<\/div>\n\n\n\n<div class=\"wp-block-column is-layout-flow wp-block-column-is-layout-flow\">\n<p class=\"has-text-align-center vol\">VOL NON INCLUS<br><\/p>\n<\/div>\n\n\n\n<div class=\"wp-block-column is-layout-flow wp-block-column-is-layout-flow\">\n<p class=\"has-text-align-center accompagnement\">NON ACCOMPAGN\u00c9<\/p>\n<\/div>\n\n\n\n<div class=\"wp-block-column prix is-layout-flow wp-block-column-is-layout-flow\">\n<p class=\"tarifs\">\u00c0 PARTIR DE<br><strong>3 950 \u20ac<\/strong><\/p>\n\n\n\n<!--more-->\n<\/div>\n<\/div>\n\n\n\n<div class=\"wp-block-columns has-2-columns column_container column-centre is-layout-flex wp-container-core-columns-is-layout-2 wp-block-columns-is-layout-flex\">\n<div class=\"wp-block-column is-layout-flow wp-block-column-is-layout-flow\">\n<figure class=\"wp-block-image is-resized img-direction\"><img decoding=\"async\" src=\"https:\/\/www.calvin-thomas.com\/summer-school\/wp-content\/uploads\/\/sites\/12\/2019\/11\/carte-nouvelle-zelande_01.png\" alt=\"Direction la Nouvelle-Z\u00e9lande\" class=\"wp-image-110\" style=\"width:348px;height:150px\"\/><\/figure>\n\n\n\n<figure class=\"wp-block-image is-resized img-direction\"><img decoding=\"async\" src=\"https:\/\/www.calvin-thomas.com\/summer-school\/wp-content\/uploads\/\/sites\/12\/2019\/11\/carte-nouvelle-zelande_02.png\" alt=\"s\u00e9jour linguistique en \u00e9t\u00e9 en Nouvelle-Z\u00e9lande\" class=\"wp-image-111\" style=\"width:347px;height:221px\"\/><\/figure>\n\n\n\n<p class=\"intro\"><strong>La Nouvelle-Z\u00e9lande, r\u00e9put\u00e9e pour \u00eatre l\u2019une des destinations les plus s\u00fbres au monde (comportement tr\u00e8s courtois, civisme exemplaire), extr\u00eamement riche culturellement (m\u00e9lange entre culture maorie et anglo-saxonne) et au plus proche de la nature originelle avec une diversit\u00e9 de paysages incroyable (for\u00eats, volcans, montagnes, plages), promet sans aucun doute un s\u00e9jour id\u00e9al dans le cadre d\u2019un premier voyage.<\/strong><\/p>\n\n\n\n<h2 class=\"wp-block-heading\">Live the Kiwi lifestyle !<\/h2>\n\n\n\n<p>Pendant 4, 5 ou 6 semaines, le participant vit dans la peau d\u2019un jeune N\u00e9o-Z\u00e9landais. \u00c0 partir du quotidien (vie de famille, vie scolaire, sorties, sport, culture, etc.), il construit une aventure unique et \u201cextra\u201d ordinaire. Ce s\u00e9jour permet au participant d\u2019associer l\u2019immersion totale en famille et int\u00e9gration dans un lyc\u00e9e local. Ici, le jeune b\u00e9n\u00e9ficie de davantage de souplesse : il choisit sa destination.<\/p>\n\n\n\n<p><a class=\"btn couleur large\" href=\"https:\/\/www.calvin-thomas.com\/summer-school\/ecoles-langue-nouvelle-zelande-partenaires\/\">Voir les lyc\u00e9es partenaires<\/a><\/p>\n\n\n\n<h2 class=\"wp-block-heading\">Un s\u00e9jour \u00e0 la carte<\/h2>\n\n\n\n<p>Le participant peut choisir :<\/p>\n\n\n\n<ul>\n<li>la dur\u00e9e de son s\u00e9jour (4, 5 ou 6 semaines), <\/li>\n\n\n\n<li>la date de son d\u00e9part \u00e0 partir du 20 juillet 2025 (autres dates sur demande),<\/li>\n\n\n\n<li>la r\u00e9gion de placement (Auckland, Wellington, Christchurch et Tauranga).<\/li>\n<\/ul>\n\n\n\n<p>En fonction du choix de la r\u00e9gion du participant, Calvin-Thomas enverra plusieurs propositions d\u2019\u00e9cole. Notre partenaire n\u00e9o-z\u00e9landais confirmera ensuite au participant, son a\u00e9roport de destination.\nChaque \u00e9cole ayant son propre tarif, le prix du s\u00e9jour variera en fonction de l\u2019\u00e9cole choisie.<\/p>\n\n\n\n<p><strong>\u00c0 noter :<\/strong><br> Les vols ne sont pas directs depuis Paris.<br> Pour ce s\u00e9jour, les familles d\u2019accueil peuvent \u00eatre indemnis\u00e9es.<br> Dans le cadre du s\u00e9jour, c\u2019est l\u2019\u00e9cole qui propose aux familles de recevoir les jeunes \u00e9tudiants \u00e9trangers. Le placement en \u00e9cole priv\u00e9e est g\u00e9n\u00e9ralement directement coupl\u00e9 au placement en famille d\u2019accueil.<br>Les vacances scolaires en Nouvelle-Z\u00e9lande ont lieu du 28 juin au 13 juillet 2025.<br><\/p>\n\n\n\n<div style=\"height:50px\" class=\"wp-block-spacer\"><\/div>\n<\/div>\n\n\n\n<div class=\"wp-block-column is-layout-flow wp-block-column-is-layout-flow\"><section class=\"bloc-atouts\"><\/p>\n\n\n\n<h3 class=\"wp-block-heading\"><strong>Les points forts<\/strong> de ce s\u00e9jour d&#8217;\u00e9t\u00e9 \u00e9cole &amp; famille en Nouvelle-Z\u00e9lande<br><\/h3>\n\n\n\n<ol>\n<li><strong>Un s\u00e9jour alliant apprentissage et d\u00e9tente<\/strong> de mani\u00e8re astucieuse<\/li>\n\n\n\n<li><strong>Un m\u00e9lange habile de vacances, visites et d\u00e9couvertes<\/strong><\/li>\n\n\n\n<li><strong>L&#8217;opportunit\u00e9 de d\u00e9couvrir une destination fascinante et une vraie terre d\u2019aventures<\/strong><\/li>\n\n\n\n<li><strong>Une importante parenth\u00e8se dans le cycle d\u2019\u00e9tudes en France<\/strong> sans pour autant le bousculer<\/li>\n\n\n\n<li><strong>Une v\u00e9ritable exp\u00e9rience de vie et un atout<\/strong> que le jeune pourra mettre en avant \u00e0 tout moment<\/li>\n\n\n\n<li><strong>Un s\u00e9jour sur-mesure<\/strong> o\u00f9 le participant peut choisir sa r\u00e9gion de placement et son lyc\u00e9e<\/li>\n<\/ol>\n\n\n<p><\/section>\n\n\n<section class=\"bloc-contact\"><\/p>\n\n\n\n<h3 class=\"wp-block-heading has-text-align-center\">Besoin d&#8217;information ?<\/h3>\n\n\n\n<p>Notre \u00e9quipe et nos conseillers locaux sont \u00e0 votre disposition.<\/p>\n\n\n\n<p class=\"has-text-align-center\"><a class=\"btn middle grey\" href=\"https:\/\/www.calvin-thomas.com\/summer-school\/informations-pratiques\/contacts-reunions-conseillers-summer-school\/\">Contactez-nous !<\/a><\/p>\n\n\n<p><\/section>\n<\/div>\n<\/div>\n\n\n\n<figure class=\"wp-block-gallery has-nested-images columns-default is-cropped wp-block-gallery-12 is-layout-flex wp-block-gallery-is-layout-flex\">\n<figure class=\"wp-block-image\"><img loading=\"lazy\" decoding=\"async\" width=\"330\" height=\"230\" data-id=\"146\" src=\"https:\/\/www.calvin-thomas.com\/summer-school\/wp-content\/uploads\/\/sites\/12\/2019\/11\/nouvellezelande_01.jpg\" alt=\"\" class=\"wp-image-146\" srcset=\"https:\/\/www.calvin-thomas.com\/summer-school\/wp-content\/uploads\/\/sites\/12\/2019\/11\/nouvellezelande_01.jpg 330w, https:\/\/www.calvin-thomas.com\/summer-school\/wp-content\/uploads\/\/sites\/12\/2019\/11\/nouvellezelande_01-300x209.jpg 300w\" sizes=\"(max-width: 330px) 100vw, 330px\" \/><\/figure>\n\n\n\n<figure class=\"wp-block-image\"><img loading=\"lazy\" decoding=\"async\" width=\"330\" height=\"230\" data-id=\"147\" src=\"https:\/\/www.calvin-thomas.com\/summer-school\/wp-content\/uploads\/\/sites\/12\/2019\/11\/nouvellezelande_02.jpg\" alt=\"\" class=\"wp-image-147\" srcset=\"https:\/\/www.calvin-thomas.com\/summer-school\/wp-content\/uploads\/\/sites\/12\/2019\/11\/nouvellezelande_02.jpg 330w, https:\/\/www.calvin-thomas.com\/summer-school\/wp-content\/uploads\/\/sites\/12\/2019\/11\/nouvellezelande_02-300x209.jpg 300w\" sizes=\"(max-width: 330px) 100vw, 330px\" \/><\/figure>\n\n\n\n<figure class=\"wp-block-image\"><img loading=\"lazy\" decoding=\"async\" width=\"330\" height=\"230\" data-id=\"148\" src=\"https:\/\/www.calvin-thomas.com\/summer-school\/wp-content\/uploads\/\/sites\/12\/2019\/11\/nouvellezelande_03.jpg\" alt=\"\" class=\"wp-image-148\" srcset=\"https:\/\/www.calvin-thomas.com\/summer-school\/wp-content\/uploads\/\/sites\/12\/2019\/11\/nouvellezelande_03.jpg 330w, https:\/\/www.calvin-thomas.com\/summer-school\/wp-content\/uploads\/\/sites\/12\/2019\/11\/nouvellezelande_03-300x209.jpg 300w\" sizes=\"(max-width: 330px) 100vw, 330px\" \/><\/figure>\n\n\n\n<figure class=\"wp-block-image\"><img loading=\"lazy\" decoding=\"async\" width=\"330\" height=\"230\" data-id=\"149\" src=\"https:\/\/www.calvin-thomas.com\/summer-school\/wp-content\/uploads\/\/sites\/12\/2019\/11\/nouvellezelande_04.jpg\" alt=\"\" class=\"wp-image-149\" srcset=\"https:\/\/www.calvin-thomas.com\/summer-school\/wp-content\/uploads\/\/sites\/12\/2019\/11\/nouvellezelande_04.jpg 330w, https:\/\/www.calvin-thomas.com\/summer-school\/wp-content\/uploads\/\/sites\/12\/2019\/11\/nouvellezelande_04-300x209.jpg 300w\" sizes=\"(max-width: 330px) 100vw, 330px\" \/><\/figure>\n\n\n\n<figure class=\"wp-block-image\"><img loading=\"lazy\" decoding=\"async\" width=\"330\" height=\"230\" data-id=\"150\" src=\"https:\/\/www.calvin-thomas.com\/summer-school\/wp-content\/uploads\/\/sites\/12\/2019\/11\/nouvellezelande_05.jpg\" alt=\"\" class=\"wp-image-150\" srcset=\"https:\/\/www.calvin-thomas.com\/summer-school\/wp-content\/uploads\/\/sites\/12\/2019\/11\/nouvellezelande_05.jpg 330w, https:\/\/www.calvin-thomas.com\/summer-school\/wp-content\/uploads\/\/sites\/12\/2019\/11\/nouvellezelande_05-300x209.jpg 300w\" sizes=\"(max-width: 330px) 100vw, 330px\" \/><\/figure>\n\n\n\n<figure class=\"wp-block-image\"><img loading=\"lazy\" decoding=\"async\" width=\"330\" height=\"230\" data-id=\"151\" src=\"https:\/\/www.calvin-thomas.com\/summer-school\/wp-content\/uploads\/\/sites\/12\/2019\/11\/nouvellezelande_06.jpg\" alt=\"\" class=\"wp-image-151\" srcset=\"https:\/\/www.calvin-thomas.com\/summer-school\/wp-content\/uploads\/\/sites\/12\/2019\/11\/nouvellezelande_06.jpg 330w, https:\/\/www.calvin-thomas.com\/summer-school\/wp-content\/uploads\/\/sites\/12\/2019\/11\/nouvellezelande_06-300x209.jpg 300w\" sizes=\"(max-width: 330px) 100vw, 330px\" \/><\/figure>\n<\/figure>\n\n\n<section class=\"section-jaune\"><\/p>\n\n\n\n<h2 class=\"wp-block-heading has-text-align-center bloc-sejours content-centrer\">Nos s\u00e9jours 2025<\/h2>\n\n\n\n<p class=\"has-text-align-center content-centrer\">Tarifs, disponibilit\u00e9s et renseignements pour ce s\u00e9jour d&#8217;\u00e9t\u00e9 en Nouvelle-Z\u00e9lande<\/p>\n\n\n\n<p class=\"has-text-align-center content-centrer\"><strong>Les inscriptions pour les s\u00e9jours 2026 sont ouvertes. <br>Les tarifs seront en ligne prochainement.<\/strong><\/p>\n\n\n\n<div style=\"height:30px\" class=\"wp-block-spacer\"><\/div>\n\n\n\n<table class=\"wp-block-table tableau-tarifs\"><tbody><tr><td class=\"col-titre\"><strong>4 semaines <\/strong><br><\/td><td class=\"col-departs\"><b> \u00c0 partir du 12 juillet 2025 <\/b><\/td><td class=\"col-prix\">\u00e0 partir de <br><strong class=\"prix-tableau\">3 900,00\u20ac*<\/strong><\/td><td class=\"col-btn\"><a href=\"https:\/\/www.calvin-thomas.com\/summer-school\/informations-pratiques\/contacts-reunions-conseillers-summer-school\/\" target=\"_parent\" class=\"btn blanc middle\" rel=\"noopener\">demande d&#8217;info<\/a> <a href=\"https:\/\/www.calvin-thomas.com\/summer-school\/inscription-sejour-summer-school\/\" target=\"_parent\" class=\"btn blanc middle\" rel=\"noopener\">se pr\u00e9-inscrire<\/a><\/td><\/tr><tr><td class=\"col-titre\"><strong>5 semaines <\/strong><br><\/td><td class=\"col-departs\"><b>\u00c0 partir du 12 juillet 2025<\/b><\/td><td class=\"col-prix\">\u00e0 partir de <br><strong class=\"prix-tableau\">4 400,00\u20ac*<\/strong><\/td><td class=\"col-btn\"><a href=\"https:\/\/www.calvin-thomas.com\/summer-school\/informations-pratiques\/contacts-reunions-conseillers-summer-school\/\" target=\"_parent\" class=\"btn blanc middle\" rel=\"noopener\">demande d&#8217;info<\/a> <a href=\"https:\/\/www.calvin-thomas.com\/summer-school\/inscription-sejour-summer-school\/\" target=\"_parent\" class=\"btn blanc middle\" rel=\"noopener\">se pr\u00e9-inscrire<\/a><\/td><\/tr><tr><td class=\"col-titre\"><strong>6 semaines <\/strong><br><\/td><td class=\"col-departs\"><b>\u00c0 partir du 12 juillet 2025<\/b><\/td><td class=\"col-prix\">\u00e0 partir de <br><strong class=\"prix-tableau\">4 950,00\u20ac*<\/strong><\/td><td class=\"col-btn\"><a href=\"https:\/\/www.calvin-thomas.com\/summer-school\/informations-pratiques\/contacts-reunions-conseillers-summer-school\/\" target=\"_parent\" class=\"btn blanc middle\" rel=\"noopener\">demande d&#8217;info<\/a> <a href=\"https:\/\/www.calvin-thomas.com\/summer-school\/inscription-sejour-summer-school\/\" target=\"_parent\" class=\"btn blanc middle\" rel=\"noopener\">se pr\u00e9-inscrire<\/a><\/td><\/tr><\/tbody><\/table>\n\n\n\n<div class=\"wp-block-columns has-3-columns column_container-backgd bloc-sejours legende is-layout-flex wp-container-core-columns-is-layout-3 wp-block-columns-is-layout-flex\">\n<div class=\"wp-block-column is-layout-flow wp-block-column-is-layout-flow\">\n<p><strong>*Le co\u00fbt du s\u00e9jour d&#8217;\u00e9t\u00e9 comprend : <\/strong><br><\/p>\n\n\n\n<ul>\n<li>la s\u00e9lection et l&#8217;information du candidat,<\/li>\n\n\n\n<li>l&#8217;accueil en famille (pension compl\u00e8te),<\/li>\n\n\n\n<li>la scolarit\u00e9,<\/li>\n\n\n\n<li>la recherche d\u2019une famille d&#8217;accueil et d\u2019une \u00e9cole,<\/li>\n\n\n\n<li>les services propos\u00e9s dans le cadre du programme,<\/li>\n\n\n\n<li>une pr\u00e9sence de Calvin-Thomas sur place, pendant toute la dur\u00e9e du s\u00e9jour,<\/li>\n<\/ul>\n<\/div>\n\n\n\n<div class=\"wp-block-column is-layout-flow wp-block-column-is-layout-flow\">\n<p><\/p>\n\n\n\n<p><\/p>\n\n\n\n<div style=\"height:30px\" class=\"wp-block-spacer cache-mobile\"><\/div>\n\n\n\n<ul>\n<li>le suivi,<\/li>\n\n\n\n<li>la mise \u00e0 disposition d&#8217;un num\u00e9ro d&#8217;urgence,<\/li>\n\n\n\n<li>l&#8217;assurance offerte par Calvin-Thomas,<\/li>\n\n\n\n<li>l&#8217;assistance,<\/li>\n\n\n\n<li>les frais administratifs Calvin-Thomas.<\/li>\n<\/ul>\n<\/div>\n\n\n\n<div class=\"wp-block-column is-layout-flow wp-block-column-is-layout-flow\">\n<p><strong>*Le co\u00fbt du s\u00e9jour n&#8217;inclut pas :<\/strong><br><\/p>\n\n\n\n<ul>\n<li>les frais d&#8217;inscription (68\u20ac),<\/li>\n\n\n\n<li>le voyage en avion (aller\/retour) et les taxes d&#8217;a\u00e9roport,<\/li>\n\n\n\n<li>les frais \u00e9ventuels d&#8217;UM (\u201cUnaccompanied Minor\u201d),<\/li>\n\n\n\n<li>les d\u00e9penses personnelles (argent de poche, loisirs, sorties non pr\u00e9vues dans le cadre du programme),<\/li>\n\n\n\n<li>l&#8217;uniforme, les livres et activit\u00e9s scolaires s&#8217;il y a lieu,<\/li>\n\n\n\n<li>les garanties facultatives \u201cGarantie annulation hospitalisation\u201d (AAH) et \u201cGarantie annulation \/ \u00e9chec au baccalaur\u00e9at\u201d (AAB),<\/li>\n\n\n\n<li>l\u2019assurance annulation.<\/li>\n<\/ul>\n<\/div>\n<\/div>\n\n\n<p><\/section>\n\n\n\n<p class=\"temoignage titre-rubrique\">ILS SONT PARTIS AVEC CALVIN THOMAS<\/p>\n\n\n\n<figure class=\"wp-block-image temoignage\"><img decoding=\"async\" src=\"https:\/\/www.calvin-thomas.com\/summer-school\/wp-content\/uploads\/\/sites\/11\/2019\/10\/penelope.jpg\" alt=\"t\u00e9moignage de P\u00e9n\u00e9lope partie en s\u00e9jour linguistique immersion aux USA\" class=\"wp-image-1066\"\/><\/figure>\n\n\n\n<blockquote class=\"wp-block-quote has-text-align-center is-style-large temoignage is-layout-flow wp-block-quote-is-layout-flow\">\n<p><strong>Parents de Mathieu<\/strong><br>parti en Nouvelle-Z\u00e9lande avec le programme \u201cNew Zealand Summer School\u201d<br><\/p>\n<cite>Ce fut pour notre fils une exp\u00e9rience presque initiatique : partir si loin, seul et se confronter \u00e0 la vie familiale et scolaire locale.\nMalgr\u00e9 quelques difficult\u00e9s li\u00e9es notamment \u00e0 l&#8217;adaptation et le probl\u00e8me de la ma\u00eetrise de la langue, Matthieu a beaucoup appr\u00e9ci\u00e9 son s\u00e9jour. En plus de lui avoir permis de progresser en anglais, il a surtout du faire face, par ses propres moyens, \u00e0 la confrontation avec une autre r\u00e9alit\u00e9 que ce qu&#8217;il vit \u00e0 Paris. Merci pour l&#8217;organisation, c&#8217;\u00e9tait parfait !<\/cite><\/blockquote>\n","protected":false},"excerpt":{"rendered":"<p class=\"tarifs\">\u00c0 PARTIR DE<br \/><strong>3 950 \u20ac<\/strong><\/p>\n<p class=\"has-text-align-center age\">14-18 ANS<\/p>\n<p class=\"has-text-align-center duree\">4 \u00c0 6 SEMAINES<\/p>\n<p class=\"has-text-align-center anglais\">INSCRIPTION DANS UNE \u00c9COLE N\u00c9O-Z\u00c9LANDAISE\n<\/p>\n<p class=\"has-text-align-center activites\">H\u00c9BERGEMENT EN FAMILLE D&#8217;ACCUEIL<\/p>\n<p class=\"has-text-align-center vol\">VOL NON INCLUS<\/p>\n<p class=\"has-text-align-center accompagnement\">NON ACCOMPAGN\u00c9<\/p>\n<p class=\"tarifs\">\u00c0 PARTIR DE<br \/><strong>3 950 \u20ac<\/strong><\/p>\n<p> <a class=\"btn couleur large\" href=\"https:\/\/www.calvin-thomas.com\/summer-school\/sejours-ete\/new-zealand-summer-school\/\">EN SAVOIR PLUS <\/a><\/p>\n","protected":false},"featured_media":126,"template":"","uagb_featured_image_src":{"full":["https:\/\/www.calvin-thomas.com\/summer-school\/wp-content\/uploads\/\/sites\/12\/2019\/11\/entete-nouvelle-zelande.jpg",1280,600,false],"thumbnail":["https:\/\/www.calvin-thomas.com\/summer-school\/wp-content\/uploads\/\/sites\/12\/2019\/11\/entete-nouvelle-zelande-150x150.jpg",150,150,true],"medium":["https:\/\/www.calvin-thomas.com\/summer-school\/wp-content\/uploads\/\/sites\/12\/2019\/11\/entete-nouvelle-zelande-300x141.jpg",300,141,true],"medium_large":["https:\/\/www.calvin-thomas.com\/summer-school\/wp-content\/uploads\/\/sites\/12\/2019\/11\/entete-nouvelle-zelande-768x360.jpg",640,300,true],"large":["https:\/\/www.calvin-thomas.com\/summer-school\/wp-content\/uploads\/\/sites\/12\/2019\/11\/entete-nouvelle-zelande-1024x480.jpg",640,300,true],"1536x1536":["https:\/\/www.calvin-thomas.com\/summer-school\/wp-content\/uploads\/\/sites\/12\/2019\/11\/entete-nouvelle-zelande.jpg",1280,600,false],"2048x2048":["https:\/\/www.calvin-thomas.com\/summer-school\/wp-content\/uploads\/\/sites\/12\/2019\/11\/entete-nouvelle-zelande.jpg",1280,600,false]},"uagb_author_info":{"display_name":"redac-calvinthomas","author_link":"https:\/\/www.calvin-thomas.com\/summer-school\/author\/"},"uagb_comment_info":0,"uagb_excerpt":"\u00c0 PARTIR DE3 950 \u20ac 14-18 ANS 4 \u00c0 6 SEMAINES INSCRIPTION DANS UNE \u00c9COLE N\u00c9O-Z\u00c9LANDAISE H\u00c9BERGEMENT EN FAMILLE D&#8217;ACCUEIL VOL NON INCLUS NON ACCOMPAGN\u00c9 \u00c0 PARTIR DE3 950 \u20ac EN SAVOIR PLUS","_links":{"self":[{"href":"https:\/\/www.calvin-thomas.com\/summer-school\/wp-json\/wp\/v2\/sejours-ete\/65"}],"collection":[{"href":"https:\/\/www.calvin-thomas.com\/summer-school\/wp-json\/wp\/v2\/sejours-ete"}],"about":[{"href":"https:\/\/www.calvin-thomas.com\/summer-school\/wp-json\/wp\/v2\/types\/sejours-ete"}],"wp:featuredmedia":[{"embeddable":true,"href":"https:\/\/www.calvin-thomas.com\/summer-school\/wp-json\/wp\/v2\/media\/126"}],"wp:attachment":[{"href":"https:\/\/www.calvin-thomas.com\/summer-school\/wp-json\/wp\/v2\/media?parent=65"}],"curies":[{"name":"wp","href":"https:\/\/api.w.org\/{rel}","templated":true}]}}